{"id":2540,"date":"2024-03-11T12:30:56","date_gmt":"2024-03-11T12:30:56","guid":{"rendered":"https:\/\/www.gruendach-technik.de\/wp4\/?page_id=2540"},"modified":"2024-07-15T16:53:37","modified_gmt":"2024-07-15T14:53:37","slug":"platten-und-terrassenarbeiten","status":"publish","type":"page","link":"https:\/\/www.gruendach-technik.de\/gdt\/platten-und-terrassenarbeiten\/","title":{"rendered":"Platten- und Terrassenarbeiten"},"content":{"rendered":"<p>[et_pb_section fb_built=&#8220;1&#8243; fullwidth=&#8220;on&#8220; _builder_version=&#8220;4.23.1&#8243; _module_preset=&#8220;default&#8220; global_colors_info=&#8220;{}&#8220;][et_pb_fullwidth_image src=&#8220;https:\/\/www.gruendach-technik.de\/gdt\/wp-content\/uploads\/2024\/03\/Seelaender-Areal-Herrenberg-2022-027-600.jpg&#8220; title_text=&#8220;Seel\u00e4nder-Areal-Herrenberg-2022-027-600&#8243; _builder_version=&#8220;4.17.0&#8243; _module_preset=&#8220;default&#8220; hover_enabled=&#8220;0&#8243; box_shadow_style=&#8220;preset6&#8243; global_colors_info=&#8220;{}&#8220; sticky_enabled=&#8220;0&#8243;][\/et_pb_fullwidth_image][\/et_pb_section][et_pb_section fb_built=&#8220;1&#8243; inner_shadow=&#8220;on&#8220; _builder_version=&#8220;4.23.1&#8243; _module_preset=&#8220;default&#8220; width=&#8220;100%&#8220; max_width=&#8220;100%&#8220; custom_margin=&#8220;0px|0px|0px|0px|false|false&#8220; custom_padding=&#8220;0px|0px|0px|0px|false|false&#8220; global_colors_info=&#8220;{}&#8220;][et_pb_row use_custom_gutter=&#8220;on&#8220; _builder_version=&#8220;4.23.1&#8243; _module_preset=&#8220;default&#8220; min_height=&#8220;100%&#8220; height=&#8220;100%&#8220; max_height=&#8220;100%&#8220; global_colors_info=&#8220;{}&#8220;][et_pb_column type=&#8220;4_4&#8243; _builder_version=&#8220;4.23.1&#8243; _module_preset=&#8220;default&#8220; global_colors_info=&#8220;{}&#8220;][et_pb_text _builder_version=&#8220;4.23.1&#8243; _module_preset=&#8220;default&#8220; header_font_size=&#8220;40px&#8220; custom_margin=&#8220;0px||-25px||false|false&#8220; header_text_shadow_style=&#8220;preset3&#8243; header_text_shadow_horizontal_length=&#8220;-0.02em&#8220; header_text_shadow_vertical_length=&#8220;0.09em&#8220; header_text_shadow_color=&#8220;rgba(0,0,0,0.37)&#8220; global_colors_info=&#8220;{}&#8220;]<\/p>\n<div id=\"main_content\">\n<article class=\"entry post clearfix\">\n<h1><strong>Platten- und Terrassenarbeiten<\/strong><\/h1>\n<h1><span style=\"color: #009640;\"><a style=\"color: #009640;\" href=\"https:\/\/www.gruendach-technik.de\/wp4\/extensive-dachbegruenungen\/\"><strong><\/strong><\/a><\/span><strong><\/strong><\/h1>\n<\/article>\n<\/div>\n<p>[\/et_pb_text][\/et_pb_column][\/et_pb_row][et_pb_row column_structure=&#8220;1_3,1_3,1_3&#8243; _builder_version=&#8220;4.23.1&#8243; _module_preset=&#8220;default&#8220; global_colors_info=&#8220;{}&#8220;][et_pb_column type=&#8220;1_3&#8243; _builder_version=&#8220;4.23.1&#8243; _module_preset=&#8220;default&#8220; global_colors_info=&#8220;{}&#8220;][et_pb_image src=&#8220;https:\/\/www.gruendach-technik.de\/gdt\/wp-content\/uploads\/2024\/03\/Seelaender-Areal-Herrenberg-2022-005_800.jpg&#8220; title_text=&#8220;Seel\u00e4nder-Areal-Herrenberg-2022-005_800&#8243; show_in_lightbox=&#8220;on&#8220; _builder_version=&#8220;4.17.0&#8243; _module_preset=&#8220;default&#8220; hover_enabled=&#8220;0&#8243; box_shadow_style=&#8220;preset1&#8243; global_colors_info=&#8220;{}&#8220; sticky_enabled=&#8220;0&#8243;][\/et_pb_image][et_pb_text _builder_version=&#8220;4.23.1&#8243; _module_preset=&#8220;default&#8220; global_colors_info=&#8220;{}&#8220;]<\/p>\n<h2><strong>Ihr Partner f\u00fcr Platten- und Terrassenarbeiten<br \/><\/strong><\/h2>\n<p>Bei der Umsetzung von Platten- und Terrassenarbeiten im Rahmen einer Dachbegr\u00fcnung sind spezielle \u00dcberlegungen zu ber\u00fccksichtigen. Die Tragf\u00e4higkeit des Dachs sowie die Gewichtsbelastung durch die Bel\u00e4ge m\u00fcssen sorgf\u00e4ltig gepr\u00fcft werden. Geeignete Materialien wie leichte Betonplatten, Naturstein oder Holzterrassen k\u00f6nnen verwendet werden, um das Gewicht zu minimieren. Eine fachgerechte Abdichtung und Entw\u00e4sserung sind entscheidend, um Sch\u00e4den am Dach zu vermeiden. Zudem sollten Pflanzenauswahl und Bepflanzungsmethoden darauf abgestimmt sein, um eine harmonische Integration von Platten- und Terrassenfl\u00e4chen mit der Dachbegr\u00fcnung zu erm\u00f6glichen. Professionelle Planung und Ausf\u00fchrung sind essenziell f\u00fcr eine langfristig stabile L\u00f6sung.<\/p>\n<p>[\/et_pb_text][\/et_pb_column][et_pb_column type=&#8220;1_3&#8243; _builder_version=&#8220;4.23.1&#8243; _module_preset=&#8220;default&#8220; global_colors_info=&#8220;{}&#8220;][et_pb_image src=&#8220;https:\/\/www.gruendach-technik.de\/gdt\/wp-content\/uploads\/2024\/03\/Intensive-Dachgegruenung-mit-Plattenwegen-09_27962-800.jpg&#8220; title_text=&#8220;Intensive-Dachgegr\u00fcnung-mit-Plattenwegen-09_27962-800&#8243; show_in_lightbox=&#8220;on&#8220; force_fullwidth=&#8220;on&#8220; _builder_version=&#8220;4.17.0&#8243; _module_preset=&#8220;default&#8220; hover_enabled=&#8220;0&#8243; box_shadow_style=&#8220;preset1&#8243; global_colors_info=&#8220;{}&#8220; sticky_enabled=&#8220;0&#8243;][\/et_pb_image][et_pb_text _builder_version=&#8220;4.23.1&#8243; _module_preset=&#8220;default&#8220; global_colors_info=&#8220;{}&#8220;]<\/p>\n<h2><strong>Bei Platten- und Terrassenarbeiten in Kombination mit Dachbegr\u00fcnungen sind folgende Punkte zu beachten:<br \/><\/strong><\/h2>\n<p><text x=\"-9999\" y=\"-9999\"><\/text><\/p>\n<div class=\"flex flex-grow flex-col max-w-full\">\n<div data-message-author-role=\"assistant\" data-message-id=\"a537019e-683c-4286-876e-05965522546c\" class=\"min-h-[20px] text-message flex flex-col items-start gap-3 whitespace-pre-wrap break-words [.text-message+&amp;]:mt-5 overflow-x-auto\">\n<div class=\"markdown prose w-full break-words dark:prose-invert light\">\n<ul>\n<li>\n<p><strong>Tragf\u00e4higkeit des Dachs:<\/strong> Eine gr\u00fcndliche Pr\u00fcfung der Tragf\u00e4higkeit des Dachs ist entscheidend, um sicherzustellen, dass es das zus\u00e4tzliche Gewicht der Platten- und Terrassenbel\u00e4ge tragen kann.<\/p>\n<\/li>\n<li>\n<p><strong>Gewichtsbelastung der Bel\u00e4ge:<\/strong> Leichte Materialien wie spezielle Betonplatten oder Holzterrassen sollten bevorzugt werden, um das Gewicht auf dem Dach zu minimieren und \u00dcberlastungen zu vermeiden.<\/p>\n<\/li>\n<li>\n<p><strong>Fachgerechte Abdichtung und Entw\u00e4sserung:<\/strong> Eine professionelle Abdichtung und Entw\u00e4sserung sind unerl\u00e4sslich, um undichte Stellen und Sch\u00e4den am Dach zu verhindern und die Langlebigkeit der Konstruktion zu gew\u00e4hrleisten.<\/p>\n<\/li>\n<li>\n<p><strong>Pflanzenauswahl und Bepflanzungsmethoden:<\/strong> Die Auswahl der Pflanzen und die Methoden ihrer Bepflanzung m\u00fcssen darauf ausgerichtet sein, eine harmonische Integration der Platten- und Terrassenfl\u00e4chen mit der Dachbegr\u00fcnung zu erreichen und m\u00f6gliche Konflikte zu vermeiden.<\/p>\n<\/li>\n<li>\n<p><strong>Professionelle Planung und Ausf\u00fchrung:<\/strong> Eine sorgf\u00e4ltige Planung und fachgerechte Ausf\u00fchrung durch qualifizierte Experten sind unerl\u00e4sslich, um eine langfristig stabile L\u00f6sung zu gew\u00e4hrleisten und potenzielle Probleme zu vermeiden.<\/p>\n<\/li>\n<\/ul>\n<\/div>\n<\/div>\n<\/div>\n<p>&nbsp;<\/p>\n<p>[\/et_pb_text][\/et_pb_column][et_pb_column type=&#8220;1_3&#8243; _builder_version=&#8220;4.23.1&#8243; _module_preset=&#8220;default&#8220; global_colors_info=&#8220;{}&#8220;][et_pb_image src=&#8220;https:\/\/www.gruendach-technik.de\/gdt\/wp-content\/uploads\/2024\/03\/10_1_holzplanken-800.jpg&#8220; title_text=&#8220;10_1_holzplanken-800&#8243; show_in_lightbox=&#8220;on&#8220; _builder_version=&#8220;4.17.0&#8243; _module_preset=&#8220;default&#8220; hover_enabled=&#8220;0&#8243; border_width_top=&#8220;1px&#8220; box_shadow_style=&#8220;preset1&#8243; global_colors_info=&#8220;{}&#8220; sticky_enabled=&#8220;0&#8243;][\/et_pb_image][et_pb_text _builder_version=&#8220;4.17.0&#8243; _module_preset=&#8220;default&#8220; hover_enabled=&#8220;0&#8243; global_colors_info=&#8220;{}&#8220; sticky_enabled=&#8220;0&#8243;]<\/p>\n<h2><strong>Kompetente Beratung<\/strong><\/h2>\n<p>F\u00fcr weitere Informationen zur Planung\u00a0 von Platten- und Terrassenarbeiten im Umfeld der Dachbegr\u00fcnung, zur Auswahl der Materialien, Kalkulation, Vorbereitung, Ausf\u00fchrung, Pflege und Wartung, steht Ihnen das Team von GDT Gr\u00fcndachtechnik gerne zur Verf\u00fcgung.<\/p>\n<p><a href=\"https:\/\/www.gruendach-technik.de\/gdt\/kontakt\/\"><strong>Kontakt der Ansprechpartner&#8230;\u00bb<\/strong><\/a><\/p>\n<h4><span style=\"color: #000000;\"><strong><\/strong><\/span><\/h4>\n<h5><span style=\"color: #000000;\"><strong>GDT Gr\u00fcndach Technik GmbH S\u00fcdwest<br \/><\/strong><strong>GDT S\u00fcd Gr\u00fcndach Technik GmbH<\/strong><\/span><br \/><span style=\"color: #000000;\"><strong>GDT Gr\u00fcndach Pflege und Wartung GmbH<\/strong><\/span><br \/><span style=\"color: #4d4d4d;\"> Dammstra\u00dfe 4<\/span><br \/><span style=\"color: #4d4d4d;\"> 72669 Unterensingen<\/span><\/h5>\n<h5><span style=\"color: #4d4d4d;\">Telefon: 07022\/96320-0<\/span><br \/><span style=\"color: #4d4d4d;\"> E-Mail: <\/span><a href=\"mailto:gdt@gruendachtechnik.de\"><span style=\"color: #009640;\">gdt@gruendachtechnik.de<\/span><\/a><\/h5>\n<p>&nbsp;<\/p>\n<p><a href=\"https:\/\/www.bauder.de\/de\/bauder-gruendach\/systeme\/baudergreen-retentionsdach.html\" title=\"Bauder\" target=\"_blank\" rel=\"noopener\"><\/a><\/p>\n<p>&nbsp;<\/p>\n<p>[\/et_pb_text][\/et_pb_column][\/et_pb_row][et_pb_row column_structure=&#8220;1_3,1_3,1_3&#8243; _builder_version=&#8220;4.23.1&#8243; _module_preset=&#8220;default&#8220; global_colors_info=&#8220;{}&#8220;][et_pb_column type=&#8220;1_3&#8243; _builder_version=&#8220;4.23.1&#8243; _module_preset=&#8220;default&#8220; global_colors_info=&#8220;{}&#8220;][et_pb_image src=&#8220;https:\/\/www.gruendach-technik.de\/gdt\/wp-content\/uploads\/2024\/03\/POZ-DSC02663-800.jpg&#8220; title_text=&#8220;POZ-DSC02663-800&#8243; show_in_lightbox=&#8220;on&#8220; _builder_version=&#8220;4.17.0&#8243; _module_preset=&#8220;default&#8220; hover_enabled=&#8220;0&#8243; box_shadow_style=&#8220;preset1&#8243; global_colors_info=&#8220;{}&#8220; sticky_enabled=&#8220;0&#8243;][\/et_pb_image][\/et_pb_column][et_pb_column type=&#8220;1_3&#8243; _builder_version=&#8220;4.23.1&#8243; _module_preset=&#8220;default&#8220; global_colors_info=&#8220;{}&#8220;][et_pb_image src=&#8220;https:\/\/www.gruendach-technik.de\/gdt\/wp-content\/uploads\/2024\/03\/Dachterrasse_01_17099-800.jpg&#8220; title_text=&#8220;Dachterrasse_01_17099-800&#8243; show_in_lightbox=&#8220;on&#8220; _builder_version=&#8220;4.17.0&#8243; _module_preset=&#8220;default&#8220; hover_enabled=&#8220;0&#8243; box_shadow_style=&#8220;preset1&#8243; global_colors_info=&#8220;{}&#8220; sticky_enabled=&#8220;0&#8243;][\/et_pb_image][\/et_pb_column][et_pb_column type=&#8220;1_3&#8243; _builder_version=&#8220;4.23.1&#8243; _module_preset=&#8220;default&#8220; global_colors_info=&#8220;{}&#8220;][et_pb_image src=&#8220;https:\/\/www.gruendach-technik.de\/gdt\/wp-content\/uploads\/2024\/03\/Seelaender-Areal-Herrenberg-2022-009-800.jpg&#8220; title_text=&#8220;Seel\u00e4nder-Areal-Herrenberg-2022-009-800&#8243; show_in_lightbox=&#8220;on&#8220; _builder_version=&#8220;4.17.0&#8243; _module_preset=&#8220;default&#8220; hover_enabled=&#8220;0&#8243; border_width_top=&#8220;1px&#8220; box_shadow_style=&#8220;preset1&#8243; global_colors_info=&#8220;{}&#8220; sticky_enabled=&#8220;0&#8243;][\/et_pb_image][\/et_pb_column][\/et_pb_row][\/et_pb_section]<\/p>\n","protected":false},"excerpt":{"rendered":"<p>Platten- und Terrassenarbeiten Ihr Partner f\u00fcr Platten- und Terrassenarbeiten Bei der Umsetzung von Platten- und Terrassenarbeiten im Rahmen einer Dachbegr\u00fcnung sind spezielle \u00dcberlegungen zu ber\u00fccksichtigen. Die Tragf\u00e4higkeit des Dachs sowie die Gewichtsbelastung durch die Bel\u00e4ge m\u00fcssen sorgf\u00e4ltig gepr\u00fcft werden. Geeignete Materialien wie leichte Betonplatten, Naturstein oder Holzterrassen k\u00f6nnen verwendet werden, um das Gewicht zu minimieren. [&hellip;]<\/p>\n","protected":false},"author":1,"featured_media":0,"parent":0,"menu_order":0,"comment_status":"closed","ping_status":"closed","template":"","meta":{"_et_pb_use_builder":"on","_et_pb_old_content":"","_et_gb_content_width":"","footnotes":""},"class_list":["post-2540","page","type-page","status-publish","hentry"],"yoast_head":"<!-- This site is optimized with the Yoast SEO Premium plugin v22.1 (Yoast SEO v22.1) - https:\/\/yoast.com\/wordpress\/plugins\/seo\/ -->\n<title>Platten- und Terrassenarbeiten - GDT Gr\u00fcndachtechnik GmbH<\/title>\n<meta name=\"robots\" content=\"index, follow, max-snippet:-1, max-image-preview:large, max-video-preview:-1\" \/>\n<link rel=\"canonical\" href=\"https:\/\/www.gruendach-technik.de\/gdt\/platten-und-terrassenarbeiten\/\" \/>\n<meta property=\"og:locale\" content=\"de_DE\" \/>\n<meta property=\"og:type\" content=\"article\" \/>\n<meta property=\"og:title\" content=\"Platten- und Terrassenarbeiten\" \/>\n<meta property=\"og:description\" content=\"Platten- und Terrassenarbeiten Ihr Partner f\u00fcr Platten- und Terrassenarbeiten Bei der Umsetzung von Platten- und Terrassenarbeiten im Rahmen einer Dachbegr\u00fcnung sind spezielle \u00dcberlegungen zu ber\u00fccksichtigen. Die Tragf\u00e4higkeit des Dachs sowie die Gewichtsbelastung durch die Bel\u00e4ge m\u00fcssen sorgf\u00e4ltig gepr\u00fcft werden. Geeignete Materialien wie leichte Betonplatten, Naturstein oder Holzterrassen k\u00f6nnen verwendet werden, um das Gewicht zu minimieren. [&hellip;]\" \/>\n<meta property=\"og:url\" content=\"https:\/\/www.gruendach-technik.de\/gdt\/platten-und-terrassenarbeiten\/\" \/>\n<meta property=\"og:site_name\" content=\"GDT Gr\u00fcndachtechnik GmbH\" \/>\n<meta property=\"article:modified_time\" content=\"2024-07-15T14:53:37+00:00\" \/>\n<meta property=\"og:image\" content=\"https:\/\/www.gruendach-technik.de\/gdt\/wp-content\/uploads\/2024\/03\/G_ppingen-LRA-2007-100621-800.jpg\" \/>\n\t<meta property=\"og:image:width\" content=\"1200\" \/>\n\t<meta property=\"og:image:height\" content=\"800\" \/>\n\t<meta property=\"og:image:type\" content=\"image\/jpeg\" \/>\n<meta name=\"twitter:card\" content=\"summary_large_image\" \/>\n<meta name=\"twitter:label1\" content=\"Gesch\u00e4tzte Lesezeit\" \/>\n\t<meta name=\"twitter:data1\" content=\"5\u00a0Minuten\" \/>\n<script type=\"application\/ld+json\" class=\"yoast-schema-graph\">{\"@context\":\"https:\/\/schema.org\",\"@graph\":[{\"@type\":\"WebPage\",\"@id\":\"https:\/\/www.gruendach-technik.de\/gdt\/platten-und-terrassenarbeiten\/\",\"url\":\"https:\/\/www.gruendach-technik.de\/gdt\/platten-und-terrassenarbeiten\/\",\"name\":\"Platten- und Terrassenarbeiten - GDT Gr\u00fcndachtechnik GmbH\",\"isPartOf\":{\"@id\":\"https:\/\/www.gruendach-technik.de\/gdt\/#website\"},\"datePublished\":\"2024-03-11T12:30:56+00:00\",\"dateModified\":\"2024-07-15T14:53:37+00:00\",\"breadcrumb\":{\"@id\":\"https:\/\/www.gruendach-technik.de\/gdt\/platten-und-terrassenarbeiten\/#breadcrumb\"},\"inLanguage\":\"de\",\"potentialAction\":[{\"@type\":\"ReadAction\",\"target\":[\"https:\/\/www.gruendach-technik.de\/gdt\/platten-und-terrassenarbeiten\/\"]}]},{\"@type\":\"BreadcrumbList\",\"@id\":\"https:\/\/www.gruendach-technik.de\/gdt\/platten-und-terrassenarbeiten\/#breadcrumb\",\"itemListElement\":[{\"@type\":\"ListItem\",\"position\":1,\"name\":\"Startseite\",\"item\":\"https:\/\/www.gruendach-technik.de\/gdt\/\"},{\"@type\":\"ListItem\",\"position\":2,\"name\":\"Platten- und Terrassenarbeiten\"}]},{\"@type\":\"WebSite\",\"@id\":\"https:\/\/www.gruendach-technik.de\/gdt\/#website\",\"url\":\"https:\/\/www.gruendach-technik.de\/gdt\/\",\"name\":\"GDT Gr\u00fcndachtechnik GmbH\",\"description\":\"Dachbegr\u00fcnungen, Ihr Partner f\u00fcr gr\u00fcne D\u00e4cher\",\"publisher\":{\"@id\":\"https:\/\/www.gruendach-technik.de\/gdt\/#organization\"},\"alternateName\":\"GDT - Ihr Partner f\u00fcr gr\u00fcne D\u00e4cher\",\"potentialAction\":[{\"@type\":\"SearchAction\",\"target\":{\"@type\":\"EntryPoint\",\"urlTemplate\":\"https:\/\/www.gruendach-technik.de\/gdt\/?s={search_term_string}\"},\"query-input\":\"required name=search_term_string\"}],\"inLanguage\":\"de\"},{\"@type\":\"Organization\",\"@id\":\"https:\/\/www.gruendach-technik.de\/gdt\/#organization\",\"name\":\"GDT Gr\u00fcndachtechnik GmbH\",\"url\":\"https:\/\/www.gruendach-technik.de\/gdt\/\",\"logo\":{\"@type\":\"ImageObject\",\"inLanguage\":\"de\",\"@id\":\"https:\/\/www.gruendach-technik.de\/gdt\/#\/schema\/logo\/image\/\",\"url\":\"https:\/\/www.gruendach-technik.de\/gdt\/wp-content\/uploads\/2024\/01\/GDT-Gruendachtechnik-Ihr-Partner-fuer-gruene-Daecher_3.jpg\",\"contentUrl\":\"https:\/\/www.gruendach-technik.de\/gdt\/wp-content\/uploads\/2024\/01\/GDT-Gruendachtechnik-Ihr-Partner-fuer-gruene-Daecher_3.jpg\",\"width\":1230,\"height\":506,\"caption\":\"GDT Gr\u00fcndachtechnik GmbH\"},\"image\":{\"@id\":\"https:\/\/www.gruendach-technik.de\/gdt\/#\/schema\/logo\/image\/\"}}]}<\/script>\n<!-- \/ Yoast SEO Premium plugin. -->","yoast_head_json":{"title":"Platten- und Terrassenarbeiten - GDT Gr\u00fcndachtechnik GmbH","robots":{"index":"index","follow":"follow","max-snippet":"max-snippet:-1","max-image-preview":"max-image-preview:large","max-video-preview":"max-video-preview:-1"},"canonical":"https:\/\/www.gruendach-technik.de\/gdt\/platten-und-terrassenarbeiten\/","og_locale":"de_DE","og_type":"article","og_title":"Platten- und Terrassenarbeiten","og_description":"Platten- und Terrassenarbeiten Ihr Partner f\u00fcr Platten- und Terrassenarbeiten Bei der Umsetzung von Platten- und Terrassenarbeiten im Rahmen einer Dachbegr\u00fcnung sind spezielle \u00dcberlegungen zu ber\u00fccksichtigen. Die Tragf\u00e4higkeit des Dachs sowie die Gewichtsbelastung durch die Bel\u00e4ge m\u00fcssen sorgf\u00e4ltig gepr\u00fcft werden. Geeignete Materialien wie leichte Betonplatten, Naturstein oder Holzterrassen k\u00f6nnen verwendet werden, um das Gewicht zu minimieren. [&hellip;]","og_url":"https:\/\/www.gruendach-technik.de\/gdt\/platten-und-terrassenarbeiten\/","og_site_name":"GDT Gr\u00fcndachtechnik GmbH","article_modified_time":"2024-07-15T14:53:37+00:00","og_image":[{"width":1200,"height":800,"url":"https:\/\/www.gruendach-technik.de\/gdt\/wp-content\/uploads\/2024\/03\/G_ppingen-LRA-2007-100621-800.jpg","type":"image\/jpeg"}],"twitter_card":"summary_large_image","twitter_misc":{"Gesch\u00e4tzte Lesezeit":"5\u00a0Minuten"},"schema":{"@context":"https:\/\/schema.org","@graph":[{"@type":"WebPage","@id":"https:\/\/www.gruendach-technik.de\/gdt\/platten-und-terrassenarbeiten\/","url":"https:\/\/www.gruendach-technik.de\/gdt\/platten-und-terrassenarbeiten\/","name":"Platten- und Terrassenarbeiten - GDT Gr\u00fcndachtechnik GmbH","isPartOf":{"@id":"https:\/\/www.gruendach-technik.de\/gdt\/#website"},"datePublished":"2024-03-11T12:30:56+00:00","dateModified":"2024-07-15T14:53:37+00:00","breadcrumb":{"@id":"https:\/\/www.gruendach-technik.de\/gdt\/platten-und-terrassenarbeiten\/#breadcrumb"},"inLanguage":"de","potentialAction":[{"@type":"ReadAction","target":["https:\/\/www.gruendach-technik.de\/gdt\/platten-und-terrassenarbeiten\/"]}]},{"@type":"BreadcrumbList","@id":"https:\/\/www.gruendach-technik.de\/gdt\/platten-und-terrassenarbeiten\/#breadcrumb","itemListElement":[{"@type":"ListItem","position":1,"name":"Startseite","item":"https:\/\/www.gruendach-technik.de\/gdt\/"},{"@type":"ListItem","position":2,"name":"Platten- und Terrassenarbeiten"}]},{"@type":"WebSite","@id":"https:\/\/www.gruendach-technik.de\/gdt\/#website","url":"https:\/\/www.gruendach-technik.de\/gdt\/","name":"GDT Gr\u00fcndachtechnik GmbH","description":"Dachbegr\u00fcnungen, Ihr Partner f\u00fcr gr\u00fcne D\u00e4cher","publisher":{"@id":"https:\/\/www.gruendach-technik.de\/gdt\/#organization"},"alternateName":"GDT - Ihr Partner f\u00fcr gr\u00fcne D\u00e4cher","potentialAction":[{"@type":"SearchAction","target":{"@type":"EntryPoint","urlTemplate":"https:\/\/www.gruendach-technik.de\/gdt\/?s={search_term_string}"},"query-input":"required name=search_term_string"}],"inLanguage":"de"},{"@type":"Organization","@id":"https:\/\/www.gruendach-technik.de\/gdt\/#organization","name":"GDT Gr\u00fcndachtechnik GmbH","url":"https:\/\/www.gruendach-technik.de\/gdt\/","logo":{"@type":"ImageObject","inLanguage":"de","@id":"https:\/\/www.gruendach-technik.de\/gdt\/#\/schema\/logo\/image\/","url":"https:\/\/www.gruendach-technik.de\/gdt\/wp-content\/uploads\/2024\/01\/GDT-Gruendachtechnik-Ihr-Partner-fuer-gruene-Daecher_3.jpg","contentUrl":"https:\/\/www.gruendach-technik.de\/gdt\/wp-content\/uploads\/2024\/01\/GDT-Gruendachtechnik-Ihr-Partner-fuer-gruene-Daecher_3.jpg","width":1230,"height":506,"caption":"GDT Gr\u00fcndachtechnik GmbH"},"image":{"@id":"https:\/\/www.gruendach-technik.de\/gdt\/#\/schema\/logo\/image\/"}}]}},"_links":{"self":[{"href":"https:\/\/www.gruendach-technik.de\/gdt\/wp-json\/wp\/v2\/pages\/2540","targetHints":{"allow":["GET"]}}],"collection":[{"href":"https:\/\/www.gruendach-technik.de\/gdt\/wp-json\/wp\/v2\/pages"}],"about":[{"href":"https:\/\/www.gruendach-technik.de\/gdt\/wp-json\/wp\/v2\/types\/page"}],"author":[{"embeddable":true,"href":"https:\/\/www.gruendach-technik.de\/gdt\/wp-json\/wp\/v2\/users\/1"}],"replies":[{"embeddable":true,"href":"https:\/\/www.gruendach-technik.de\/gdt\/wp-json\/wp\/v2\/comments?post=2540"}],"version-history":[{"count":1,"href":"https:\/\/www.gruendach-technik.de\/gdt\/wp-json\/wp\/v2\/pages\/2540\/revisions"}],"predecessor-version":[{"id":2938,"href":"https:\/\/www.gruendach-technik.de\/gdt\/wp-json\/wp\/v2\/pages\/2540\/revisions\/2938"}],"wp:attachment":[{"href":"https:\/\/www.gruendach-technik.de\/gdt\/wp-json\/wp\/v2\/media?parent=2540"}],"curies":[{"name":"wp","href":"https:\/\/api.w.org\/{rel}","templated":true}]}}