{"id":1958,"date":"2024-02-10T13:16:50","date_gmt":"2024-02-10T13:16:50","guid":{"rendered":"https:\/\/www.gruendach-technik.de\/wp4\/?page_id=1958"},"modified":"2024-07-31T23:03:09","modified_gmt":"2024-07-31T21:03:09","slug":"gruendach-information","status":"publish","type":"page","link":"https:\/\/www.gruendach-technik.de\/gdt\/gruendach-information\/","title":{"rendered":"Gr\u00fcndach-Information"},"content":{"rendered":"\n[et_pb_section fb_built=&#8220;1&#8243; fullwidth=&#8220;on&#8220; _builder_version=&#8220;4.23.1&#8243; _module_preset=&#8220;default&#8220; global_colors_info=&#8220;{}&#8220;][et_pb_fullwidth_image src=&#8220;https:\/\/www.gruendach-technik.de\/gdt\/wp-content\/uploads\/2024\/03\/Seelaender-Areal-Herrenberg-2022-016-600.jpg&#8220; title_text=&#8220;Seel\u00e4nder-Areal-Herrenberg-2022-016-600&#8243; _builder_version=&#8220;4.17.0&#8243; _module_preset=&#8220;default&#8220; hover_enabled=&#8220;0&#8243; box_shadow_style=&#8220;preset6&#8243; global_colors_info=&#8220;{}&#8220; sticky_enabled=&#8220;0&#8243;][\/et_pb_fullwidth_image][\/et_pb_section][et_pb_section fb_built=&#8220;1&#8243; _builder_version=&#8220;4.23.1&#8243; _module_preset=&#8220;default&#8220; width=&#8220;100%&#8220; max_width=&#8220;100%&#8220; custom_margin=&#8220;||||false|false&#8220; custom_padding=&#8220;||||false|false&#8220; global_colors_info=&#8220;{}&#8220;][et_pb_row use_custom_gutter=&#8220;on&#8220; _builder_version=&#8220;4.23.1&#8243; _module_preset=&#8220;default&#8220; min_height=&#8220;100%&#8220; height=&#8220;100%&#8220; max_height=&#8220;100%&#8220; custom_margin=&#8220;20px||||false|false&#8220; global_colors_info=&#8220;{}&#8220;][et_pb_column type=&#8220;4_4&#8243; _builder_version=&#8220;4.23.1&#8243; _module_preset=&#8220;default&#8220; global_colors_info=&#8220;{}&#8220;][et_pb_text _builder_version=&#8220;4.23.1&#8243; _module_preset=&#8220;default&#8220; header_font=&#8220;||||||||&#8220; header_font_size=&#8220;40px&#8220; custom_margin=&#8220;0px||-22px||false|false&#8220; custom_padding=&#8220;0px|||||&#8220; global_colors_info=&#8220;{}&#8220;]<div id=\"main_content\">\n<article class=\"entry post clearfix\">\n<h1 class=\"main_title\"><strong>Gr\u00fcndach-Informationen<\/strong><\/h1>\n<\/article>\n<\/div>[\/et_pb_text][\/et_pb_column][\/et_pb_row][et_pb_row column_structure=&#8220;1_3,1_3,1_3&#8243; _builder_version=&#8220;4.23.1&#8243; _module_preset=&#8220;default&#8220; global_colors_info=&#8220;{}&#8220;][et_pb_column type=&#8220;1_3&#8243; _builder_version=&#8220;4.23.1&#8243; _module_preset=&#8220;default&#8220; global_colors_info=&#8220;{}&#8220;][et_pb_image src=&#8220;https:\/\/www.gruendach-technik.de\/gdt\/wp-content\/uploads\/2024\/03\/Muenchen_0646-800.jpg&#8220; title_text=&#8220;M\u00fcnchen_0646-800&#8243; show_in_lightbox=&#8220;on&#8220; _builder_version=&#8220;4.17.0&#8243; _module_preset=&#8220;default&#8220; hover_enabled=&#8220;0&#8243; box_shadow_style=&#8220;preset1&#8243; global_colors_info=&#8220;{}&#8220; sticky_enabled=&#8220;0&#8243;][\/et_pb_image][\/et_pb_column][et_pb_column type=&#8220;1_3&#8243; _builder_version=&#8220;4.23.1&#8243; _module_preset=&#8220;default&#8220; global_colors_info=&#8220;{}&#8220;][et_pb_image src=&#8220;https:\/\/www.gruendach-technik.de\/gdt\/wp-content\/uploads\/2024\/03\/Dachgarten-Dachbegruenung-800.jpg&#8220; title_text=&#8220;Dachgarten-Dachbegr\u00fcnung-800&#8243; show_in_lightbox=&#8220;on&#8220; _builder_version=&#8220;4.17.0&#8243; _module_preset=&#8220;default&#8220; hover_enabled=&#8220;0&#8243; box_shadow_style=&#8220;preset1&#8243; global_colors_info=&#8220;{}&#8220; sticky_enabled=&#8220;0&#8243;][\/et_pb_image][\/et_pb_column][et_pb_column type=&#8220;1_3&#8243; _builder_version=&#8220;4.23.1&#8243; _module_preset=&#8220;default&#8220; global_colors_info=&#8220;{}&#8220;][et_pb_image src=&#8220;https:\/\/www.gruendach-technik.de\/gdt\/wp-content\/uploads\/2024\/03\/20210604_101007-GDT-Firmendach-800.jpg&#8220; title_text=&#8220;20210604_101007-GDT-Firmendach-800&#8243; show_in_lightbox=&#8220;on&#8220; _builder_version=&#8220;4.17.0&#8243; _module_preset=&#8220;default&#8220; hover_enabled=&#8220;0&#8243; box_shadow_style=&#8220;preset1&#8243; global_colors_info=&#8220;{}&#8220; sticky_enabled=&#8220;0&#8243;][\/et_pb_image][\/et_pb_column][\/et_pb_row][et_pb_row column_structure=&#8220;1_4,3_4&#8243; use_custom_gutter=&#8220;on&#8220; gutter_width=&#8220;3&#8243; _builder_version=&#8220;4.23.1&#8243; _module_preset=&#8220;default&#8220; height=&#8220;100%&#8220; global_colors_info=&#8220;{}&#8220;][et_pb_column type=&#8220;1_4&#8243; _builder_version=&#8220;4.23.1&#8243; _module_preset=&#8220;default&#8220; custom_css_main_element=&#8220;width: 8%!important;&#8220; global_colors_info=&#8220;{}&#8220;][et_pb_image src=&#8220;https:\/\/www.gruendach-technik.de\/wp4\/wp-content\/uploads\/2024\/03\/BuGG-Marktreport-Gebaeudegruen.jpg&#8220; title_text=&#8220;BuGG-Marktreport-Geb\u00e4udegr\u00fcn&#8220; url=&#8220;https:\/\/www.gruendach-technik.de\/BUG_Marktreport_V2_GDT_min.pdf&#8220; _builder_version=&#8220;4.23.1&#8243; _module_preset=&#8220;default&#8220; max_width=&#8220;102px&#8220; border_width_all=&#8220;1px&#8220; box_shadow_style=&#8220;preset1&#8243; global_colors_info=&#8220;{}&#8220;][\/et_pb_image][\/et_pb_column][et_pb_column type=&#8220;3_4&#8243; _builder_version=&#8220;4.23.1&#8243; _module_preset=&#8220;default&#8220; custom_padding=&#8220;||||false|false&#8220; custom_css_main_element=&#8220;width: 70%!important;&#8220; global_colors_info=&#8220;{}&#8220;][et_pb_text _builder_version=&#8220;4.17.0&#8243; _module_preset=&#8220;default&#8220; width=&#8220;100%&#8220; custom_margin=&#8220;0px|||10px|false|false&#8220; custom_padding=&#8220;0px||||false|false&#8220; hover_enabled=&#8220;0&#8243; global_colors_info=&#8220;{}&#8220; sticky_enabled=&#8220;0&#8243;]<p><strong><span style=\"color: #000000;\">Wissenswertes:<\/span><\/strong><\/p>\n<h3><a href=\"https:\/\/www.gruendach-technik.de\/BUG_Marktreport_V2_GDT_min.pdf\" target=\"_blank\" rel=\"noopener\"><strong><span style=\"color: #009640;\">BuGG-Marktreport Geb\u00e4udegr\u00fcn <\/span><\/strong><\/a><br \/><a href=\"https:\/\/www.gruendach-technik.de\/BUG_Marktreport_V2_GDT_min.pdf\" target=\"_blank\" rel=\"noopener\"><span style=\"color: #009640;\">Dach-, Fassaden- und Innenraumbegr\u00fcnung Deutschland&#8230;\u00bb<\/span><\/a><\/h3>\n<p>Der BuGG-Marktreport Geb\u00e4udegr\u00fcn informiert \u00fcber wichtige und aktuelle Themen zum Thema Dachbegr\u00fcnung.<a href=\"http:\/\/www.fbb.de\/dachbegruenung\/fbb-schlaglicht\/\" target=\"_blank\" rel=\"noopener noreferrer\"><span style=\"color: #009640;\"><\/span><\/a><\/p>\n<p><span style=\"color: #009640;\"><a style=\"color: #009640;\" href=\"http:\/\/gdt.gruendach-technik.de\/energiekosten\/\"><\/a><\/span><\/p>[\/et_pb_text][\/et_pb_column][\/et_pb_row][et_pb_row column_structure=&#8220;1_4,3_4&#8243; use_custom_gutter=&#8220;on&#8220; gutter_width=&#8220;3&#8243; _builder_version=&#8220;4.24.0&#8243; _module_preset=&#8220;default&#8220; height=&#8220;100%&#8220; global_colors_info=&#8220;{}&#8220;][et_pb_column type=&#8220;1_4&#8243; _builder_version=&#8220;4.23.1&#8243; _module_preset=&#8220;default&#8220; custom_css_main_element=&#8220;width: 8%!important;&#8220; global_colors_info=&#8220;{}&#8220;][et_pb_image src=&#8220;https:\/\/www.gruendach-technik.de\/gdt\/wp-content\/uploads\/2015\/05\/vort_titel.jpg&#8220; title_text=&#8220;vort_titel&#8220; _builder_version=&#8220;4.17.0&#8243; _module_preset=&#8220;default&#8220; hover_enabled=&#8220;0&#8243; border_width_all=&#8220;1px&#8220; box_shadow_style=&#8220;preset1&#8243; global_colors_info=&#8220;{}&#8220; sticky_enabled=&#8220;0&#8243;][\/et_pb_image][\/et_pb_column][et_pb_column type=&#8220;3_4&#8243; _builder_version=&#8220;4.23.1&#8243; _module_preset=&#8220;default&#8220; custom_padding=&#8220;||||false|false&#8220; custom_css_main_element=&#8220;width: 80%!important;&#8220; global_colors_info=&#8220;{}&#8220;][et_pb_text _builder_version=&#8220;4.17.0&#8243; _module_preset=&#8220;default&#8220; width=&#8220;100%&#8220; custom_margin=&#8220;|||10px|false|false&#8220; custom_padding=&#8220;1px|||||&#8220; hover_enabled=&#8220;0&#8243; global_colors_info=&#8220;{}&#8220; sticky_enabled=&#8220;0&#8243;]<h3><a href=\"https:\/\/www.gruendach-technik.de\/gdt\/vorteile-dachbegruenung\/\"><strong>Vorteile einer Dachbegr\u00fcnung<\/strong><\/a><\/h3>\n<p><a href=\"\/wp_260424\/vorteile-dachbegruenung\/\"><span style=\"color: #009640;\"><\/span><span style=\"color: #009640;\"><\/span><span style=\"color: #000000;\">Gr\u00fcnfl\u00e4chen auf dem Dach f\u00fchren zu sp\u00fcrbaren Vorteilen und Verbesserungen in vielen Bereichen \u00bb<\/span><\/a><\/p>[\/et_pb_text][\/et_pb_column][\/et_pb_row][et_pb_row column_structure=&#8220;1_4,3_4&#8243; use_custom_gutter=&#8220;on&#8220; gutter_width=&#8220;3&#8243; _builder_version=&#8220;4.23.1&#8243; _module_preset=&#8220;default&#8220; height=&#8220;100%&#8220; global_colors_info=&#8220;{}&#8220;][et_pb_column type=&#8220;1_4&#8243; _builder_version=&#8220;4.23.1&#8243; _module_preset=&#8220;default&#8220; custom_css_main_element=&#8220;width: 8%!important;&#8220; global_colors_info=&#8220;{}&#8220;][et_pb_image src=&#8220;https:\/\/www.gruendach-technik.de\/gdt\/wp-content\/uploads\/2015\/05\/a_sys_1.gif&#8220; title_text=&#8220;a_sys_1&#8243; _builder_version=&#8220;4.17.0&#8243; _module_preset=&#8220;default&#8220; hover_enabled=&#8220;0&#8243; border_width_all=&#8220;1px&#8220; box_shadow_style=&#8220;preset1&#8243; global_colors_info=&#8220;{}&#8220; sticky_enabled=&#8220;0&#8243;][\/et_pb_image][\/et_pb_column][et_pb_column type=&#8220;3_4&#8243; _builder_version=&#8220;4.23.1&#8243; _module_preset=&#8220;default&#8220; custom_padding=&#8220;||||false|false&#8220; custom_css_main_element=&#8220;width: 80%!important;&#8220; global_colors_info=&#8220;{}&#8220;][et_pb_text _builder_version=&#8220;4.17.0&#8243; _module_preset=&#8220;default&#8220; width=&#8220;100%&#8220; custom_margin=&#8220;|||10px|false|false&#8220; custom_padding=&#8220;1px|||||&#8220; hover_enabled=&#8220;0&#8243; global_colors_info=&#8220;{}&#8220; sticky_enabled=&#8220;0&#8243;]<h3><a href=\"https:\/\/www.gruendach-technik.de\/gdt\/extensive-dachbegruenungen\/\"><strong>GDT Extensive Dachbegr\u00fcnungen \u00bb<\/strong><\/a><\/h3>\n<p>Gro\u00dfe und kleine extensive Dachbegr\u00fcnungen lassen sich mit dem Schichtaufbau \u201eSteinrosenflur\u201c facettenreich umsetzen. <span style=\"color: #009640;\"><\/span><span style=\"color: #009640;\"><\/span><\/p>\n<p><span style=\"color: #009640;\"><\/span><\/p>\n<p><a href=\"\/wp4\/vorteile-dachbegruenung\/\"><span style=\"color: #000000;\"><\/span><\/a><\/p>[\/et_pb_text][\/et_pb_column][\/et_pb_row][et_pb_row column_structure=&#8220;1_4,3_4&#8243; use_custom_gutter=&#8220;on&#8220; gutter_width=&#8220;3&#8243; _builder_version=&#8220;4.23.1&#8243; _module_preset=&#8220;default&#8220; height=&#8220;100%&#8220; global_colors_info=&#8220;{}&#8220;][et_pb_column type=&#8220;1_4&#8243; _builder_version=&#8220;4.23.1&#8243; _module_preset=&#8220;default&#8220; custom_css_main_element=&#8220;width: 8%!important;&#8220; global_colors_info=&#8220;{}&#8220;][et_pb_image src=&#8220;https:\/\/www.gruendach-technik.de\/gdt\/wp-content\/uploads\/2015\/06\/systemaufbauten_DE_50-230&#215;2-1.jpg&#8220; title_text=&#8220;systemaufbauten_DE_50-230&#215;2&#8243; _builder_version=&#8220;4.17.0&#8243; _module_preset=&#8220;default&#8220; hover_enabled=&#8220;0&#8243; border_width_all=&#8220;1px&#8220; box_shadow_style=&#8220;preset1&#8243; global_colors_info=&#8220;{}&#8220; sticky_enabled=&#8220;0&#8243;][\/et_pb_image][\/et_pb_column][et_pb_column type=&#8220;3_4&#8243; _builder_version=&#8220;4.23.1&#8243; _module_preset=&#8220;default&#8220; custom_padding=&#8220;||||false|false&#8220; custom_css_main_element=&#8220;width: 80%!important;&#8220; global_colors_info=&#8220;{}&#8220;][et_pb_text _builder_version=&#8220;4.17.0&#8243; _module_preset=&#8220;default&#8220; width=&#8220;100%&#8220; custom_margin=&#8220;|||10px|false|false&#8220; custom_padding=&#8220;1px|||||&#8220; hover_enabled=&#8220;0&#8243; global_colors_info=&#8220;{}&#8220; sticky_enabled=&#8220;0&#8243;]<h3><a href=\"https:\/\/www.gruendach-technik.de\/gdt\/intensive-dachbegruenungen\/\"><strong>GDT Intensive Dachbegr\u00fcnungen \u00bb<\/strong><\/a><\/h3>\n<p>F\u00fcr die Pflanzebene der Dachbegr\u00fcnung steht Ihnen eine reichhaltige Auswahl an Pflanzen zur Verf\u00fcgung.<span style=\"color: #009640;\"><\/span><span style=\"color: #009640;\"><\/span><\/p>\n<p><span style=\"color: #009640;\"><\/span><\/p>\n<p><a href=\"\/wp4\/vorteile-dachbegruenung\/\"><span style=\"color: #000000;\"><\/span><\/a><\/p>[\/et_pb_text][\/et_pb_column][\/et_pb_row][et_pb_row column_structure=&#8220;1_4,3_4&#8243; use_custom_gutter=&#8220;on&#8220; gutter_width=&#8220;3&#8243; _builder_version=&#8220;4.23.1&#8243; _module_preset=&#8220;default&#8220; height=&#8220;100%&#8220; global_colors_info=&#8220;{}&#8220;][et_pb_column type=&#8220;1_4&#8243; _builder_version=&#8220;4.23.1&#8243; _module_preset=&#8220;default&#8220; custom_css_main_element=&#8220;width: 8%!important;&#8220; global_colors_info=&#8220;{}&#8220;][et_pb_image src=&#8220;https:\/\/www.gruendach-technik.de\/gdt\/wp-content\/uploads\/2024\/03\/GDT-Esslingen-Berkheim-Festo-Parkhaus_800-Q.jpg&#8220; title_text=&#8220;GDT-Esslingen-Berkheim-Festo-Parkhaus_800 Q&#8220; _builder_version=&#8220;4.17.0&#8243; _module_preset=&#8220;default&#8220; hover_enabled=&#8220;0&#8243; border_width_all=&#8220;1px&#8220; box_shadow_style=&#8220;preset1&#8243; global_colors_info=&#8220;{}&#8220; sticky_enabled=&#8220;0&#8243;][\/et_pb_image][\/et_pb_column][et_pb_column type=&#8220;3_4&#8243; _builder_version=&#8220;4.23.1&#8243; _module_preset=&#8220;default&#8220; custom_padding=&#8220;||||false|false&#8220; custom_css_main_element=&#8220;width: 80%!important;&#8220; global_colors_info=&#8220;{}&#8220;][et_pb_text _builder_version=&#8220;4.17.0&#8243; _module_preset=&#8220;default&#8220; width=&#8220;100%&#8220; custom_margin=&#8220;|||10px|false|false&#8220; custom_padding=&#8220;1px|||||&#8220; hover_enabled=&#8220;0&#8243; global_colors_info=&#8220;{}&#8220; sticky_enabled=&#8220;0&#8243;]<h3><a href=\"https:\/\/www.gruendach-technik.de\/gdt\/retentions-dachbegruenungen\/\"><strong>GDT Retentions-Dachbegr\u00fcnung \u00bb<\/strong><\/a><\/h3>\n<p>Der tempor\u00e4re Wasserspeicher ist bei einer Rententions-Dachbegr\u00fcnung von entscheidender Bedeutung.<span style=\"color: #009640;\"><\/span><span style=\"color: #009640;\"><\/span><\/p>\n<p><span style=\"color: #009640;\"><\/span><\/p>\n<p><a href=\"\/wp4\/vorteile-dachbegruenung\/\"><span style=\"color: #000000;\"><\/span><\/a><\/p>[\/et_pb_text][\/et_pb_column][\/et_pb_row][et_pb_row column_structure=&#8220;1_4,3_4&#8243; use_custom_gutter=&#8220;on&#8220; gutter_width=&#8220;3&#8243; _builder_version=&#8220;4.23.1&#8243; _module_preset=&#8220;default&#8220; height=&#8220;100%&#8220; global_colors_info=&#8220;{}&#8220;][et_pb_column type=&#8220;1_4&#8243; _builder_version=&#8220;4.23.1&#8243; _module_preset=&#8220;default&#8220; custom_css_main_element=&#8220;width: 8%!important;&#8220; global_colors_info=&#8220;{}&#8220;][et_pb_image src=&#8220;https:\/\/www.gruendach-technik.de\/gdt\/wp-content\/uploads\/2024\/03\/incenter_2033-800-Q.jpg&#8220; title_text=&#8220;incenter_2033-800 Q&#8220; _builder_version=&#8220;4.17.0&#8243; _module_preset=&#8220;default&#8220; hover_enabled=&#8220;0&#8243; border_width_all=&#8220;1px&#8220; box_shadow_style=&#8220;preset1&#8243; global_colors_info=&#8220;{}&#8220; sticky_enabled=&#8220;0&#8243;][\/et_pb_image][\/et_pb_column][et_pb_column type=&#8220;3_4&#8243; _builder_version=&#8220;4.23.1&#8243; _module_preset=&#8220;default&#8220; custom_padding=&#8220;||||false|false&#8220; custom_css_main_element=&#8220;width: 80%!important;&#8220; global_colors_info=&#8220;{}&#8220;][et_pb_text _builder_version=&#8220;4.17.0&#8243; _module_preset=&#8220;default&#8220; width=&#8220;100%&#8220; custom_margin=&#8220;|||10px|false|false&#8220; custom_padding=&#8220;1px|||||&#8220; hover_enabled=&#8220;0&#8243; global_colors_info=&#8220;{}&#8220; sticky_enabled=&#8220;0&#8243;]<h3><a href=\"https:\/\/www.gruendach-technik.de\/gdt\/photovoltaik-dachbegruenungen\/\"><strong>GDT Photovoltaik-Dachbegr\u00fcnungen \u00bb<\/strong><\/a><\/h3>\n<p>Die Integration von Dachbegr\u00fcnung bei Photovoltaik-Anlagen bietet zahlreiche Vorteile. <span style=\"color: #009640;\"><\/span><span style=\"color: #009640;\"><\/span><\/p>\n<p><span style=\"color: #009640;\"><\/span><\/p>\n<p><a href=\"\/wp4\/vorteile-dachbegruenung\/\"><span style=\"color: #000000;\"><\/span><\/a><\/p>[\/et_pb_text][\/et_pb_column][\/et_pb_row][et_pb_row column_structure=&#8220;1_4,3_4&#8243; use_custom_gutter=&#8220;on&#8220; gutter_width=&#8220;3&#8243; _builder_version=&#8220;4.23.1&#8243; _module_preset=&#8220;default&#8220; height=&#8220;100%&#8220; global_colors_info=&#8220;{}&#8220;][et_pb_column type=&#8220;1_4&#8243; _builder_version=&#8220;4.23.1&#8243; _module_preset=&#8220;default&#8220; custom_css_main_element=&#8220;width: 8%!important;&#8220; global_colors_info=&#8220;{}&#8220;][et_pb_image src=&#8220;https:\/\/www.gruendach-technik.de\/gdt\/wp-content\/uploads\/2024\/03\/Dachgegruenung-mit-Plattenwegen-09_27962-491-Q.jpg&#8220; title_text=&#8220;Dachgegr\u00fcnung-mit-Plattenwegen-09_27962-491 Q&#8220; _builder_version=&#8220;4.17.0&#8243; _module_preset=&#8220;default&#8220; hover_enabled=&#8220;0&#8243; border_width_all=&#8220;1px&#8220; box_shadow_style=&#8220;preset1&#8243; global_colors_info=&#8220;{}&#8220; sticky_enabled=&#8220;0&#8243;][\/et_pb_image][\/et_pb_column][et_pb_column type=&#8220;3_4&#8243; _builder_version=&#8220;4.23.1&#8243; _module_preset=&#8220;default&#8220; custom_padding=&#8220;||||false|false&#8220; custom_css_main_element=&#8220;width: 80%!important;&#8220; global_colors_info=&#8220;{}&#8220;][et_pb_text _builder_version=&#8220;4.17.0&#8243; _module_preset=&#8220;default&#8220; width=&#8220;100%&#8220; custom_margin=&#8220;|||10px|false|false&#8220; custom_padding=&#8220;1px|||||&#8220; hover_enabled=&#8220;0&#8243; global_colors_info=&#8220;{}&#8220; sticky_enabled=&#8220;0&#8243;]<h3><a href=\"https:\/\/www.gruendach-technik.de\/gdt\/platten-und-terrassenarbeiten\/\"><strong>GDT Platten- und Terrassenarbeiten \u00bb<\/strong><\/a><\/h3>\n<p><span style=\"color: #020202; font-family: Arial, Helvetica, Arial, Lucida, sans-serif; font-size: 15px; font-style: normal; font-variant-ligatures: normal; font-variant-caps: normal; font-weight: 500; letter-spacing: normal; orphans: 2; text-align: left; text-indent: 0px; text-transform: none; widows: 2; word-spacing: 0px; -webkit-text-stroke-width: 0px; white-space: normal; background-color: #ffffff; text-decoration-thickness: initial; text-decoration-style: initial; text-decoration-color: initial; display: inline !important; float: none;\">Bei der Umsetzung von Platten- und Terrassenarbeiten im Rahmen einer Dachbegr\u00fcnung sind spezielle \u00dcberlegungen zu ber\u00fccksichtigen.<span>\u00a0<\/span><\/span><\/p>\n<p><span style=\"color: #009640;\"><\/span><\/p>\n<p><a href=\"\/wp4\/vorteile-dachbegruenung\/\"><span style=\"color: #000000;\"><\/span><\/a><\/p>[\/et_pb_text][\/et_pb_column][\/et_pb_row][et_pb_row column_structure=&#8220;1_4,3_4&#8243; use_custom_gutter=&#8220;on&#8220; gutter_width=&#8220;3&#8243; _builder_version=&#8220;4.23.1&#8243; _module_preset=&#8220;default&#8220; height=&#8220;100%&#8220; global_colors_info=&#8220;{}&#8220;][et_pb_column type=&#8220;1_4&#8243; _builder_version=&#8220;4.23.1&#8243; _module_preset=&#8220;default&#8220; custom_css_main_element=&#8220;width: 8%!important;&#8220; global_colors_info=&#8220;{}&#8220;][et_pb_image src=&#8220;https:\/\/www.gruendach-technik.de\/gdt\/wp-content\/uploads\/2015\/05\/a_pflege_1.gif&#8220; title_text=&#8220;a_pflege_1&#8243; _builder_version=&#8220;4.17.0&#8243; _module_preset=&#8220;default&#8220; hover_enabled=&#8220;0&#8243; border_width_all=&#8220;1px&#8220; box_shadow_style=&#8220;preset1&#8243; global_colors_info=&#8220;{}&#8220; sticky_enabled=&#8220;0&#8243;][\/et_pb_image][\/et_pb_column][et_pb_column type=&#8220;3_4&#8243; _builder_version=&#8220;4.23.1&#8243; _module_preset=&#8220;default&#8220; custom_padding=&#8220;||||false|false&#8220; custom_css_main_element=&#8220;width: 80%!important;&#8220; global_colors_info=&#8220;{}&#8220;][et_pb_text _builder_version=&#8220;4.17.0&#8243; _module_preset=&#8220;default&#8220; width=&#8220;100%&#8220; custom_margin=&#8220;|||10px|false|false&#8220; custom_padding=&#8220;1px|||||&#8220; hover_enabled=&#8220;0&#8243; global_colors_info=&#8220;{}&#8220; sticky_enabled=&#8220;0&#8243;]<h3><a href=\"https:\/\/www.gruendach-technik.de\/gdt\/pflege-und-wartung\/\"><strong>GDT Pflege und Wartung \u00bb<\/strong><\/a><\/h3>\n<p>Bei allen Begr\u00fcnungsformen sind Pflegema\u00dfnahmen notwendig, um einen dauerhaften Pflanzenbestand und eine funktionst\u00fcchtige Dachbegr\u00fcnung zu gew\u00e4hrleisten.<\/p>\n<p><span style=\"color: #009640;\"><\/span><\/p>\n<p><a href=\"\/wp4\/vorteile-dachbegruenung\/\"><span style=\"color: #000000;\"><\/span><\/a><\/p>[\/et_pb_text][\/et_pb_column][\/et_pb_row][et_pb_row column_structure=&#8220;1_4,3_4&#8243; use_custom_gutter=&#8220;on&#8220; gutter_width=&#8220;3&#8243; _builder_version=&#8220;4.23.1&#8243; _module_preset=&#8220;default&#8220; height=&#8220;100%&#8220; global_colors_info=&#8220;{}&#8220;][et_pb_column type=&#8220;1_4&#8243; _builder_version=&#8220;4.23.1&#8243; _module_preset=&#8220;default&#8220; custom_css_main_element=&#8220;width: 8%!important;&#8220; global_colors_info=&#8220;{}&#8220;][et_pb_image src=&#8220;https:\/\/www.gruendach-technik.de\/gdt\/wp-content\/uploads\/2015\/05\/a_einbr_1.gif&#8220; title_text=&#8220;a_einbr_1&#8243; _builder_version=&#8220;4.17.0&#8243; _module_preset=&#8220;default&#8220; hover_enabled=&#8220;0&#8243; border_width_all=&#8220;1px&#8220; box_shadow_style=&#8220;preset1&#8243; global_colors_info=&#8220;{}&#8220; sticky_enabled=&#8220;0&#8243;][\/et_pb_image][\/et_pb_column][et_pb_column type=&#8220;3_4&#8243; _builder_version=&#8220;4.23.1&#8243; _module_preset=&#8220;default&#8220; custom_padding=&#8220;||||false|false&#8220; custom_css_main_element=&#8220;width: 80%!important;&#8220; global_colors_info=&#8220;{}&#8220;][et_pb_text _builder_version=&#8220;4.17.0&#8243; _module_preset=&#8220;default&#8220; width=&#8220;100%&#8220; custom_margin=&#8220;|||10px|false|false&#8220; custom_padding=&#8220;1px|||||&#8220; hover_enabled=&#8220;0&#8243; global_colors_info=&#8220;{}&#8220; sticky_enabled=&#8220;0&#8243;]<h3><a href=\"https:\/\/www.gruendach-technik.de\/gdt\/pflanzeneinbringungsarten\/\"><strong>Pflanzeneinbringung \u00bb<\/strong><\/a><\/h3>\n<p><span style=\"color: #000000;\">Die Pflanzeneinbringung bei extensiven Dachbegr\u00fcnungen kann je nach Dachfl\u00e4che und Anforderungen mit unterschiedlichen Methoden erfolgen.<\/span><span style=\"color: #009640;\"><\/span><span style=\"color: #009640;\"><\/span><a href=\"\/wp4\/vorteile-dachbegruenung\/\"><span style=\"color: #000000;\"><\/span><\/a><\/p>[\/et_pb_text][\/et_pb_column][\/et_pb_row][et_pb_row column_structure=&#8220;1_4,3_4&#8243; use_custom_gutter=&#8220;on&#8220; gutter_width=&#8220;3&#8243; _builder_version=&#8220;4.23.1&#8243; _module_preset=&#8220;default&#8220; height=&#8220;100%&#8220; global_colors_info=&#8220;{}&#8220;][et_pb_column type=&#8220;1_4&#8243; _builder_version=&#8220;4.23.1&#8243; _module_preset=&#8220;default&#8220; custom_css_main_element=&#8220;width: 8%!important;&#8220; global_colors_info=&#8220;{}&#8220;][et_pb_image src=&#8220;https:\/\/www.gruendach-technik.de\/gdt\/wp-content\/uploads\/2015\/05\/a_norm_1.gif&#8220; title_text=&#8220;a_norm_1&#8243; _builder_version=&#8220;4.17.0&#8243; _module_preset=&#8220;default&#8220; hover_enabled=&#8220;0&#8243; border_width_all=&#8220;1px&#8220; box_shadow_style=&#8220;preset1&#8243; global_colors_info=&#8220;{}&#8220; sticky_enabled=&#8220;0&#8243;][\/et_pb_image][\/et_pb_column][et_pb_column type=&#8220;3_4&#8243; _builder_version=&#8220;4.23.1&#8243; _module_preset=&#8220;default&#8220; custom_padding=&#8220;||||false|false&#8220; custom_css_main_element=&#8220;width: 80%!important;&#8220; global_colors_info=&#8220;{}&#8220;][et_pb_text _builder_version=&#8220;4.17.0&#8243; _module_preset=&#8220;default&#8220; width=&#8220;100%&#8220; custom_margin=&#8220;|||10px|false|false&#8220; custom_padding=&#8220;1px|||||&#8220; hover_enabled=&#8220;0&#8243; global_colors_info=&#8220;{}&#8220; sticky_enabled=&#8220;0&#8243;]<h3><a href=\"https:\/\/www.gruendach-technik.de\/gdt\/normen-und-vorschriften\/\"><strong>Normen und Vorschriften \u00bb<\/strong><\/a><span style=\"color: #009640;\"><\/span><span style=\"color: #009640;\"><\/span><\/h3>\n<p>Die Normen und Vorschriften, die all unseren Projekten zu Grunde liegen.<\/p>\n<p><span style=\"color: #000000;\"><\/span><span style=\"color: #009640;\"><\/span><span style=\"color: #009640;\"><\/span><a href=\"\/wp4\/vorteile-dachbegruenung\/\"><span style=\"color: #000000;\"><\/span><\/a><\/p>[\/et_pb_text][\/et_pb_column][\/et_pb_row][et_pb_row use_custom_gutter=&#8220;on&#8220; gutter_width=&#8220;3&#8243; _builder_version=&#8220;4.23.1&#8243; _module_preset=&#8220;default&#8220; height=&#8220;100%&#8220; global_colors_info=&#8220;{}&#8220;][et_pb_column type=&#8220;4_4&#8243; _builder_version=&#8220;4.23.1&#8243; _module_preset=&#8220;default&#8220; global_colors_info=&#8220;{}&#8220;][et_pb_text _builder_version=&#8220;4.23.1&#8243; _module_preset=&#8220;default&#8220; max_width=&#8220;1100px&#8220; global_colors_info=&#8220;{}&#8220;]<h3><strong><\/strong><\/h3>\n<h3><strong><\/strong><\/h3>\n<h3><strong>Wir sind Mitglied in folgenden Fachverb\u00e4nden:<\/strong><\/h3>[\/et_pb_text][\/et_pb_column][\/et_pb_row][et_pb_row column_structure=&#8220;1_4,3_4&#8243; use_custom_gutter=&#8220;on&#8220; gutter_width=&#8220;3&#8243; _builder_version=&#8220;4.23.1&#8243; _module_preset=&#8220;default&#8220; height=&#8220;100%&#8220; global_colors_info=&#8220;{}&#8220;][et_pb_column type=&#8220;1_4&#8243; _builder_version=&#8220;4.23.1&#8243; _module_preset=&#8220;default&#8220; custom_css_main_element=&#8220;width: 8%!important;&#8220; global_colors_info=&#8220;{}&#8220;][et_pb_image src=&#8220;https:\/\/www.gruendach-technik.de\/gdt\/wp-content\/uploads\/2021\/04\/l_bugg3_footer.jpg&#8220; title_text=&#8220;l_bugg3_footer&#8220; _builder_version=&#8220;4.17.0&#8243; _module_preset=&#8220;default&#8220; width=&#8220;150px&#8220; hover_enabled=&#8220;0&#8243; border_width_all=&#8220;1px&#8220; box_shadow_style=&#8220;preset1&#8243; global_colors_info=&#8220;{}&#8220; sticky_enabled=&#8220;0&#8243;][\/et_pb_image][\/et_pb_column][et_pb_column type=&#8220;3_4&#8243; _builder_version=&#8220;4.23.1&#8243; _module_preset=&#8220;default&#8220; custom_padding=&#8220;||||false|false&#8220; custom_css_main_element=&#8220;width: 80%!important;&#8220; global_colors_info=&#8220;{}&#8220;][et_pb_text _builder_version=&#8220;4.24.0&#8243; _module_preset=&#8220;default&#8220; width=&#8220;100%&#8220; custom_margin=&#8220;|||10px|false|false&#8220; custom_padding=&#8220;1px|||||&#8220; global_colors_info=&#8220;{}&#8220;]<h3><a href=\"https:\/\/www.gebaeudegruen.info\/\"><strong><span style=\"color: #009640;\"><span style=\"color: #009640;\">BuGG<br \/>Bundesverband Geb\u00e4udeGr\u00fcn e. V.<\/span><\/span><\/strong><\/a><\/h3>\n<p><span style=\"color: #000000;\"><\/span><span style=\"color: #009640;\"><\/span><span style=\"color: #009640;\"><\/span><a href=\"\/wp4\/vorteile-dachbegruenung\/\"><span style=\"color: #000000;\"><\/span><\/a><\/p>[\/et_pb_text][\/et_pb_column][\/et_pb_row][et_pb_row column_structure=&#8220;1_4,3_4&#8243; use_custom_gutter=&#8220;on&#8220; gutter_width=&#8220;3&#8243; _builder_version=&#8220;4.23.1&#8243; _module_preset=&#8220;default&#8220; height=&#8220;100%&#8220; global_colors_info=&#8220;{}&#8220;][et_pb_column type=&#8220;1_4&#8243; _builder_version=&#8220;4.23.1&#8243; _module_preset=&#8220;default&#8220; custom_css_main_element=&#8220;width: 8%!important;&#8220; global_colors_info=&#8220;{}&#8220;][et_pb_image src=&#8220;https:\/\/www.gruendach-technik.de\/gdt\/wp-content\/uploads\/2015\/06\/FLL_76.jpg&#8220; title_text=&#8220;FLL_76&#8243; force_fullwidth=&#8220;on&#8220; _builder_version=&#8220;4.17.0&#8243; _module_preset=&#8220;default&#8220; hover_enabled=&#8220;0&#8243; border_width_all=&#8220;1px&#8220; box_shadow_style=&#8220;preset1&#8243; global_colors_info=&#8220;{}&#8220; sticky_enabled=&#8220;0&#8243;][\/et_pb_image][\/et_pb_column][et_pb_column type=&#8220;3_4&#8243; _builder_version=&#8220;4.23.1&#8243; _module_preset=&#8220;default&#8220; custom_padding=&#8220;||||false|false&#8220; custom_css_main_element=&#8220;width: 80%!important;&#8220; global_colors_info=&#8220;{}&#8220;][et_pb_text _builder_version=&#8220;4.23.1&#8243; _module_preset=&#8220;default&#8220; width=&#8220;100%&#8220; custom_margin=&#8220;|||10px|false|false&#8220; custom_padding=&#8220;1px|||||&#8220; global_colors_info=&#8220;{}&#8220;]<h3><span style=\"color: #009640;\"><span style=\"color: #009640;\"><span style=\"color: #009640;\"><strong><a href=\"https:\/\/www.fll.de\/\">FLL<br \/>Forschungsgesellschaft Landschaftsentwicklung Landschaftsbau e. V. \u00bb<\/a><\/strong><\/span><\/span><\/span><span style=\"text-decoration: underline;\"><span style=\"color: #009640; text-decoration: underline;\"><span style=\"color: #009640;\"><span style=\"color: #333333;\"><\/span><\/span><\/span><\/span><span style=\"text-decoration: underline;\"><span style=\"color: #009640; text-decoration: underline;\"><span style=\"color: #009640;\"><a style=\"color: #009640;\" href=\"https:\/\/www.fll.de\/\" target=\"_blank\" rel=\"noopener noreferrer\"><\/a><\/span><\/span><\/span><\/h3>\n<p>&nbsp;<\/p>\n<p><span style=\"color: #000000;\"><\/span><span style=\"color: #009640;\"><\/span><span style=\"color: #009640;\"><\/span><a href=\"\/wp4\/vorteile-dachbegruenung\/\"><span style=\"color: #000000;\"><\/span><\/a><\/p>[\/et_pb_text][\/et_pb_column][\/et_pb_row][\/et_pb_section]\n","protected":false},"excerpt":{"rendered":"<p>Gr\u00fcndach-Informationen Wissenswertes: BuGG-Marktreport Geb\u00e4udegr\u00fcn Dach-, Fassaden- und Innenraumbegr\u00fcnung Deutschland&#8230;\u00bb Der BuGG-Marktreport Geb\u00e4udegr\u00fcn informiert \u00fcber wichtige und aktuelle Themen zum Thema Dachbegr\u00fcnung. Vorteile einer Dachbegr\u00fcnung Gr\u00fcnfl\u00e4chen auf dem Dach f\u00fchren zu sp\u00fcrbaren Vorteilen und Verbesserungen in vielen Bereichen \u00bbGDT Extensive Dachbegr\u00fcnungen \u00bb Gro\u00dfe und kleine extensive Dachbegr\u00fcnungen lassen sich mit dem Schichtaufbau \u201eSteinrosenflur\u201c facettenreich umsetzen. GDT [&hellip;]<\/p>\n","protected":false},"author":1,"featured_media":0,"parent":0,"menu_order":0,"comment_status":"closed","ping_status":"closed","template":"","meta":{"_et_pb_use_builder":"on","_et_pb_old_content":"","_et_gb_content_width":"","footnotes":""},"class_list":["post-1958","page","type-page","status-publish","hentry"],"yoast_head":"<!-- This site is optimized with the Yoast SEO Premium plugin v22.1 (Yoast SEO v22.1) - https:\/\/yoast.com\/wordpress\/plugins\/seo\/ -->\n<title>Gr\u00fcndach-Information - GDT Gr\u00fcndachtechnik GmbH<\/title>\n<meta name=\"description\" content=\"Gr\u00fcndach-Informationen, extensive und intensive Dachbegr\u00fcnungen, Retentions- und Photovoltaik-Dachbegr\u00fcnungen, Pflege und Wartung\" \/>\n<meta name=\"robots\" content=\"index, follow, max-snippet:-1, max-image-preview:large, max-video-preview:-1\" \/>\n<link rel=\"canonical\" href=\"https:\/\/www.gruendach-technik.de\/gdt\/gruendach-information\/\" \/>\n<meta property=\"og:locale\" content=\"de_DE\" \/>\n<meta property=\"og:type\" content=\"article\" \/>\n<meta property=\"og:title\" content=\"Gr\u00fcndach-Information\" \/>\n<meta property=\"og:description\" content=\"Gr\u00fcndach-Informationen, extensive und intensive Dachbegr\u00fcnungen, Retentions- und Photovoltaik-Dachbegr\u00fcnungen, Pflege und Wartung\" \/>\n<meta property=\"og:url\" content=\"https:\/\/www.gruendach-technik.de\/gdt\/gruendach-information\/\" \/>\n<meta property=\"og:site_name\" content=\"GDT Gr\u00fcndachtechnik GmbH\" \/>\n<meta property=\"article:modified_time\" content=\"2024-07-31T21:03:09+00:00\" \/>\n<meta property=\"og:image\" content=\"https:\/\/www.gruendach-technik.de\/gdt\/wp-content\/uploads\/2024\/03\/G_ppingen-LRA-2007-100621-800.jpg\" \/>\n\t<meta property=\"og:image:width\" content=\"1200\" \/>\n\t<meta property=\"og:image:height\" content=\"800\" \/>\n\t<meta property=\"og:image:type\" content=\"image\/jpeg\" \/>\n<meta name=\"twitter:card\" content=\"summary_large_image\" \/>\n<meta name=\"twitter:label1\" content=\"Gesch\u00e4tzte Lesezeit\" \/>\n\t<meta name=\"twitter:data1\" content=\"5\u00a0Minuten\" \/>\n<script type=\"application\/ld+json\" class=\"yoast-schema-graph\">{\"@context\":\"https:\/\/schema.org\",\"@graph\":[{\"@type\":\"WebPage\",\"@id\":\"https:\/\/www.gruendach-technik.de\/gdt\/gruendach-information\/\",\"url\":\"https:\/\/www.gruendach-technik.de\/gdt\/gruendach-information\/\",\"name\":\"Gr\u00fcndach-Information - GDT Gr\u00fcndachtechnik GmbH\",\"isPartOf\":{\"@id\":\"https:\/\/www.gruendach-technik.de\/gdt\/#website\"},\"datePublished\":\"2024-02-10T13:16:50+00:00\",\"dateModified\":\"2024-07-31T21:03:09+00:00\",\"description\":\"Gr\u00fcndach-Informationen, extensive und intensive Dachbegr\u00fcnungen, Retentions- und Photovoltaik-Dachbegr\u00fcnungen, Pflege und Wartung\",\"breadcrumb\":{\"@id\":\"https:\/\/www.gruendach-technik.de\/gdt\/gruendach-information\/#breadcrumb\"},\"inLanguage\":\"de\",\"potentialAction\":[{\"@type\":\"ReadAction\",\"target\":[\"https:\/\/www.gruendach-technik.de\/gdt\/gruendach-information\/\"]}]},{\"@type\":\"BreadcrumbList\",\"@id\":\"https:\/\/www.gruendach-technik.de\/gdt\/gruendach-information\/#breadcrumb\",\"itemListElement\":[{\"@type\":\"ListItem\",\"position\":1,\"name\":\"Startseite\",\"item\":\"https:\/\/www.gruendach-technik.de\/gdt\/\"},{\"@type\":\"ListItem\",\"position\":2,\"name\":\"Gr\u00fcndach-Information\"}]},{\"@type\":\"WebSite\",\"@id\":\"https:\/\/www.gruendach-technik.de\/gdt\/#website\",\"url\":\"https:\/\/www.gruendach-technik.de\/gdt\/\",\"name\":\"GDT Gr\u00fcndachtechnik GmbH\",\"description\":\"Dachbegr\u00fcnungen, Ihr Partner f\u00fcr gr\u00fcne D\u00e4cher\",\"publisher\":{\"@id\":\"https:\/\/www.gruendach-technik.de\/gdt\/#organization\"},\"alternateName\":\"GDT - Ihr Partner f\u00fcr gr\u00fcne D\u00e4cher\",\"potentialAction\":[{\"@type\":\"SearchAction\",\"target\":{\"@type\":\"EntryPoint\",\"urlTemplate\":\"https:\/\/www.gruendach-technik.de\/gdt\/?s={search_term_string}\"},\"query-input\":\"required name=search_term_string\"}],\"inLanguage\":\"de\"},{\"@type\":\"Organization\",\"@id\":\"https:\/\/www.gruendach-technik.de\/gdt\/#organization\",\"name\":\"GDT Gr\u00fcndachtechnik GmbH\",\"url\":\"https:\/\/www.gruendach-technik.de\/gdt\/\",\"logo\":{\"@type\":\"ImageObject\",\"inLanguage\":\"de\",\"@id\":\"https:\/\/www.gruendach-technik.de\/gdt\/#\/schema\/logo\/image\/\",\"url\":\"https:\/\/www.gruendach-technik.de\/gdt\/wp-content\/uploads\/2024\/01\/GDT-Gruendachtechnik-Ihr-Partner-fuer-gruene-Daecher_3.jpg\",\"contentUrl\":\"https:\/\/www.gruendach-technik.de\/gdt\/wp-content\/uploads\/2024\/01\/GDT-Gruendachtechnik-Ihr-Partner-fuer-gruene-Daecher_3.jpg\",\"width\":1230,\"height\":506,\"caption\":\"GDT Gr\u00fcndachtechnik GmbH\"},\"image\":{\"@id\":\"https:\/\/www.gruendach-technik.de\/gdt\/#\/schema\/logo\/image\/\"}}]}<\/script>\n<!-- \/ Yoast SEO Premium plugin. -->","yoast_head_json":{"title":"Gr\u00fcndach-Information - GDT Gr\u00fcndachtechnik GmbH","description":"Gr\u00fcndach-Informationen, extensive und intensive Dachbegr\u00fcnungen, Retentions- und Photovoltaik-Dachbegr\u00fcnungen, Pflege und Wartung","robots":{"index":"index","follow":"follow","max-snippet":"max-snippet:-1","max-image-preview":"max-image-preview:large","max-video-preview":"max-video-preview:-1"},"canonical":"https:\/\/www.gruendach-technik.de\/gdt\/gruendach-information\/","og_locale":"de_DE","og_type":"article","og_title":"Gr\u00fcndach-Information","og_description":"Gr\u00fcndach-Informationen, extensive und intensive Dachbegr\u00fcnungen, Retentions- und Photovoltaik-Dachbegr\u00fcnungen, Pflege und Wartung","og_url":"https:\/\/www.gruendach-technik.de\/gdt\/gruendach-information\/","og_site_name":"GDT Gr\u00fcndachtechnik GmbH","article_modified_time":"2024-07-31T21:03:09+00:00","og_image":[{"width":1200,"height":800,"url":"https:\/\/www.gruendach-technik.de\/gdt\/wp-content\/uploads\/2024\/03\/G_ppingen-LRA-2007-100621-800.jpg","type":"image\/jpeg"}],"twitter_card":"summary_large_image","twitter_misc":{"Gesch\u00e4tzte Lesezeit":"5\u00a0Minuten"},"schema":{"@context":"https:\/\/schema.org","@graph":[{"@type":"WebPage","@id":"https:\/\/www.gruendach-technik.de\/gdt\/gruendach-information\/","url":"https:\/\/www.gruendach-technik.de\/gdt\/gruendach-information\/","name":"Gr\u00fcndach-Information - GDT Gr\u00fcndachtechnik GmbH","isPartOf":{"@id":"https:\/\/www.gruendach-technik.de\/gdt\/#website"},"datePublished":"2024-02-10T13:16:50+00:00","dateModified":"2024-07-31T21:03:09+00:00","description":"Gr\u00fcndach-Informationen, extensive und intensive Dachbegr\u00fcnungen, Retentions- und Photovoltaik-Dachbegr\u00fcnungen, Pflege und Wartung","breadcrumb":{"@id":"https:\/\/www.gruendach-technik.de\/gdt\/gruendach-information\/#breadcrumb"},"inLanguage":"de","potentialAction":[{"@type":"ReadAction","target":["https:\/\/www.gruendach-technik.de\/gdt\/gruendach-information\/"]}]},{"@type":"BreadcrumbList","@id":"https:\/\/www.gruendach-technik.de\/gdt\/gruendach-information\/#breadcrumb","itemListElement":[{"@type":"ListItem","position":1,"name":"Startseite","item":"https:\/\/www.gruendach-technik.de\/gdt\/"},{"@type":"ListItem","position":2,"name":"Gr\u00fcndach-Information"}]},{"@type":"WebSite","@id":"https:\/\/www.gruendach-technik.de\/gdt\/#website","url":"https:\/\/www.gruendach-technik.de\/gdt\/","name":"GDT Gr\u00fcndachtechnik GmbH","description":"Dachbegr\u00fcnungen, Ihr Partner f\u00fcr gr\u00fcne D\u00e4cher","publisher":{"@id":"https:\/\/www.gruendach-technik.de\/gdt\/#organization"},"alternateName":"GDT - Ihr Partner f\u00fcr gr\u00fcne D\u00e4cher","potentialAction":[{"@type":"SearchAction","target":{"@type":"EntryPoint","urlTemplate":"https:\/\/www.gruendach-technik.de\/gdt\/?s={search_term_string}"},"query-input":"required name=search_term_string"}],"inLanguage":"de"},{"@type":"Organization","@id":"https:\/\/www.gruendach-technik.de\/gdt\/#organization","name":"GDT Gr\u00fcndachtechnik GmbH","url":"https:\/\/www.gruendach-technik.de\/gdt\/","logo":{"@type":"ImageObject","inLanguage":"de","@id":"https:\/\/www.gruendach-technik.de\/gdt\/#\/schema\/logo\/image\/","url":"https:\/\/www.gruendach-technik.de\/gdt\/wp-content\/uploads\/2024\/01\/GDT-Gruendachtechnik-Ihr-Partner-fuer-gruene-Daecher_3.jpg","contentUrl":"https:\/\/www.gruendach-technik.de\/gdt\/wp-content\/uploads\/2024\/01\/GDT-Gruendachtechnik-Ihr-Partner-fuer-gruene-Daecher_3.jpg","width":1230,"height":506,"caption":"GDT Gr\u00fcndachtechnik GmbH"},"image":{"@id":"https:\/\/www.gruendach-technik.de\/gdt\/#\/schema\/logo\/image\/"}}]}},"_links":{"self":[{"href":"https:\/\/www.gruendach-technik.de\/gdt\/wp-json\/wp\/v2\/pages\/1958","targetHints":{"allow":["GET"]}}],"collection":[{"href":"https:\/\/www.gruendach-technik.de\/gdt\/wp-json\/wp\/v2\/pages"}],"about":[{"href":"https:\/\/www.gruendach-technik.de\/gdt\/wp-json\/wp\/v2\/types\/page"}],"author":[{"embeddable":true,"href":"https:\/\/www.gruendach-technik.de\/gdt\/wp-json\/wp\/v2\/users\/1"}],"replies":[{"embeddable":true,"href":"https:\/\/www.gruendach-technik.de\/gdt\/wp-json\/wp\/v2\/comments?post=1958"}],"version-history":[{"count":2,"href":"https:\/\/www.gruendach-technik.de\/gdt\/wp-json\/wp\/v2\/pages\/1958\/revisions"}],"predecessor-version":[{"id":2968,"href":"https:\/\/www.gruendach-technik.de\/gdt\/wp-json\/wp\/v2\/pages\/1958\/revisions\/2968"}],"wp:attachment":[{"href":"https:\/\/www.gruendach-technik.de\/gdt\/wp-json\/wp\/v2\/media?parent=1958"}],"curies":[{"name":"wp","href":"https:\/\/api.w.org\/{rel}","templated":true}]}}