{"id":1863,"date":"2024-01-25T21:43:19","date_gmt":"2024-01-25T21:43:19","guid":{"rendered":"https:\/\/www.gruendach-technik.de\/wp4\/?page_id=1863"},"modified":"2025-08-01T13:42:04","modified_gmt":"2025-08-01T11:42:04","slug":"pflege-und-wartung","status":"publish","type":"page","link":"https:\/\/www.gruendach-technik.de\/gdt\/pflege-und-wartung\/","title":{"rendered":"Pflege und Wartung"},"content":{"rendered":"<p>[et_pb_section fb_built=&#8220;1&#8243; fullwidth=&#8220;on&#8220; _builder_version=&#8220;4.23.1&#8243; _module_preset=&#8220;default&#8220; global_colors_info=&#8220;{}&#8220;][et_pb_fullwidth_image src=&#8220;https:\/\/www.gruendach-technik.de\/gdt\/wp-content\/uploads\/2024\/03\/POZ-DSC02388-600_2.jpg&#8220; title_text=&#8220;POZ-DSC02388-600_2&#8243; _builder_version=&#8220;4.17.0&#8243; _module_preset=&#8220;default&#8220; box_shadow_style=&#8220;preset6&#8243; global_colors_info=&#8220;{}&#8220;][\/et_pb_fullwidth_image][\/et_pb_section][et_pb_section fb_built=&#8220;1&#8243; inner_shadow=&#8220;on&#8220; _builder_version=&#8220;4.23.1&#8243; _module_preset=&#8220;default&#8220; width=&#8220;100%&#8220; max_width=&#8220;100%&#8220; custom_margin=&#8220;0px|0px|0px|0px|false|false&#8220; custom_padding=&#8220;0px|0px|0px|0px|false|false&#8220; global_colors_info=&#8220;{}&#8220;][et_pb_row use_custom_gutter=&#8220;on&#8220; _builder_version=&#8220;4.23.1&#8243; _module_preset=&#8220;default&#8220; min_height=&#8220;100%&#8220; height=&#8220;100%&#8220; max_height=&#8220;100%&#8220; global_colors_info=&#8220;{}&#8220;][et_pb_column type=&#8220;4_4&#8243; _builder_version=&#8220;4.23.1&#8243; _module_preset=&#8220;default&#8220; global_colors_info=&#8220;{}&#8220;][et_pb_text _builder_version=&#8220;4.23.1&#8243; _module_preset=&#8220;default&#8220; header_font=&#8220;|600|||||||&#8220; header_font_size=&#8220;40px&#8220; custom_margin=&#8220;10px||-30px||false|false&#8220; header_text_shadow_style=&#8220;preset3&#8243; header_text_shadow_horizontal_length=&#8220;0.01em&#8220; header_text_shadow_vertical_length=&#8220;0.05em&#8220; header_text_shadow_blur_strength=&#8220;0.32em&#8220; global_colors_info=&#8220;{}&#8220;]<\/p>\n<div id=\"main_content\">\n<article class=\"entry post clearfix\">\n<h1 class=\"main_title\">Pflege und Wartung<\/h1>\n<\/article>\n<\/div>\n<p>[\/et_pb_text][\/et_pb_column][\/et_pb_row][et_pb_row column_structure=&#8220;1_3,1_3,1_3&#8243; _builder_version=&#8220;4.23.1&#8243; _module_preset=&#8220;default&#8220; global_colors_info=&#8220;{}&#8220;][et_pb_column type=&#8220;1_3&#8243; _builder_version=&#8220;4.23.1&#8243; _module_preset=&#8220;default&#8220; global_colors_info=&#8220;{}&#8220;][et_pb_image src=&#8220;https:\/\/www.gruendach-technik.de\/gdt\/wp-content\/uploads\/2024\/03\/Seelaender-Areal-Herrenberg-2022-009-800.jpg&#8220; title_text=&#8220;Seel\u00e4nder-Areal-Herrenberg-2022-009-800&#8243; show_in_lightbox=&#8220;on&#8220; _builder_version=&#8220;4.17.0&#8243; _module_preset=&#8220;default&#8220; box_shadow_style=&#8220;preset1&#8243; global_colors_info=&#8220;{}&#8220;][\/et_pb_image][et_pb_text _builder_version=&#8220;4.23.1&#8243; _module_preset=&#8220;default&#8220; global_colors_info=&#8220;{}&#8220;]<\/p>\n<h1><span style=\"color: #000000;\"><strong>Allgemeine Hinweise:<\/strong><\/span><\/h1>\n<p>Bei allen Begr\u00fcnungsformen sind Pflegema\u00dfnahmen notwendig, um einen dauerhaften Pflanzenbestand und eine funktionst\u00fcchtige Dachbegr\u00fcnung<br \/>zu gew\u00e4hrleisten. Bei extensiven Begr\u00fcnungen wird hierbei wie folgt unterschieden:<\/p>\n<h2><strong>Fertigstellungspflege<\/strong><\/h2>\n<p>Pflege der Dachbegr\u00fcnung zur Erzielung der entsprechenden Fl\u00e4chendeckung bei Aussaat und Verwurzelung der Flachballenpflanzen und Vegetationsmatte mit dem Substrat.<\/p>\n<h2><strong>Entwicklungspflege<\/strong><\/h2>\n<p>Pflege der Fl\u00e4che nach Abschluss der Fertigstellungspflege \u00fcber einen begrenzten Zeitraum zur F\u00f6rderung der Vegetation, in der Regel 1 Jahr.<\/p>\n<h2><strong>Wartung<\/strong><\/h2>\n<p>Pflege zur dauerhaften Erhaltung eines funktionsf\u00e4higen Zustandes. Die Unterhaltungspflege\/Wartung sollte 1-2x j\u00e4hrlich durchgef\u00fchrt werden.<br \/>Bei erh\u00f6hten Anforderungen und\/ bzw. bei Intensivbegr\u00fcnungen k\u00f6nnen Pflegedurchg\u00e4nge je nach Bedarf 2-6x pro Jahr n\u00f6tig werden.<\/p>\n<p>Kies, Sicherheitsstreifen, Wartungswege usw. sind in die Ma\u00dfnahmen mit einzuschlie\u00dfen.<\/p>\n<p>[\/et_pb_text][et_pb_text _builder_version=&#8220;4.17.0&#8243; _module_preset=&#8220;default&#8220; link_option_url=&#8220;https:\/\/www.gruendach-technik.de\/wp_260424\/kontakt\/#pflege-und-wartung&#8220; global_colors_info=&#8220;{}&#8220;]<\/p>\n<p><strong>Gerne ber\u00e4t Sie unser Team f\u00fcr<\/strong><br \/><strong><a href=\"https:\/\/www.gruendach-technik.de\/wp_260424\/kontakt\/#pflege-und-wartung\"><\/a><\/strong><\/p>\n<h1><span style=\"color: #808080;\"><strong>Pflege und Wartung<\/strong><\/span><\/h1>\n<p><strong><a href=\"https:\/\/www.gruendach-technik.de\/wp_260424\/kontakt\/#pflege-und-wartung\"><\/a><\/strong><\/p>\n<p>[\/et_pb_text][\/et_pb_column][et_pb_column type=&#8220;1_3&#8243; _builder_version=&#8220;4.23.1&#8243; _module_preset=&#8220;default&#8220; global_colors_info=&#8220;{}&#8220;][et_pb_image src=&#8220;https:\/\/www.gruendach-technik.de\/gdt\/wp-content\/uploads\/2016\/12\/2307_310x200.jpg&#8220; title_text=&#8220;2307_310x200&#8243; show_in_lightbox=&#8220;on&#8220; force_fullwidth=&#8220;on&#8220; _builder_version=&#8220;4.17.0&#8243; _module_preset=&#8220;default&#8220; box_shadow_style=&#8220;preset1&#8243; global_colors_info=&#8220;{}&#8220;][\/et_pb_image][et_pb_text _builder_version=&#8220;4.23.1&#8243; _module_preset=&#8220;default&#8220; global_colors_info=&#8220;{}&#8220;]<\/p>\n<h1><span style=\"color: #000000;\"><strong>Einzelma\u00dfnahmen:<\/strong><\/span><\/h1>\n<h2><strong>D\u00fcngen<\/strong><\/h2>\n<p>In Abh\u00e4ngigkeit von den Substraten kann sich eine Nachd\u00fcngung auch bei extensiven Begr\u00fcnungen g\u00fcnstig auf das Pflanzenwachstum bzw. Vitalit\u00e4t auswirken. Als D\u00fcnger eignen sich organische D\u00fcngemittel sowie mineralische Langzeitd\u00fcnger, die im Fr\u00fchjahr ausgestreut werden.<\/p>\n<h2><strong>Entfernen von Fremdaufwuchs<\/strong><\/h2>\n<p>Durch nat\u00fcrliche Prozesse (Windflug, Samen\u00fcbertragung durch V\u00f6gel) kann sich die Pflanzenzusammensetzung ver\u00e4ndern und das darf toleriert werden. Entfernt werden sollten Geh\u00f6lzs\u00e4mlinge, Disteln und andere wuchernde Nebenkr\u00e4uter. Soll eine bestimmte Pflanzung erhalten bleiben, kann sich der Pflegeaufwand stark erh\u00f6hen.<\/p>\n<h2><strong>An- und Abschl\u00fcsse<\/strong><\/h2>\n<p>Dachrandbereiche, Bereiche um Dachdurchdringungen (z.B. Lichtkuppeln) und Abl\u00e4ufe m\u00fcssen kontrolliert und ggf. gereinigt werden. Hoher Bewuchs sollte hier entfernt werden.<\/p>\n<h2><strong>Sicherheitsbestimmungen<\/strong><\/h2>\n<p>Um die Unfallverh\u00fctungsvorschriften einhalten zu k\u00f6nnen, m\u00fcssen z.B. Anschlagpunkte vorhanden sein.<\/p>\n<p>[\/et_pb_text][\/et_pb_column][et_pb_column type=&#8220;1_3&#8243; _builder_version=&#8220;4.23.1&#8243; _module_preset=&#8220;default&#8220; global_colors_info=&#8220;{}&#8220;][et_pb_image src=&#8220;https:\/\/www.gruendach-technik.de\/gdt\/wp-content\/uploads\/2024\/03\/Dachterrasse_01_17099-800.jpg&#8220; title_text=&#8220;Dachterrasse_01_17099-800&#8243; show_in_lightbox=&#8220;on&#8220; _builder_version=&#8220;4.17.0&#8243; _module_preset=&#8220;default&#8220; box_shadow_style=&#8220;preset1&#8243; global_colors_info=&#8220;{}&#8220;][\/et_pb_image][et_pb_text _builder_version=&#8220;4.17.0&#8243; _module_preset=&#8220;default&#8220; hover_enabled=&#8220;0&#8243; global_colors_info=&#8220;{}&#8220; sticky_enabled=&#8220;0&#8243;]<\/p>\n<h1><span style=\"color: #000000;\"><strong>Zus\u00e4tzliche Leistungen:<\/strong><\/span><\/h1>\n<h2><strong>R\u00fcckschnitt\/Mahd<\/strong><\/h2>\n<p>Werden Geh\u00f6lze gepflanzt, sind diese artgerecht zur\u00fcckzuschneiden. Trockene Pflanzenteile auch von h\u00f6heren Stauden sollten abgeschnitten werden. Bei Gras-Kraut-Begr\u00fcnungen ist ein Regenerationsschnitt nach der Samenreife notwendig, damit sich kein dichter Pflanzenfilz bildet.<\/p>\n<h2><strong>Nachbringen von Material<\/strong><\/h2>\n<p>Bei Pflanzenausfall und Erosionssch\u00e4den sind diese durch Nachbringen von Pflanzen und Substrat zu beheben. Bei Sedumbegr\u00fcnungen kann dies auch durch vor Ort geerntete Sprossen erfolgen.<\/p>\n<p>&nbsp;<\/p>\n<p>&nbsp;<\/p>\n<p>[\/et_pb_text][\/et_pb_column][\/et_pb_row][et_pb_row column_structure=&#8220;1_3,1_3,1_3&#8243; use_custom_gutter=&#8220;on&#8220; make_equal=&#8220;on&#8220; _builder_version=&#8220;4.23.1&#8243; _module_preset=&#8220;default&#8220; custom_margin=&#8220;0px||||false|false&#8220; custom_padding=&#8220;0px|||||&#8220; locked=&#8220;off&#8220; global_colors_info=&#8220;{}&#8220;][et_pb_column type=&#8220;1_3&#8243; _builder_version=&#8220;4.23.1&#8243; _module_preset=&#8220;default&#8220; global_colors_info=&#8220;{}&#8220;][et_pb_text _builder_version=&#8220;4.23.1&#8243; _module_preset=&#8220;default&#8220; custom_padding=&#8220;1px|||||&#8220; global_colors_info=&#8220;{}&#8220;]<\/p>\n<article class=\"entry post clearfix\">\n<h2><strong><span style=\"color: #009640;\">Sabine Kettering<\/span><\/strong><strong><span style=\"color: #009640;\"><\/span><\/strong><\/h2>\n<h4><span style=\"color: #000000;\">Telefon 07022\/96320-35<\/span><br \/><span style=\"color: #000000;\">E-Mail:<\/span> <a href=\"mailto:sabine.kettering@gruendachtechnik.de\">sabine.kettering@gruendachtechnik.de<\/a><\/h4>\n<h4><a href=\"mailto:uwe.bleher@gruendachtechnik.de\"><\/a><\/h4>\n<\/article>\n<p>[\/et_pb_text][et_pb_text _builder_version=&#8220;4.23.1&#8243; _module_preset=&#8220;default&#8220; global_colors_info=&#8220;{}&#8220;]<\/p>\n<h4><span style=\"color: #000000;\"><strong>GDT Gr\u00fcndach Pflege und Wartung GmbH<br \/><\/strong><\/span><a href=\"mailto:gdt@gruendachtechnik.de\"><span style=\"color: #009640; text-decoration: underline;\"><\/span><\/a><\/h4>\n<h4><span style=\"color: #4d4d4d;\">Dammstra\u00dfe 4<\/span><br \/><span style=\"color: #4d4d4d;\"> 72669 Unterensingen<\/span><\/h4>\n<h4><span style=\"color: #4d4d4d;\">Telefon: 07022\/96320-0<\/span><br \/><span style=\"color: #4d4d4d;\"> E-Mail: <\/span><a href=\"mailto:pflege@gruendachtechnik.de\"><span style=\"color: #009640;\">pflege@gruendachtechnik.de<\/span><\/a><\/h4>\n<h4><a href=\"mailto:gdt@gruendachtechnik.de\"><span style=\"color: #009640; text-decoration: underline;\"><\/span><\/a><\/h4>\n<p>[\/et_pb_text][\/et_pb_column][et_pb_column type=&#8220;1_3&#8243; _builder_version=&#8220;4.23.1&#8243; _module_preset=&#8220;default&#8220; global_colors_info=&#8220;{}&#8220;][et_pb_text _builder_version=&#8220;4.23.1&#8243; _module_preset=&#8220;default&#8220; global_colors_info=&#8220;{}&#8220;]<\/p>\n<h2><strong><span style=\"color: #009640;\">Justin Olhorn<\/span><\/strong><strong><span style=\"color: #009640;\"><\/span><\/strong><\/h2>\n<h4><span style=\"color: #000000;\">Telefon 07022\/96320-21<\/span><br \/><span style=\"color: #000000;\">E-Mail:<\/span> <a href=\"mailto:justin.olhorn@gruendachtechnik.de\">justin.olhorn@gruendachtechnik.de<\/a><\/h4>\n<p>[\/et_pb_text][\/et_pb_column][et_pb_column type=&#8220;1_3&#8243; _builder_version=&#8220;4.23.1&#8243; _module_preset=&#8220;default&#8220; global_colors_info=&#8220;{}&#8220;][\/et_pb_column][\/et_pb_row][et_pb_row column_structure=&#8220;1_3,1_3,1_3&#8243; _builder_version=&#8220;4.23.1&#8243; _module_preset=&#8220;default&#8220; global_colors_info=&#8220;{}&#8220;][et_pb_column type=&#8220;1_3&#8243; _builder_version=&#8220;4.23.1&#8243; _module_preset=&#8220;default&#8220; global_colors_info=&#8220;{}&#8220;][et_pb_image src=&#8220;https:\/\/www.gruendach-technik.de\/gdt\/wp-content\/uploads\/2024\/03\/DIAMALT-DSC02805-800-1.jpg&#8220; title_text=&#8220;DIAMALT-DSC02805-800&#8243; show_in_lightbox=&#8220;on&#8220; _builder_version=&#8220;4.17.0&#8243; _module_preset=&#8220;default&#8220; box_shadow_style=&#8220;preset1&#8243; global_colors_info=&#8220;{}&#8220;][\/et_pb_image][\/et_pb_column][et_pb_column type=&#8220;1_3&#8243; _builder_version=&#8220;4.23.1&#8243; _module_preset=&#8220;default&#8220; global_colors_info=&#8220;{}&#8220;][et_pb_image src=&#8220;https:\/\/www.gruendach-technik.de\/gdt\/wp-content\/uploads\/2024\/03\/POZ-DSC02543-800.jpg&#8220; title_text=&#8220;POZ-DSC02543-800&#8243; show_in_lightbox=&#8220;on&#8220; _builder_version=&#8220;4.17.0&#8243; _module_preset=&#8220;default&#8220; box_shadow_style=&#8220;preset1&#8243; global_colors_info=&#8220;{}&#8220;][\/et_pb_image][\/et_pb_column][et_pb_column type=&#8220;1_3&#8243; _builder_version=&#8220;4.23.1&#8243; _module_preset=&#8220;default&#8220; global_colors_info=&#8220;{}&#8220;][et_pb_image src=&#8220;https:\/\/www.gruendach-technik.de\/gdt\/wp-content\/uploads\/2024\/03\/Seelaender-Areal-Herrenberg-2022-025-800.jpg&#8220; title_text=&#8220;Seel\u00e4nder-Areal-Herrenberg-2022-025-800&#8243; show_in_lightbox=&#8220;on&#8220; _builder_version=&#8220;4.17.0&#8243; _module_preset=&#8220;default&#8220; box_shadow_style=&#8220;preset1&#8243; global_colors_info=&#8220;{}&#8220;][\/et_pb_image][\/et_pb_column][\/et_pb_row][\/et_pb_section]<\/p>\n","protected":false},"excerpt":{"rendered":"<p>Pflege und Wartung Allgemeine Hinweise: Bei allen Begr\u00fcnungsformen sind Pflegema\u00dfnahmen notwendig, um einen dauerhaften Pflanzenbestand und eine funktionst\u00fcchtige Dachbegr\u00fcnungzu gew\u00e4hrleisten. Bei extensiven Begr\u00fcnungen wird hierbei wie folgt unterschieden: Fertigstellungspflege Pflege der Dachbegr\u00fcnung zur Erzielung der entsprechenden Fl\u00e4chendeckung bei Aussaat und Verwurzelung der Flachballenpflanzen und Vegetationsmatte mit dem Substrat. Entwicklungspflege Pflege der Fl\u00e4che nach Abschluss der [&hellip;]<\/p>\n","protected":false},"author":1,"featured_media":0,"parent":0,"menu_order":0,"comment_status":"closed","ping_status":"closed","template":"","meta":{"_et_pb_use_builder":"on","_et_pb_old_content":"","_et_gb_content_width":"","footnotes":""},"class_list":["post-1863","page","type-page","status-publish","hentry"],"yoast_head":"<!-- This site is optimized with the Yoast SEO Premium plugin v22.1 (Yoast SEO v22.1) - https:\/\/yoast.com\/wordpress\/plugins\/seo\/ -->\n<title>Pflege und Wartung - GDT Gr\u00fcndachtechnik GmbH<\/title>\n<meta name=\"description\" content=\"GDT Gr\u00fcndachtechnik Pflege und Wartung von allen Dachbegr\u00fcnungen f\u00fcr dauerhafte Pflanzenbestand und eine funktionst\u00fcchtige Dachbegr\u00fcnung\" \/>\n<meta name=\"robots\" content=\"index, follow, max-snippet:-1, max-image-preview:large, max-video-preview:-1\" \/>\n<link rel=\"canonical\" href=\"https:\/\/www.gruendach-technik.de\/gdt\/pflege-und-wartung\/\" \/>\n<meta property=\"og:locale\" content=\"de_DE\" \/>\n<meta property=\"og:type\" content=\"article\" \/>\n<meta property=\"og:title\" content=\"Pflege und Wartung\" \/>\n<meta property=\"og:description\" content=\"GDT Gr\u00fcndachtechnik Pflege und Wartung von allen Dachbegr\u00fcnungen f\u00fcr dauerhafte Pflanzenbestand und eine funktionst\u00fcchtige Dachbegr\u00fcnung\" \/>\n<meta property=\"og:url\" content=\"https:\/\/www.gruendach-technik.de\/gdt\/pflege-und-wartung\/\" \/>\n<meta property=\"og:site_name\" content=\"GDT Gr\u00fcndachtechnik GmbH\" \/>\n<meta property=\"article:modified_time\" content=\"2025-08-01T11:42:04+00:00\" \/>\n<meta property=\"og:image\" content=\"https:\/\/www.gruendach-technik.de\/gdt\/wp-content\/uploads\/2024\/03\/G_ppingen-LRA-2007-100621-800.jpg\" \/>\n\t<meta property=\"og:image:width\" content=\"1200\" \/>\n\t<meta property=\"og:image:height\" content=\"800\" \/>\n\t<meta property=\"og:image:type\" content=\"image\/jpeg\" \/>\n<meta name=\"twitter:card\" content=\"summary_large_image\" \/>\n<meta name=\"twitter:label1\" content=\"Gesch\u00e4tzte Lesezeit\" \/>\n\t<meta name=\"twitter:data1\" content=\"4\u00a0Minuten\" \/>\n<script type=\"application\/ld+json\" class=\"yoast-schema-graph\">{\"@context\":\"https:\/\/schema.org\",\"@graph\":[{\"@type\":\"WebPage\",\"@id\":\"https:\/\/www.gruendach-technik.de\/gdt\/pflege-und-wartung\/\",\"url\":\"https:\/\/www.gruendach-technik.de\/gdt\/pflege-und-wartung\/\",\"name\":\"Pflege und Wartung - GDT Gr\u00fcndachtechnik GmbH\",\"isPartOf\":{\"@id\":\"https:\/\/www.gruendach-technik.de\/gdt\/#website\"},\"datePublished\":\"2024-01-25T21:43:19+00:00\",\"dateModified\":\"2025-08-01T11:42:04+00:00\",\"description\":\"GDT Gr\u00fcndachtechnik Pflege und Wartung von allen Dachbegr\u00fcnungen f\u00fcr dauerhafte Pflanzenbestand und eine funktionst\u00fcchtige Dachbegr\u00fcnung\",\"breadcrumb\":{\"@id\":\"https:\/\/www.gruendach-technik.de\/gdt\/pflege-und-wartung\/#breadcrumb\"},\"inLanguage\":\"de\",\"potentialAction\":[{\"@type\":\"ReadAction\",\"target\":[\"https:\/\/www.gruendach-technik.de\/gdt\/pflege-und-wartung\/\"]}]},{\"@type\":\"BreadcrumbList\",\"@id\":\"https:\/\/www.gruendach-technik.de\/gdt\/pflege-und-wartung\/#breadcrumb\",\"itemListElement\":[{\"@type\":\"ListItem\",\"position\":1,\"name\":\"Startseite\",\"item\":\"https:\/\/www.gruendach-technik.de\/gdt\/\"},{\"@type\":\"ListItem\",\"position\":2,\"name\":\"Pflege und Wartung\"}]},{\"@type\":\"WebSite\",\"@id\":\"https:\/\/www.gruendach-technik.de\/gdt\/#website\",\"url\":\"https:\/\/www.gruendach-technik.de\/gdt\/\",\"name\":\"GDT Gr\u00fcndachtechnik GmbH\",\"description\":\"Dachbegr\u00fcnungen, Ihr Partner f\u00fcr gr\u00fcne D\u00e4cher\",\"publisher\":{\"@id\":\"https:\/\/www.gruendach-technik.de\/gdt\/#organization\"},\"alternateName\":\"GDT - Ihr Partner f\u00fcr gr\u00fcne D\u00e4cher\",\"potentialAction\":[{\"@type\":\"SearchAction\",\"target\":{\"@type\":\"EntryPoint\",\"urlTemplate\":\"https:\/\/www.gruendach-technik.de\/gdt\/?s={search_term_string}\"},\"query-input\":\"required name=search_term_string\"}],\"inLanguage\":\"de\"},{\"@type\":\"Organization\",\"@id\":\"https:\/\/www.gruendach-technik.de\/gdt\/#organization\",\"name\":\"GDT Gr\u00fcndachtechnik GmbH\",\"url\":\"https:\/\/www.gruendach-technik.de\/gdt\/\",\"logo\":{\"@type\":\"ImageObject\",\"inLanguage\":\"de\",\"@id\":\"https:\/\/www.gruendach-technik.de\/gdt\/#\/schema\/logo\/image\/\",\"url\":\"https:\/\/www.gruendach-technik.de\/gdt\/wp-content\/uploads\/2024\/01\/GDT-Gruendachtechnik-Ihr-Partner-fuer-gruene-Daecher_3.jpg\",\"contentUrl\":\"https:\/\/www.gruendach-technik.de\/gdt\/wp-content\/uploads\/2024\/01\/GDT-Gruendachtechnik-Ihr-Partner-fuer-gruene-Daecher_3.jpg\",\"width\":1230,\"height\":506,\"caption\":\"GDT Gr\u00fcndachtechnik GmbH\"},\"image\":{\"@id\":\"https:\/\/www.gruendach-technik.de\/gdt\/#\/schema\/logo\/image\/\"}}]}<\/script>\n<!-- \/ Yoast SEO Premium plugin. -->","yoast_head_json":{"title":"Pflege und Wartung - GDT Gr\u00fcndachtechnik GmbH","description":"GDT Gr\u00fcndachtechnik Pflege und Wartung von allen Dachbegr\u00fcnungen f\u00fcr dauerhafte Pflanzenbestand und eine funktionst\u00fcchtige Dachbegr\u00fcnung","robots":{"index":"index","follow":"follow","max-snippet":"max-snippet:-1","max-image-preview":"max-image-preview:large","max-video-preview":"max-video-preview:-1"},"canonical":"https:\/\/www.gruendach-technik.de\/gdt\/pflege-und-wartung\/","og_locale":"de_DE","og_type":"article","og_title":"Pflege und Wartung","og_description":"GDT Gr\u00fcndachtechnik Pflege und Wartung von allen Dachbegr\u00fcnungen f\u00fcr dauerhafte Pflanzenbestand und eine funktionst\u00fcchtige Dachbegr\u00fcnung","og_url":"https:\/\/www.gruendach-technik.de\/gdt\/pflege-und-wartung\/","og_site_name":"GDT Gr\u00fcndachtechnik GmbH","article_modified_time":"2025-08-01T11:42:04+00:00","og_image":[{"width":1200,"height":800,"url":"https:\/\/www.gruendach-technik.de\/gdt\/wp-content\/uploads\/2024\/03\/G_ppingen-LRA-2007-100621-800.jpg","type":"image\/jpeg"}],"twitter_card":"summary_large_image","twitter_misc":{"Gesch\u00e4tzte Lesezeit":"4\u00a0Minuten"},"schema":{"@context":"https:\/\/schema.org","@graph":[{"@type":"WebPage","@id":"https:\/\/www.gruendach-technik.de\/gdt\/pflege-und-wartung\/","url":"https:\/\/www.gruendach-technik.de\/gdt\/pflege-und-wartung\/","name":"Pflege und Wartung - GDT Gr\u00fcndachtechnik GmbH","isPartOf":{"@id":"https:\/\/www.gruendach-technik.de\/gdt\/#website"},"datePublished":"2024-01-25T21:43:19+00:00","dateModified":"2025-08-01T11:42:04+00:00","description":"GDT Gr\u00fcndachtechnik Pflege und Wartung von allen Dachbegr\u00fcnungen f\u00fcr dauerhafte Pflanzenbestand und eine funktionst\u00fcchtige Dachbegr\u00fcnung","breadcrumb":{"@id":"https:\/\/www.gruendach-technik.de\/gdt\/pflege-und-wartung\/#breadcrumb"},"inLanguage":"de","potentialAction":[{"@type":"ReadAction","target":["https:\/\/www.gruendach-technik.de\/gdt\/pflege-und-wartung\/"]}]},{"@type":"BreadcrumbList","@id":"https:\/\/www.gruendach-technik.de\/gdt\/pflege-und-wartung\/#breadcrumb","itemListElement":[{"@type":"ListItem","position":1,"name":"Startseite","item":"https:\/\/www.gruendach-technik.de\/gdt\/"},{"@type":"ListItem","position":2,"name":"Pflege und Wartung"}]},{"@type":"WebSite","@id":"https:\/\/www.gruendach-technik.de\/gdt\/#website","url":"https:\/\/www.gruendach-technik.de\/gdt\/","name":"GDT Gr\u00fcndachtechnik GmbH","description":"Dachbegr\u00fcnungen, Ihr Partner f\u00fcr gr\u00fcne D\u00e4cher","publisher":{"@id":"https:\/\/www.gruendach-technik.de\/gdt\/#organization"},"alternateName":"GDT - Ihr Partner f\u00fcr gr\u00fcne D\u00e4cher","potentialAction":[{"@type":"SearchAction","target":{"@type":"EntryPoint","urlTemplate":"https:\/\/www.gruendach-technik.de\/gdt\/?s={search_term_string}"},"query-input":"required name=search_term_string"}],"inLanguage":"de"},{"@type":"Organization","@id":"https:\/\/www.gruendach-technik.de\/gdt\/#organization","name":"GDT Gr\u00fcndachtechnik GmbH","url":"https:\/\/www.gruendach-technik.de\/gdt\/","logo":{"@type":"ImageObject","inLanguage":"de","@id":"https:\/\/www.gruendach-technik.de\/gdt\/#\/schema\/logo\/image\/","url":"https:\/\/www.gruendach-technik.de\/gdt\/wp-content\/uploads\/2024\/01\/GDT-Gruendachtechnik-Ihr-Partner-fuer-gruene-Daecher_3.jpg","contentUrl":"https:\/\/www.gruendach-technik.de\/gdt\/wp-content\/uploads\/2024\/01\/GDT-Gruendachtechnik-Ihr-Partner-fuer-gruene-Daecher_3.jpg","width":1230,"height":506,"caption":"GDT Gr\u00fcndachtechnik GmbH"},"image":{"@id":"https:\/\/www.gruendach-technik.de\/gdt\/#\/schema\/logo\/image\/"}}]}},"_links":{"self":[{"href":"https:\/\/www.gruendach-technik.de\/gdt\/wp-json\/wp\/v2\/pages\/1863","targetHints":{"allow":["GET"]}}],"collection":[{"href":"https:\/\/www.gruendach-technik.de\/gdt\/wp-json\/wp\/v2\/pages"}],"about":[{"href":"https:\/\/www.gruendach-technik.de\/gdt\/wp-json\/wp\/v2\/types\/page"}],"author":[{"embeddable":true,"href":"https:\/\/www.gruendach-technik.de\/gdt\/wp-json\/wp\/v2\/users\/1"}],"replies":[{"embeddable":true,"href":"https:\/\/www.gruendach-technik.de\/gdt\/wp-json\/wp\/v2\/comments?post=1863"}],"version-history":[{"count":6,"href":"https:\/\/www.gruendach-technik.de\/gdt\/wp-json\/wp\/v2\/pages\/1863\/revisions"}],"predecessor-version":[{"id":3019,"href":"https:\/\/www.gruendach-technik.de\/gdt\/wp-json\/wp\/v2\/pages\/1863\/revisions\/3019"}],"wp:attachment":[{"href":"https:\/\/www.gruendach-technik.de\/gdt\/wp-json\/wp\/v2\/media?parent=1863"}],"curies":[{"name":"wp","href":"https:\/\/api.w.org\/{rel}","templated":true}]}}