{"id":1825,"date":"2024-01-24T17:31:42","date_gmt":"2024-01-24T17:31:42","guid":{"rendered":"https:\/\/www.gruendach-technik.de\/wp4\/?page_id=1825"},"modified":"2026-01-22T21:44:12","modified_gmt":"2026-01-22T20:44:12","slug":"kontakt-%c2%b7-ihre-ansprechpartner","status":"publish","type":"page","link":"https:\/\/www.gruendach-technik.de\/gdt\/kontakt-%c2%b7-ihre-ansprechpartner\/","title":{"rendered":"Kontakt \u00b7 Ihre Ansprechpartner"},"content":{"rendered":"<p>[et_pb_section fb_built=&#8220;1&#8243; fullwidth=&#8220;on&#8220; _builder_version=&#8220;4.23.1&#8243; _module_preset=&#8220;default&#8220; min_height=&#8220;100%&#8220; height=&#8220;100%&#8220; max_height=&#8220;100%&#8220; global_colors_info=&#8220;{}&#8220;][et_pb_fullwidth_image src=&#8220;https:\/\/www.gruendach-technik.de\/gdt\/wp-content\/uploads\/2024\/03\/20210604_101007-GDT-Firmendach-600.jpg&#8220; title_text=&#8220;20210604_101007-GDT-Firmendach-600&#8243; _builder_version=&#8220;4.17.0&#8243; _module_preset=&#8220;default&#8220; box_shadow_style=&#8220;preset6&#8243; global_colors_info=&#8220;{}&#8220;][\/et_pb_fullwidth_image][\/et_pb_section][et_pb_section fb_built=&#8220;1&#8243; _builder_version=&#8220;4.23.1&#8243; _module_preset=&#8220;default&#8220; width=&#8220;100%&#8220; max_width=&#8220;100%&#8220; min_height=&#8220;100%&#8220; height=&#8220;100%&#8220; max_height=&#8220;100%&#8220; custom_margin=&#8220;||||false|false&#8220; custom_padding=&#8220;||||false|false&#8220; border_color_all=&#8220;#FFFFFF&#8220; global_colors_info=&#8220;{}&#8220;][et_pb_row use_custom_gutter=&#8220;on&#8220; make_equal=&#8220;on&#8220; _builder_version=&#8220;4.23.1&#8243; _module_preset=&#8220;default&#8220; custom_margin=&#8220;0px||||false|false&#8220; global_colors_info=&#8220;{}&#8220;][et_pb_column type=&#8220;4_4&#8243; _builder_version=&#8220;4.23.1&#8243; _module_preset=&#8220;default&#8220; custom_padding=&#8220;||||false|false&#8220; global_colors_info=&#8220;{}&#8220;][et_pb_text _builder_version=&#8220;4.23.1&#8243; _module_preset=&#8220;default&#8220; header_font=&#8220;Arial||||||||&#8220; header_font_size=&#8220;40px&#8220; width=&#8220;100%&#8220; module_alignment=&#8220;left&#8220; min_height=&#8220;100%&#8220; height=&#8220;100%&#8220; max_height=&#8220;100%&#8220; custom_margin=&#8220;0px||-28px||false|false&#8220; custom_padding=&#8220;||0px||false|false&#8220; header_text_shadow_style=&#8220;preset1&#8243; header_text_shadow_horizontal_length=&#8220;0.07em&#8220; header_text_shadow_vertical_length=&#8220;0.09em&#8220; header_text_shadow_blur_strength=&#8220;0.21em&#8220; header_text_shadow_color=&#8220;rgba(0,0,0,0.22)&#8220; global_colors_info=&#8220;{}&#8220;]<\/p>\n<div id=\"main_content\">\n<article class=\"entry post clearfix\">\n<h1 class=\"main_title\"><span style=\"color: #009640;\"><strong>Kontakt<\/strong><br \/><\/span><\/h1>\n<\/article>\n<\/div>\n<p>[\/et_pb_text][\/et_pb_column][\/et_pb_row][et_pb_row column_structure=&#8220;1_3,1_3,1_3&#8243; use_custom_gutter=&#8220;on&#8220; make_equal=&#8220;on&#8220; _builder_version=&#8220;4.23.1&#8243; _module_preset=&#8220;default&#8220; min_height=&#8220;100%&#8220; height=&#8220;100%&#8220; max_height=&#8220;100%&#8220; custom_margin=&#8220;0px||||false|false&#8220; global_colors_info=&#8220;{}&#8220;][et_pb_column type=&#8220;1_3&#8243; _builder_version=&#8220;4.23.1&#8243; _module_preset=&#8220;default&#8220; custom_padding=&#8220;||||false|false&#8220; global_colors_info=&#8220;{}&#8220;][et_pb_text _builder_version=&#8220;4.23.1&#8243; _module_preset=&#8220;default&#8220; global_colors_info=&#8220;{}&#8220;]<\/p>\n<h4><span style=\"color: #000000;\"><strong>GDT Gr\u00fcndach Technik GmbH S\u00fcdwest<br \/><\/strong><\/span><a href=\"mailto:gdt@gruendachtechnik.de\"><span style=\"color: #009640; text-decoration: underline;\"><\/span><\/a><\/h4>\n<h4><span style=\"color: #4d4d4d;\">Dammstra\u00dfe 4<\/span><br \/><span style=\"color: #4d4d4d;\"> 72669 Unterensingen<\/span><\/h4>\n<h4><span style=\"color: #4d4d4d;\">Telefon: 07022\/96320-0<\/span><br \/><span style=\"color: #4d4d4d;\"> E-Mail: <\/span><a href=\"mailto:gdt@gruendachtechnik.de\"><span style=\"color: #009640;\">gdt@gruendachtechnik.de<\/span><\/a><\/h4>\n<h4><a href=\"mailto:gdt@gruendachtechnik.de\"><span style=\"color: #009640; text-decoration: underline;\"><\/span><\/a><\/h4>\n<p>[\/et_pb_text][\/et_pb_column][et_pb_column type=&#8220;1_3&#8243; _builder_version=&#8220;4.23.1&#8243; _module_preset=&#8220;default&#8220; custom_padding=&#8220;||||false|false&#8220; global_colors_info=&#8220;{}&#8220;][et_pb_text _builder_version=&#8220;4.17.0&#8243; _module_preset=&#8220;default&#8220; custom_padding=&#8220;||11px|||&#8220; hover_enabled=&#8220;0&#8243; global_colors_info=&#8220;{}&#8220; sticky_enabled=&#8220;0&#8243;]<\/p>\n<h4><span style=\"color: #000000;\"><strong>GDT Gr\u00fcndach Pflege und Wartung GmbH<\/strong><\/span><a href=\"mailto:gdt@gruendachtechnik.de\"><span style=\"color: #009640; text-decoration: underline;\"><\/span><\/a><\/h4>\n<h4><span style=\"color: #4d4d4d;\">Dammstra\u00dfe 4<\/span><br \/><span style=\"color: #4d4d4d;\"> 72669 Unterensingen<\/span><\/h4>\n<h4><span style=\"color: #4d4d4d;\">Telefon: 07022\/96320-0<\/span><br \/><span style=\"color: #4d4d4d;\"> E-Mail: <\/span><a href=\"mailto:gdt@gruendachtechnik.de\"><span style=\"color: #009640;\">gdt@gruendachtechnik.de<\/span><\/a><\/h4>\n<h4><a href=\"mailto:gdt@gruendachtechnik.de\"><span style=\"color: #009640; text-decoration: underline;\"><\/span><\/a><\/h4>\n<p>[\/et_pb_text][\/et_pb_column][et_pb_column type=&#8220;1_3&#8243; _builder_version=&#8220;4.23.1&#8243; _module_preset=&#8220;default&#8220; custom_padding=&#8220;||||false|false&#8220; global_colors_info=&#8220;{}&#8220;][\/et_pb_column][\/et_pb_row][et_pb_row use_custom_gutter=&#8220;on&#8220; make_equal=&#8220;on&#8220; _builder_version=&#8220;4.23.1&#8243; _module_preset=&#8220;default&#8220; custom_margin=&#8220;40px||||false|false&#8220; custom_padding=&#8220;0px|||||&#8220; global_colors_info=&#8220;{}&#8220;][et_pb_column type=&#8220;4_4&#8243; _builder_version=&#8220;4.23.1&#8243; _module_preset=&#8220;default&#8220; global_colors_info=&#8220;{}&#8220;][et_pb_text _builder_version=&#8220;4.23.1&#8243; _module_preset=&#8220;default&#8220; custom_padding=&#8220;1px|||||&#8220; global_colors_info=&#8220;{}&#8220;]<\/p>\n<article class=\"entry post clearfix\">\n<h1 class=\"main_title\"><strong><span style=\"color: #009640;\">Ihre Ansprechpartner<\/span><\/strong><\/h1>\n<\/article>\n<p>[\/et_pb_text][et_pb_text _builder_version=&#8220;4.23.1&#8243; _module_preset=&#8220;default&#8220; global_colors_info=&#8220;{}&#8220;]<\/p>\n<h2><strong><span style=\"color: #009640;\">Dennis Haupt<\/span><\/strong><strong><span style=\"color: #009640;\"><\/span><\/strong><\/h2>\n<h3><span style=\"color: #808080;\"><strong>Vertriebsleitung \/ Prokurist<\/strong><\/span><\/h3>\n<h4><span style=\"color: #000000;\">Telefon 07022\/96320-20<\/span><br \/><span style=\"color: #000000;\">E-Mail:<\/span> <a href=\"mailto:dennis.haupt@gruendachtechnik.de\">dennis.haupt@gruendachtechnik.de<\/a><\/h4>\n<p>&nbsp;<\/p>\n<p>[\/et_pb_text][\/et_pb_column][\/et_pb_row][et_pb_row use_custom_gutter=&#8220;on&#8220; make_equal=&#8220;on&#8220; _builder_version=&#8220;4.23.1&#8243; _module_preset=&#8220;default&#8220; custom_margin=&#8220;40px||||false|false&#8220; custom_padding=&#8220;0px|||||&#8220; global_colors_info=&#8220;{}&#8220;][et_pb_column type=&#8220;4_4&#8243; _builder_version=&#8220;4.23.1&#8243; _module_preset=&#8220;default&#8220; global_colors_info=&#8220;{}&#8220;][et_pb_text _builder_version=&#8220;4.23.1&#8243; _module_preset=&#8220;default&#8220; custom_padding=&#8220;1px|||||&#8220; global_colors_info=&#8220;{}&#8220;]<\/p>\n<article class=\"entry post clearfix\">\n<h1><span style=\"color: #808080;\"><strong>Projektleitung und Kalkulation<\/strong><\/span><\/h1>\n<\/article>\n<p>[\/et_pb_text][\/et_pb_column][\/et_pb_row][et_pb_row column_structure=&#8220;1_2,1_2&#8243; use_custom_gutter=&#8220;on&#8220; make_equal=&#8220;on&#8220; _builder_version=&#8220;4.23.1&#8243; _module_preset=&#8220;default&#8220; custom_margin=&#8220;0px||||false|false&#8220; custom_padding=&#8220;0px|||||&#8220; global_colors_info=&#8220;{}&#8220;][et_pb_column type=&#8220;1_2&#8243; _builder_version=&#8220;4.23.1&#8243; _module_preset=&#8220;default&#8220; global_colors_info=&#8220;{}&#8220;][et_pb_text _builder_version=&#8220;4.17.0&#8243; _module_preset=&#8220;default&#8220; custom_padding=&#8220;1px|||||&#8220; hover_enabled=&#8220;0&#8243; global_colors_info=&#8220;{}&#8220; sticky_enabled=&#8220;0&#8243;]<\/p>\n<article class=\"entry post clearfix\">\n<h2><strong><span style=\"color: #009640;\">Uwe Bleher<\/span><\/strong><strong><span style=\"color: #009640;\"><\/span><\/strong><\/h2>\n<h4><span style=\"color: #000000;\">Telefon 07022\/96320-32<\/span><br \/><span style=\"color: #000000;\">E-Mail:<\/span> <a href=\"mailto:uwe.bleher@gruendachtechnik.de\">uwe.bleher@gruendachtechnik.de<\/a><\/h4>\n<\/article>\n<p>[\/et_pb_text][et_pb_text _builder_version=&#8220;4.23.1&#8243; _module_preset=&#8220;default&#8220; global_colors_info=&#8220;{}&#8220;]<\/p>\n<h2><strong><span style=\"color: #009640;\">Sven Ellwanger<\/span><\/strong><strong><span style=\"color: #009640;\"><\/span><\/strong><\/h2>\n<h4><span style=\"color: #000000;\">Telefon 07022\/96320-10<\/span><br \/><span style=\"color: #000000;\">E-Mail:<\/span> <a href=\"mailto:sven.ellwanger@gruendachtechnik.de\">sven.ellwanger@gruendachtechnik.de<\/a><\/h4>\n<p>[\/et_pb_text][\/et_pb_column][et_pb_column type=&#8220;1_2&#8243; _builder_version=&#8220;4.23.1&#8243; _module_preset=&#8220;default&#8220; global_colors_info=&#8220;{}&#8220;][et_pb_text _builder_version=&#8220;4.17.0&#8243; _module_preset=&#8220;default&#8220; hover_enabled=&#8220;0&#8243; global_colors_info=&#8220;{}&#8220; sticky_enabled=&#8220;0&#8243;]<\/p>\n<h2><strong>Luis Gasser<\/strong><\/h2>\n<h4><span style=\"color: #000000;\">Telefon 07022\/96320-39<\/span><br \/><span style=\"color: #000000;\">E-Mail: <\/span><a href=\"mailto:luis.gasser@gruendachtechnik.de\">luis.gasser@gruendachtechnik.de<\/a><\/h4>\n<p>[\/et_pb_text][\/et_pb_column][\/et_pb_row][et_pb_row use_custom_gutter=&#8220;on&#8220; make_equal=&#8220;on&#8220; module_id=&#8220;pflege-und-wartung&#8220; _builder_version=&#8220;4.24.0&#8243; _module_preset=&#8220;default&#8220; custom_margin=&#8220;40px||||false|false&#8220; custom_padding=&#8220;0px|||||&#8220; global_colors_info=&#8220;{}&#8220;][et_pb_column type=&#8220;4_4&#8243; _builder_version=&#8220;4.23.1&#8243; _module_preset=&#8220;default&#8220; global_colors_info=&#8220;{}&#8220;][et_pb_text _builder_version=&#8220;4.23.1&#8243; _module_preset=&#8220;default&#8220; custom_padding=&#8220;1px|||||&#8220; global_colors_info=&#8220;{}&#8220;]<\/p>\n<article class=\"entry post clearfix\">\n<h1><span style=\"color: #808080;\"><strong>Pflege und Wartung<\/strong><\/span><\/h1>\n<\/article>\n<p>[\/et_pb_text][\/et_pb_column][\/et_pb_row][et_pb_row column_structure=&#8220;1_2,1_2&#8243; use_custom_gutter=&#8220;on&#8220; make_equal=&#8220;on&#8220; _builder_version=&#8220;4.23.1&#8243; _module_preset=&#8220;default&#8220; custom_margin=&#8220;0px||||false|false&#8220; custom_padding=&#8220;0px|||||&#8220; global_colors_info=&#8220;{}&#8220;][et_pb_column type=&#8220;1_2&#8243; _builder_version=&#8220;4.23.1&#8243; _module_preset=&#8220;default&#8220; global_colors_info=&#8220;{}&#8220;][et_pb_text _builder_version=&#8220;4.23.1&#8243; _module_preset=&#8220;default&#8220; custom_padding=&#8220;1px|||||&#8220; global_colors_info=&#8220;{}&#8220;]<\/p>\n<article class=\"entry post clearfix\">\n<h2><strong><span style=\"color: #009640;\">Sabine Kettering<\/span><\/strong><strong><span style=\"color: #009640;\"><\/span><\/strong><\/h2>\n<h4><span style=\"color: #000000;\">Telefon 07022\/96320-35<\/span><br \/><span style=\"color: #000000;\">E-Mail:<\/span> <a href=\"mailto:sabine.kettering@gruendachtechnik.de\">sabine.kettering@gruendachtechnik.de<\/a><\/h4>\n<h4><a href=\"mailto:uwe.bleher@gruendachtechnik.de\"><\/a><\/h4>\n<\/article>\n<p>[\/et_pb_text][et_pb_text _builder_version=&#8220;4.17.0&#8243; _module_preset=&#8220;default&#8220; hover_enabled=&#8220;0&#8243; global_colors_info=&#8220;{}&#8220; sticky_enabled=&#8220;0&#8243;]<\/p>\n<h2><strong>Peter Schmid<\/strong><\/h2>\n<h4><span style=\"color: #000000;\">Telefon 07022\/96320-24<\/span><br \/><span style=\"color: #000000;\">E-Mail: <\/span><a href=\"mailto:peter.schmid@gruendachtechnik.de\">peter.schmid@gruendachtechnik.de<\/a><\/h4>\n<p>[\/et_pb_text][et_pb_text _builder_version=&#8220;4.17.0&#8243; _module_preset=&#8220;default&#8220; hover_enabled=&#8220;0&#8243; global_colors_info=&#8220;{}&#8220; custom_margin=&#8220;30px||||false|false&#8220; sticky_enabled=&#8220;0&#8243;]<\/p>\n<h4><span style=\"color: #000000;\"><strong>GDT Gr\u00fcndach Pflege und Wartung GmbH<br \/><\/strong><\/span><a href=\"mailto:gdt@gruendachtechnik.de\"><span style=\"color: #009640; text-decoration: underline;\"><\/span><\/a><\/h4>\n<h4><span style=\"color: #4d4d4d;\">Dammstra\u00dfe 4<\/span><br \/><span style=\"color: #4d4d4d;\"> 72669 Unterensingen<\/span><\/h4>\n<h4><span style=\"color: #4d4d4d;\">Telefon: 07022\/96320-0<\/span><br \/><span style=\"color: #4d4d4d;\"> E-Mail: <\/span><a href=\"mailto:pflege@gruendachtechnik.de\"><span style=\"color: #009640;\">pflege@gruendachtechnik.de<\/span><\/a><\/h4>\n<h4><a href=\"mailto:gdt@gruendachtechnik.de\"><span style=\"color: #009640; text-decoration: underline;\"><\/span><\/a><\/h4>\n<p>[\/et_pb_text][\/et_pb_column][et_pb_column type=&#8220;1_2&#8243; _builder_version=&#8220;4.23.1&#8243; _module_preset=&#8220;default&#8220; global_colors_info=&#8220;{}&#8220;][et_pb_text _builder_version=&#8220;4.23.1&#8243; _module_preset=&#8220;default&#8220; global_colors_info=&#8220;{}&#8220;]<\/p>\n<h2><strong><span style=\"color: #009640;\">Justin Olhorn<\/span><\/strong><strong><span style=\"color: #009640;\"><\/span><\/strong><\/h2>\n<h4><span style=\"color: #000000;\">Telefon 07022\/96320-21<\/span><br \/><span style=\"color: #000000;\">E-Mail:<\/span> <a href=\"mailto:justin.olhorn@gruendachtechnik.de\">justin.olhorn@gruendachtechnik.de<\/a><\/h4>\n<p>[\/et_pb_text][\/et_pb_column][\/et_pb_row][et_pb_row use_custom_gutter=&#8220;on&#8220; make_equal=&#8220;on&#8220; _builder_version=&#8220;4.23.1&#8243; _module_preset=&#8220;default&#8220; custom_margin=&#8220;40px||||false|false&#8220; custom_padding=&#8220;0px|||||&#8220; global_colors_info=&#8220;{}&#8220;][et_pb_column type=&#8220;4_4&#8243; _builder_version=&#8220;4.23.1&#8243; _module_preset=&#8220;default&#8220; global_colors_info=&#8220;{}&#8220;][et_pb_text _builder_version=&#8220;4.23.1&#8243; _module_preset=&#8220;default&#8220; custom_padding=&#8220;1px|||||&#8220; global_colors_info=&#8220;{}&#8220;]<\/p>\n<article class=\"entry post clearfix\">\n<h1 class=\"main_title\"><strong><span style=\"color: #009640;\">Ihre Ansprechpartner<\/span><\/strong><\/h1>\n<\/article>\n<p>[\/et_pb_text][\/et_pb_column][\/et_pb_row][et_pb_row column_structure=&#8220;1_2,1_2&#8243; use_custom_gutter=&#8220;on&#8220; make_equal=&#8220;on&#8220; _builder_version=&#8220;4.23.1&#8243; _module_preset=&#8220;default&#8220; custom_margin=&#8220;10px||||false|false&#8220; custom_padding=&#8220;0px|||||&#8220; global_colors_info=&#8220;{}&#8220;][et_pb_column type=&#8220;1_2&#8243; _builder_version=&#8220;4.23.1&#8243; _module_preset=&#8220;default&#8220; global_colors_info=&#8220;{}&#8220;][et_pb_text _builder_version=&#8220;4.17.0&#8243; _module_preset=&#8220;default&#8220; hover_enabled=&#8220;0&#8243; global_colors_info=&#8220;{}&#8220; sticky_enabled=&#8220;0&#8243;]<\/p>\n<h2><strong><span style=\"color: #009640;\">Thomas H\u00f6vekamp<\/span><\/strong><strong><span style=\"color: #009640;\"><\/span><\/strong><\/h2>\n<h3><span style=\"color: #808080;\"><strong>Gesch\u00e4ftsf\u00fchrer<\/strong><\/span><\/h3>\n<h4><span style=\"color: #000000;\">Telefon 07022\/96320-12<\/span><br \/><span style=\"color: #000000;\">E-Mail:<\/span> <a href=\"mailto:thomas.hoevekamp@gruendachtechnik.de\"><span style=\"color: #009640;\">thomas.hoevekamp@gruendachtechnik.de<\/span><\/a><\/h4>\n<p>&nbsp;<\/p>\n<p>[\/et_pb_text][et_pb_text _builder_version=&#8220;4.17.0&#8243; _module_preset=&#8220;default&#8220; hover_enabled=&#8220;0&#8243; global_colors_info=&#8220;{}&#8220; sticky_enabled=&#8220;0&#8243;]<\/p>\n<h2><strong><span style=\"color: #009640;\">Holle Schaal<\/span><\/strong><strong><span style=\"color: #009640;\"><\/span><\/strong><\/h2>\n<h3><span style=\"color: #808080;\"><strong>Buchhaltung\/Personal<\/strong><\/span><\/h3>\n<h4><span style=\"color: #000000;\">Telefon 07022\/96320-22<\/span><br \/><span style=\"color: #000000;\">E-Mail:<\/span> <a href=\"mailto:holle.schaal@gruendachtechnik.de\">holle.schaal@gruendachtechnik.de<\/a><\/h4>\n<p>&nbsp;<\/p>\n<p>[\/et_pb_text][\/et_pb_column][et_pb_column type=&#8220;1_2&#8243; _builder_version=&#8220;4.23.1&#8243; _module_preset=&#8220;default&#8220; global_colors_info=&#8220;{}&#8220;][et_pb_text _builder_version=&#8220;4.17.0&#8243; _module_preset=&#8220;default&#8220; global_colors_info=&#8220;{}&#8220;]<\/p>\n<h2><strong><span style=\"color: #009640;\">Stefan Berger<\/span><\/strong><strong><span style=\"color: #009640;\"><\/span><\/strong><\/h2>\n<h3><span style=\"color: #808080;\"><strong>Gesch\u00e4ftsf\u00fchrer<br \/><\/strong><\/span><\/h3>\n<h4><span style=\"color: #000000;\">Telefon 07022\/96320-33<\/span><br \/><span style=\"color: #000000;\">E-Mail:<\/span> <a href=\"mailto:Stefan.Berger@gruendachtechnik.de\">Stefan.Berger@gruendachtechnik.de<\/a><\/h4>\n<h4><a href=\"mailto:thomas.hoevekamp@gruendachtechnik.de\"><span style=\"color: #009640;\"><\/span><\/a><\/h4>\n<p><a href=\"mailto:olaf.nickele@gruendachtechnik.de\"><\/a><\/p>\n<p>&nbsp;<\/p>\n<p>[\/et_pb_text][\/et_pb_column][\/et_pb_row][et_pb_row column_structure=&#8220;1_2,1_2&#8243; use_custom_gutter=&#8220;on&#8220; make_equal=&#8220;on&#8220; _builder_version=&#8220;4.23.1&#8243; _module_preset=&#8220;default&#8220; custom_margin=&#8220;10px||||false|false&#8220; custom_padding=&#8220;0px|||||&#8220; global_colors_info=&#8220;{}&#8220;][et_pb_column type=&#8220;1_2&#8243; _builder_version=&#8220;4.23.1&#8243; _module_preset=&#8220;default&#8220; global_colors_info=&#8220;{}&#8220;][et_pb_text _builder_version=&#8220;4.17.0&#8243; _module_preset=&#8220;default&#8220; custom_padding=&#8220;1px|||||&#8220; hover_enabled=&#8220;0&#8243; global_colors_info=&#8220;{}&#8220; sticky_enabled=&#8220;0&#8243;]<\/p>\n<article class=\"entry post clearfix\">\n<h1><span style=\"color: #808080;\"><strong>Einkauf<\/strong><\/span><\/h1>\n<\/article>\n<p>[\/et_pb_text][\/et_pb_column][et_pb_column type=&#8220;1_2&#8243; _builder_version=&#8220;4.23.1&#8243; _module_preset=&#8220;default&#8220; global_colors_info=&#8220;{}&#8220;][\/et_pb_column][\/et_pb_row][et_pb_row column_structure=&#8220;1_2,1_2&#8243; use_custom_gutter=&#8220;on&#8220; make_equal=&#8220;on&#8220; _builder_version=&#8220;4.23.1&#8243; _module_preset=&#8220;default&#8220; custom_margin=&#8220;0px||||false|false&#8220; custom_padding=&#8220;0px|||||&#8220; global_colors_info=&#8220;{}&#8220;][et_pb_column type=&#8220;1_2&#8243; _builder_version=&#8220;4.23.1&#8243; _module_preset=&#8220;default&#8220; global_colors_info=&#8220;{}&#8220;][et_pb_text _builder_version=&#8220;4.17.0&#8243; _module_preset=&#8220;default&#8220; custom_padding=&#8220;1px|||||&#8220; hover_enabled=&#8220;0&#8243; global_colors_info=&#8220;{}&#8220; sticky_enabled=&#8220;0&#8243;]<\/p>\n<article class=\"entry post clearfix\">\n<h2><strong>Sandro Vogel<\/strong><\/h2>\n<h4><span style=\"color: #000000;\">Telefon 07022\/96320-27<\/span><br \/><span style=\"color: #000000;\">E-Mail:<\/span> <a href=\"mailto:sandro.vogel@gruendachtechnik.de\">sandro.vogel@gruendachtechnik.de<\/a><\/h4>\n<p>&nbsp;<\/p>\n<\/article>\n<p>[\/et_pb_text][et_pb_text _builder_version=&#8220;4.17.0&#8243; _module_preset=&#8220;default&#8220; hover_enabled=&#8220;0&#8243; global_colors_info=&#8220;{}&#8220; sticky_enabled=&#8220;0&#8243;]<\/p>\n<h2><strong>Jenny Quarg<\/strong><\/h2>\n<h4><span style=\"color: #000000;\">Telefon 07022\/96320-17<\/span><br \/><span style=\"color: #000000;\">E-Mail:<\/span> <a href=\"mailto:jenny.quarg@gruendachtechnik.de\">jenny.quarg@gruendachtechnik.de<\/a><\/h4>\n<p>[\/et_pb_text][\/et_pb_column][et_pb_column type=&#8220;1_2&#8243; _builder_version=&#8220;4.23.1&#8243; _module_preset=&#8220;default&#8220; global_colors_info=&#8220;{}&#8220;][et_pb_text _builder_version=&#8220;4.17.0&#8243; _module_preset=&#8220;default&#8220; hover_enabled=&#8220;0&#8243; global_colors_info=&#8220;{}&#8220; sticky_enabled=&#8220;0&#8243;]<\/p>\n<h2><strong>Ilkim Ilhan<\/strong><\/h2>\n<h4><span style=\"color: #000000;\">Telefon 07022\/96320-25<\/span><br \/><span style=\"color: #000000;\">E-Mail: <\/span><a href=\"mailto:ilkim.ilhan@gruendachtechnik.de\">ilkim.ilhan@gruendachtechnik.de<\/a><\/h4>\n<p>[\/et_pb_text][\/et_pb_column][\/et_pb_row][et_pb_row column_structure=&#8220;1_2,1_2&#8243; use_custom_gutter=&#8220;on&#8220; make_equal=&#8220;on&#8220; _builder_version=&#8220;4.23.1&#8243; _module_preset=&#8220;default&#8220; custom_margin=&#8220;10px||||false|false&#8220; custom_padding=&#8220;0px|||||&#8220; global_colors_info=&#8220;{}&#8220;][et_pb_column type=&#8220;1_2&#8243; _builder_version=&#8220;4.23.1&#8243; _module_preset=&#8220;default&#8220; global_colors_info=&#8220;{}&#8220;][et_pb_text _builder_version=&#8220;4.17.0&#8243; _module_preset=&#8220;default&#8220; custom_padding=&#8220;1px|||||&#8220; hover_enabled=&#8220;0&#8243; global_colors_info=&#8220;{}&#8220; sticky_enabled=&#8220;0&#8243;]<\/p>\n<article class=\"entry post clearfix\">\n<h1 class=\"main_title\"><span style=\"text-decoration: underline;\"><span style=\"color: #009640; text-decoration: underline;\"><\/span><\/span><\/h1>\n<h1 class=\"main_title\"><span style=\"text-decoration: underline;\"><span style=\"color: #009640; text-decoration: underline;\">Wie Sie uns erreichen<\/span><\/span><\/h1>\n<h4><span style=\"color: #000000;\"><strong>GDT Gr\u00fcndach Technik GmbH S\u00fcdwest<br \/><\/strong><\/span><span style=\"color: #000000;\"><strong>GDT Gr\u00fcndach Pflege und Wartung GmbH<\/strong><\/span><br \/><span style=\"color: #4d4d4d;\"> Dammstra\u00dfe 4<\/span><br \/><span style=\"color: #4d4d4d;\"> 72669 Unterensingen<\/span><\/h4>\n<h4><span style=\"color: #4d4d4d;\">Telefon: 07022\/96320-0<\/span><br \/><span style=\"color: #4d4d4d;\"> E-Mail: <\/span><a href=\"mailto:gdt@gruendachtechnik.de\"><span style=\"color: #009640;\">gdt@gruendachtechnik.de<\/span><\/a><\/h4>\n<\/article>\n<p>[\/et_pb_text][\/et_pb_column][et_pb_column type=&#8220;1_2&#8243; _builder_version=&#8220;4.23.1&#8243; _module_preset=&#8220;default&#8220; global_colors_info=&#8220;{}&#8220;][\/et_pb_column][\/et_pb_row][et_pb_row column_structure=&#8220;1_3,1_3,1_3&#8243; use_custom_gutter=&#8220;on&#8220; make_equal=&#8220;on&#8220; _builder_version=&#8220;4.23.1&#8243; _module_preset=&#8220;default&#8220; custom_margin=&#8220;0px||||false|false&#8220; global_colors_info=&#8220;{}&#8220;][et_pb_column type=&#8220;1_3&#8243; _builder_version=&#8220;4.23.1&#8243; _module_preset=&#8220;default&#8220; global_colors_info=&#8220;{}&#8220;][et_pb_image src=&#8220;https:\/\/www.gruendach-technik.de\/gdt\/wp-content\/uploads\/2024\/03\/Seelaender-Areal-Herrenberg-2022-005_800.jpg&#8220; title_text=&#8220;Seel\u00e4nder-Areal-Herrenberg-2022-005_800&#8243; show_in_lightbox=&#8220;on&#8220; _builder_version=&#8220;4.17.0&#8243; _module_preset=&#8220;default&#8220; box_shadow_style=&#8220;preset1&#8243; global_colors_info=&#8220;{}&#8220;][\/et_pb_image][\/et_pb_column][et_pb_column type=&#8220;1_3&#8243; _builder_version=&#8220;4.23.1&#8243; _module_preset=&#8220;default&#8220; global_colors_info=&#8220;{}&#8220;][et_pb_image src=&#8220;https:\/\/www.gruendach-technik.de\/gdt\/wp-content\/uploads\/2024\/03\/Hofgarten-Bodensee-A-800.jpg&#8220; title_text=&#8220;Hofgarten-Bodensee-A-800&#8243; show_in_lightbox=&#8220;on&#8220; _builder_version=&#8220;4.17.0&#8243; _module_preset=&#8220;default&#8220; box_shadow_style=&#8220;preset1&#8243; global_colors_info=&#8220;{}&#8220;][\/et_pb_image][\/et_pb_column][et_pb_column type=&#8220;1_3&#8243; _builder_version=&#8220;4.23.1&#8243; _module_preset=&#8220;default&#8220; global_colors_info=&#8220;{}&#8220;][et_pb_image src=&#8220;https:\/\/www.gruendach-technik.de\/gdt\/wp-content\/uploads\/2024\/03\/G_ppingen-LRA-2007-100621-800.jpg&#8220; title_text=&#8220;G_ppingen-LRA-2007-100621-800&#8243; show_in_lightbox=&#8220;on&#8220; _builder_version=&#8220;4.17.0&#8243; _module_preset=&#8220;default&#8220; box_shadow_style=&#8220;preset1&#8243; global_colors_info=&#8220;{}&#8220;][\/et_pb_image][\/et_pb_column][\/et_pb_row][\/et_pb_section]<\/p>\n","protected":false},"excerpt":{"rendered":"<p>Kontakt GDT Gr\u00fcndach Technik GmbH S\u00fcdwest Dammstra\u00dfe 4 72669 Unterensingen Telefon: 07022\/96320-0 E-Mail: gdt@gruendachtechnik.de GDT Gr\u00fcndach Pflege und Wartung GmbH Dammstra\u00dfe 4 72669 Unterensingen Telefon: 07022\/96320-0 E-Mail: gdt@gruendachtechnik.de Ihre Ansprechpartner Dennis Haupt Vertriebsleitung \/ Prokurist Telefon 07022\/96320-20E-Mail: dennis.haupt@gruendachtechnik.de &nbsp; Projektleitung und Kalkulation Uwe Bleher Telefon 07022\/96320-32E-Mail: uwe.bleher@gruendachtechnik.de Sven Ellwanger Telefon 07022\/96320-10E-Mail: sven.ellwanger@gruendachtechnik.deLuis Gasser Telefon 07022\/96320-39E-Mail: [&hellip;]<\/p>\n","protected":false},"author":1,"featured_media":2572,"parent":0,"menu_order":0,"comment_status":"closed","ping_status":"closed","template":"","meta":{"_et_pb_use_builder":"on","_et_pb_old_content":"","_et_gb_content_width":"","footnotes":""},"class_list":["post-1825","page","type-page","status-publish","has-post-thumbnail","hentry"],"yoast_head":"<!-- This site is optimized with the Yoast SEO Premium plugin v22.1 (Yoast SEO v22.1) - https:\/\/yoast.com\/wordpress\/plugins\/seo\/ -->\n<title>Kontakt \u00b7 Ihre Ansprechpartner - GDT Gr\u00fcndachtechnik GmbH<\/title>\n<meta name=\"description\" content=\"GDT Gr\u00fcndachtechnik Ansprechpartner, extensive\/intensive Dachbegr\u00fcnungen, Retentions- und Photovoltaik-Dachbegr\u00fcnungen, Pflege und Wartung\" \/>\n<meta name=\"robots\" content=\"index, follow, max-snippet:-1, max-image-preview:large, max-video-preview:-1\" \/>\n<link rel=\"canonical\" href=\"https:\/\/www.gruendach-technik.de\/gdt\/kontakt-\u00b7-ihre-ansprechpartner\/\" \/>\n<meta property=\"og:locale\" content=\"de_DE\" \/>\n<meta property=\"og:type\" content=\"article\" \/>\n<meta property=\"og:title\" content=\"Kontakt \u00b7 Ihre Ansprechpartner\" \/>\n<meta property=\"og:description\" content=\"GDT Gr\u00fcndachtechnik Ansprechpartner, extensive\/intensive Dachbegr\u00fcnungen, Retentions- und Photovoltaik-Dachbegr\u00fcnungen, Pflege und Wartung\" \/>\n<meta property=\"og:url\" content=\"https:\/\/www.gruendach-technik.de\/gdt\/kontakt-\u00b7-ihre-ansprechpartner\/\" \/>\n<meta property=\"og:site_name\" content=\"GDT Gr\u00fcndachtechnik GmbH\" \/>\n<meta property=\"article:modified_time\" content=\"2026-01-22T20:44:12+00:00\" \/>\n<meta property=\"og:image\" content=\"https:\/\/www.gruendach-technik.de\/gdt\/wp-content\/uploads\/2024\/03\/Das-Team-von-GDT_2731-800.jpg\" \/>\n\t<meta property=\"og:image:width\" content=\"1250\" \/>\n\t<meta property=\"og:image:height\" content=\"833\" \/>\n\t<meta property=\"og:image:type\" content=\"image\/jpeg\" \/>\n<meta name=\"twitter:card\" content=\"summary_large_image\" \/>\n<meta name=\"twitter:label1\" content=\"Gesch\u00e4tzte Lesezeit\" \/>\n\t<meta name=\"twitter:data1\" content=\"3\u00a0Minuten\" \/>\n<script type=\"application\/ld+json\" class=\"yoast-schema-graph\">{\"@context\":\"https:\/\/schema.org\",\"@graph\":[{\"@type\":\"WebPage\",\"@id\":\"https:\/\/www.gruendach-technik.de\/gdt\/kontakt-%c2%b7-ihre-ansprechpartner\/\",\"url\":\"https:\/\/www.gruendach-technik.de\/gdt\/kontakt-%c2%b7-ihre-ansprechpartner\/\",\"name\":\"Kontakt \u00b7 Ihre Ansprechpartner - GDT Gr\u00fcndachtechnik GmbH\",\"isPartOf\":{\"@id\":\"https:\/\/www.gruendach-technik.de\/gdt\/#website\"},\"datePublished\":\"2024-01-24T17:31:42+00:00\",\"dateModified\":\"2026-01-22T20:44:12+00:00\",\"description\":\"GDT Gr\u00fcndachtechnik Ansprechpartner, extensive\/intensive Dachbegr\u00fcnungen, Retentions- und Photovoltaik-Dachbegr\u00fcnungen, Pflege und Wartung\",\"breadcrumb\":{\"@id\":\"https:\/\/www.gruendach-technik.de\/gdt\/kontakt-%c2%b7-ihre-ansprechpartner\/#breadcrumb\"},\"inLanguage\":\"de\",\"potentialAction\":[{\"@type\":\"ReadAction\",\"target\":[\"https:\/\/www.gruendach-technik.de\/gdt\/kontakt-%c2%b7-ihre-ansprechpartner\/\"]}]},{\"@type\":\"BreadcrumbList\",\"@id\":\"https:\/\/www.gruendach-technik.de\/gdt\/kontakt-%c2%b7-ihre-ansprechpartner\/#breadcrumb\",\"itemListElement\":[{\"@type\":\"ListItem\",\"position\":1,\"name\":\"Startseite\",\"item\":\"https:\/\/www.gruendach-technik.de\/gdt\/\"},{\"@type\":\"ListItem\",\"position\":2,\"name\":\"Kontakt \u00b7 Ihre Ansprechpartner\"}]},{\"@type\":\"WebSite\",\"@id\":\"https:\/\/www.gruendach-technik.de\/gdt\/#website\",\"url\":\"https:\/\/www.gruendach-technik.de\/gdt\/\",\"name\":\"GDT Gr\u00fcndachtechnik GmbH\",\"description\":\"Dachbegr\u00fcnungen, Ihr Partner f\u00fcr gr\u00fcne D\u00e4cher\",\"publisher\":{\"@id\":\"https:\/\/www.gruendach-technik.de\/gdt\/#organization\"},\"alternateName\":\"GDT - Ihr Partner f\u00fcr gr\u00fcne D\u00e4cher\",\"potentialAction\":[{\"@type\":\"SearchAction\",\"target\":{\"@type\":\"EntryPoint\",\"urlTemplate\":\"https:\/\/www.gruendach-technik.de\/gdt\/?s={search_term_string}\"},\"query-input\":\"required name=search_term_string\"}],\"inLanguage\":\"de\"},{\"@type\":\"Organization\",\"@id\":\"https:\/\/www.gruendach-technik.de\/gdt\/#organization\",\"name\":\"GDT Gr\u00fcndachtechnik GmbH\",\"url\":\"https:\/\/www.gruendach-technik.de\/gdt\/\",\"logo\":{\"@type\":\"ImageObject\",\"inLanguage\":\"de\",\"@id\":\"https:\/\/www.gruendach-technik.de\/gdt\/#\/schema\/logo\/image\/\",\"url\":\"https:\/\/www.gruendach-technik.de\/gdt\/wp-content\/uploads\/2024\/01\/GDT-Gruendachtechnik-Ihr-Partner-fuer-gruene-Daecher_3.jpg\",\"contentUrl\":\"https:\/\/www.gruendach-technik.de\/gdt\/wp-content\/uploads\/2024\/01\/GDT-Gruendachtechnik-Ihr-Partner-fuer-gruene-Daecher_3.jpg\",\"width\":1230,\"height\":506,\"caption\":\"GDT Gr\u00fcndachtechnik GmbH\"},\"image\":{\"@id\":\"https:\/\/www.gruendach-technik.de\/gdt\/#\/schema\/logo\/image\/\"}}]}<\/script>\n<!-- \/ Yoast SEO Premium plugin. -->","yoast_head_json":{"title":"Kontakt \u00b7 Ihre Ansprechpartner - GDT Gr\u00fcndachtechnik GmbH","description":"GDT Gr\u00fcndachtechnik Ansprechpartner, extensive\/intensive Dachbegr\u00fcnungen, Retentions- und Photovoltaik-Dachbegr\u00fcnungen, Pflege und Wartung","robots":{"index":"index","follow":"follow","max-snippet":"max-snippet:-1","max-image-preview":"max-image-preview:large","max-video-preview":"max-video-preview:-1"},"canonical":"https:\/\/www.gruendach-technik.de\/gdt\/kontakt-\u00b7-ihre-ansprechpartner\/","og_locale":"de_DE","og_type":"article","og_title":"Kontakt \u00b7 Ihre Ansprechpartner","og_description":"GDT Gr\u00fcndachtechnik Ansprechpartner, extensive\/intensive Dachbegr\u00fcnungen, Retentions- und Photovoltaik-Dachbegr\u00fcnungen, Pflege und Wartung","og_url":"https:\/\/www.gruendach-technik.de\/gdt\/kontakt-\u00b7-ihre-ansprechpartner\/","og_site_name":"GDT Gr\u00fcndachtechnik GmbH","article_modified_time":"2026-01-22T20:44:12+00:00","og_image":[{"width":1250,"height":833,"url":"https:\/\/www.gruendach-technik.de\/gdt\/wp-content\/uploads\/2024\/03\/Das-Team-von-GDT_2731-800.jpg","type":"image\/jpeg"}],"twitter_card":"summary_large_image","twitter_misc":{"Gesch\u00e4tzte Lesezeit":"3\u00a0Minuten"},"schema":{"@context":"https:\/\/schema.org","@graph":[{"@type":"WebPage","@id":"https:\/\/www.gruendach-technik.de\/gdt\/kontakt-%c2%b7-ihre-ansprechpartner\/","url":"https:\/\/www.gruendach-technik.de\/gdt\/kontakt-%c2%b7-ihre-ansprechpartner\/","name":"Kontakt \u00b7 Ihre Ansprechpartner - GDT Gr\u00fcndachtechnik GmbH","isPartOf":{"@id":"https:\/\/www.gruendach-technik.de\/gdt\/#website"},"datePublished":"2024-01-24T17:31:42+00:00","dateModified":"2026-01-22T20:44:12+00:00","description":"GDT Gr\u00fcndachtechnik Ansprechpartner, extensive\/intensive Dachbegr\u00fcnungen, Retentions- und Photovoltaik-Dachbegr\u00fcnungen, Pflege und Wartung","breadcrumb":{"@id":"https:\/\/www.gruendach-technik.de\/gdt\/kontakt-%c2%b7-ihre-ansprechpartner\/#breadcrumb"},"inLanguage":"de","potentialAction":[{"@type":"ReadAction","target":["https:\/\/www.gruendach-technik.de\/gdt\/kontakt-%c2%b7-ihre-ansprechpartner\/"]}]},{"@type":"BreadcrumbList","@id":"https:\/\/www.gruendach-technik.de\/gdt\/kontakt-%c2%b7-ihre-ansprechpartner\/#breadcrumb","itemListElement":[{"@type":"ListItem","position":1,"name":"Startseite","item":"https:\/\/www.gruendach-technik.de\/gdt\/"},{"@type":"ListItem","position":2,"name":"Kontakt \u00b7 Ihre Ansprechpartner"}]},{"@type":"WebSite","@id":"https:\/\/www.gruendach-technik.de\/gdt\/#website","url":"https:\/\/www.gruendach-technik.de\/gdt\/","name":"GDT Gr\u00fcndachtechnik GmbH","description":"Dachbegr\u00fcnungen, Ihr Partner f\u00fcr gr\u00fcne D\u00e4cher","publisher":{"@id":"https:\/\/www.gruendach-technik.de\/gdt\/#organization"},"alternateName":"GDT - Ihr Partner f\u00fcr gr\u00fcne D\u00e4cher","potentialAction":[{"@type":"SearchAction","target":{"@type":"EntryPoint","urlTemplate":"https:\/\/www.gruendach-technik.de\/gdt\/?s={search_term_string}"},"query-input":"required name=search_term_string"}],"inLanguage":"de"},{"@type":"Organization","@id":"https:\/\/www.gruendach-technik.de\/gdt\/#organization","name":"GDT Gr\u00fcndachtechnik GmbH","url":"https:\/\/www.gruendach-technik.de\/gdt\/","logo":{"@type":"ImageObject","inLanguage":"de","@id":"https:\/\/www.gruendach-technik.de\/gdt\/#\/schema\/logo\/image\/","url":"https:\/\/www.gruendach-technik.de\/gdt\/wp-content\/uploads\/2024\/01\/GDT-Gruendachtechnik-Ihr-Partner-fuer-gruene-Daecher_3.jpg","contentUrl":"https:\/\/www.gruendach-technik.de\/gdt\/wp-content\/uploads\/2024\/01\/GDT-Gruendachtechnik-Ihr-Partner-fuer-gruene-Daecher_3.jpg","width":1230,"height":506,"caption":"GDT Gr\u00fcndachtechnik GmbH"},"image":{"@id":"https:\/\/www.gruendach-technik.de\/gdt\/#\/schema\/logo\/image\/"}}]}},"_links":{"self":[{"href":"https:\/\/www.gruendach-technik.de\/gdt\/wp-json\/wp\/v2\/pages\/1825","targetHints":{"allow":["GET"]}}],"collection":[{"href":"https:\/\/www.gruendach-technik.de\/gdt\/wp-json\/wp\/v2\/pages"}],"about":[{"href":"https:\/\/www.gruendach-technik.de\/gdt\/wp-json\/wp\/v2\/types\/page"}],"author":[{"embeddable":true,"href":"https:\/\/www.gruendach-technik.de\/gdt\/wp-json\/wp\/v2\/users\/1"}],"replies":[{"embeddable":true,"href":"https:\/\/www.gruendach-technik.de\/gdt\/wp-json\/wp\/v2\/comments?post=1825"}],"version-history":[{"count":7,"href":"https:\/\/www.gruendach-technik.de\/gdt\/wp-json\/wp\/v2\/pages\/1825\/revisions"}],"predecessor-version":[{"id":3037,"href":"https:\/\/www.gruendach-technik.de\/gdt\/wp-json\/wp\/v2\/pages\/1825\/revisions\/3037"}],"wp:featuredmedia":[{"embeddable":true,"href":"https:\/\/www.gruendach-technik.de\/gdt\/wp-json\/wp\/v2\/media\/2572"}],"wp:attachment":[{"href":"https:\/\/www.gruendach-technik.de\/gdt\/wp-json\/wp\/v2\/media?parent=1825"}],"curies":[{"name":"wp","href":"https:\/\/api.w.org\/{rel}","templated":true}]}}