{"id":169,"date":"2015-06-12T00:00:19","date_gmt":"2015-06-12T00:00:19","guid":{"rendered":"https:\/\/www.gruendach-technik.de\/wp4\/?page_id=169"},"modified":"2026-01-22T21:26:04","modified_gmt":"2026-01-22T20:26:04","slug":"impressum","status":"publish","type":"page","link":"https:\/\/www.gruendach-technik.de\/gdt\/impressum\/","title":{"rendered":"Impressum"},"content":{"rendered":"<p>[et_pb_section fb_built=&#8220;1&#8243; fullwidth=&#8220;on&#8220; _builder_version=&#8220;4.23.1&#8243; _module_preset=&#8220;default&#8220; global_colors_info=&#8220;{}&#8220;][et_pb_fullwidth_image src=&#8220;https:\/\/www.gruendach-technik.de\/gdt\/wp-content\/uploads\/2024\/03\/Stuttgart_025-600.jpg&#8220; title_text=&#8220;Stuttgart_025-600&#8243; _builder_version=&#8220;4.17.0&#8243; _module_preset=&#8220;default&#8220; height=&#8220;100%&#8220; custom_padding=&#8220;||0px|||&#8220; global_colors_info=&#8220;{}&#8220;][\/et_pb_fullwidth_image][\/et_pb_section][et_pb_section fb_built=&#8220;1&#8243; _builder_version=&#8220;4.23.1&#8243; _module_preset=&#8220;default&#8220; width=&#8220;100%&#8220; max_width=&#8220;100%&#8220; custom_margin=&#8220;0px|0px|-20px|0px|false|false&#8220; custom_padding=&#8220;0px|0px|0px|0px|false|false&#8220; global_colors_info=&#8220;{}&#8220;][et_pb_row use_custom_gutter=&#8220;on&#8220; make_equal=&#8220;on&#8220; _builder_version=&#8220;4.23.1&#8243; _module_preset=&#8220;default&#8220; global_colors_info=&#8220;{}&#8220;][et_pb_column type=&#8220;4_4&#8243; _builder_version=&#8220;4.23.1&#8243; _module_preset=&#8220;default&#8220; global_colors_info=&#8220;{}&#8220;][et_pb_text _builder_version=&#8220;4.23.1&#8243; _module_preset=&#8220;default&#8220; header_font_size=&#8220;32px&#8220; header_text_shadow_style=&#8220;preset1&#8243; header_text_shadow_horizontal_length=&#8220;0.1em&#8220; header_text_shadow_blur_strength=&#8220;0.2em&#8220; header_text_shadow_color=&#8220;rgba(0,0,0,0.27)&#8220; global_colors_info=&#8220;{}&#8220;]<\/p>\n<div id=\"main_content\">\n<article class=\"entry post clearfix\">\n<h1 class=\"main_title\"><span style=\"color: #009640;\"><strong>Impressum<\/strong><br \/><\/span><\/h1>\n<\/article>\n<\/div>\n<p>[\/et_pb_text][et_pb_text _builder_version=&#8220;4.23.1&#8243; _module_preset=&#8220;default&#8220; global_colors_info=&#8220;{}&#8220;]<\/p>\n<p><span style=\"color: #009640;\">Verantwortlich f\u00fcr den Inhalt:<\/span><\/p>\n<p>[\/et_pb_text][\/et_pb_column][\/et_pb_row][et_pb_row column_structure=&#8220;1_3,1_3,1_3&#8243; use_custom_gutter=&#8220;on&#8220; make_equal=&#8220;on&#8220; _builder_version=&#8220;4.23.1&#8243; _module_preset=&#8220;default&#8220; global_colors_info=&#8220;{}&#8220;][et_pb_column type=&#8220;1_3&#8243; _builder_version=&#8220;4.23.1&#8243; _module_preset=&#8220;default&#8220; global_colors_info=&#8220;{}&#8220;][et_pb_text _builder_version=&#8220;4.17.0&#8243; _module_preset=&#8220;default&#8220; global_colors_info=&#8220;{}&#8220;]<\/p>\n<div class=\"et_lb_module et_lb_text_block\">\n<p><span style=\"color: #333333;\"><strong>GDT Gr\u00fcndach Technik GmbH S\u00fcdwest<br \/><\/strong><\/span>Dammstr. 4<br \/>72669 Unterensingen<br \/><a href=\"mailto:gdt@gruendachtechnik.de\"><span style=\"color: #009640; text-decoration: underline;\">gdt@gruendachtechnik.de<\/span><\/a><\/p>\n<p><span style=\"color: #333333;\"><strong>Gesch\u00e4ftsf\u00fchrer:<br \/><\/strong><\/span>Thomas H\u00f6vekamp<br \/>Stefan Berger<\/p>\n<p>Handelsregister Stuttgart HRB 224272<br \/>USt-IdNr. DE 812 228 100<\/p>\n<p>&nbsp;<\/p>\n<\/div>\n<p>[\/et_pb_text][\/et_pb_column][et_pb_column type=&#8220;1_3&#8243; _builder_version=&#8220;4.23.1&#8243; _module_preset=&#8220;default&#8220; global_colors_info=&#8220;{}&#8220;][et_pb_text _builder_version=&#8220;4.17.0&#8243; _module_preset=&#8220;default&#8220; hover_enabled=&#8220;0&#8243; global_colors_info=&#8220;{}&#8220; sticky_enabled=&#8220;0&#8243;]<\/p>\n<div class=\"et_lb_module et_lb_text_block\">\n<p><span style=\"color: #333333;\"><strong>GDT Gr\u00fcndach Pflege und Wartung GmbH<br \/><\/strong><\/span>Dammstr. 4<br \/>72669 Unterensingen<br \/><a href=\"mailto:gdt@gruendachtechnik.de\"><span style=\"color: #009640; text-decoration: underline;\">gdt@gruendachtechnik.de<\/span><\/a><\/p>\n<p><span style=\"color: #333333;\"><strong>Gesch\u00e4ftsf\u00fchrer:<br \/><\/strong><\/span>Thomas H\u00f6vekamp<br \/>Stefan Berger<\/p>\n<p>Handelsregister Stuttgart HRB 14533<br \/>USt-IdNr. DE 189 237 264<\/p>\n<p>&nbsp;<\/p>\n<\/div>\n<p>[\/et_pb_text][\/et_pb_column][et_pb_column type=&#8220;1_3&#8243; _builder_version=&#8220;4.23.1&#8243; _module_preset=&#8220;default&#8220; global_colors_info=&#8220;{}&#8220;][\/et_pb_column][\/et_pb_row][et_pb_row column_structure=&#8220;1_2,1_2&#8243; _builder_version=&#8220;4.23.1&#8243; _module_preset=&#8220;default&#8220; global_colors_info=&#8220;{}&#8220;][et_pb_column type=&#8220;1_2&#8243; _builder_version=&#8220;4.23.1&#8243; _module_preset=&#8220;default&#8220; global_colors_info=&#8220;{}&#8220;][et_pb_text _builder_version=&#8220;4.17.0&#8243; _module_preset=&#8220;default&#8220; hover_enabled=&#8220;0&#8243; global_colors_info=&#8220;{}&#8220; sticky_enabled=&#8220;0&#8243;]<\/p>\n<p><span style=\"color: #333333;\"><strong>Rechtliche Hinweise<\/strong><\/span><\/p>\n<p>Alle Inhalte dieser Seiten sind urheberrechtlich gesch\u00fctzt. Speicherung, Vervielf\u00e4ltigung, Nachahmung und Einspeisung in elektronische Medien &#8211; auch auszugsweise &#8211; bed\u00fcrfen der schriftlichen Genehmigung der GDT*. Der urheberrechtliche Schutz umfasst sowohl den Inhalt als auch die Gestaltung und die\u00a0Struktur der Seiten.<\/p>\n<p>Die Vervielf\u00e4ltigung von Informationen oder Daten, insbesondere die Verwendung von Texten, Textteilen, Bildmaterial oder technischer Datenbl\u00e4tter, bedarf der vorherigen schriftlichen Genehmigung der GDT*.<\/p>\n<p>Trotz sorgf\u00e4ltiger inhaltlicher Kontrolle \u00fcbernehmen wir keine Haftung f\u00fcr die Inhalte externer Links. F\u00fcr den Inhalt der verlinkten Seiten sind ausschlie\u00dflich deren Betreiber verantwortlich. Die GDT* ist nur f\u00fcr solche Sch\u00e4den im Zusammenhang mit der Nutzung dieses Internetauftritts verantwortlich, die durch Vorsatz oder grobe Fahrl\u00e4ssigkeit verursacht worden sind.<\/p>\n<p>Die GDT* \u00fcbernimmt keine Gew\u00e4hr f\u00fcr die Richtigkeit und Vollst\u00e4ndigkeit der gegebenen Text- und Bild-Informationen, insbesondere f\u00fcr die Angaben auf den technischen Datenbl\u00e4ttern. Der Nutzer hat keinen Anspruch auf st\u00e4ndige Verf\u00fcgbarkeit der angebotenen Seiten. Die GDT* beh\u00e4lt sich das Recht vor, die Seiten und\/oder die enthaltenen Inhalte jederzeit zu erg\u00e4nzen, zu modifizieren oder zu entfernen.<\/p>\n<p>* GDT besteht aus den Firmen<br \/><span style=\"color: #ffffff;\">\u00b0<\/span> GDT Gr\u00fcndach Technik GmbH S\u00fcdwest<br \/><span style=\"color: #ffffff;\">\u00b0<\/span> GDT Gr\u00fcndach Pflege und Wartung GmbH <\/p>\n<p>[\/et_pb_text][\/et_pb_column][et_pb_column type=&#8220;1_2&#8243; _builder_version=&#8220;4.23.1&#8243; _module_preset=&#8220;default&#8220; global_colors_info=&#8220;{}&#8220;][et_pb_text _builder_version=&#8220;4.23.1&#8243; _module_preset=&#8220;default&#8220; global_colors_info=&#8220;{}&#8220;]<\/p>\n<p>&nbsp;<\/p>\n<p>Diese Website benutzt Google Analytics, einen Webanalysedienst der Google Inc. (\u201eGoogle\u201c). Google Analytics verwendet sogenannte \u201eCookies\u201c, Textdateien, die auf Ihrem Computer gespeichert werden und die eine Analyse der Benutzung der Website durch Sie erm\u00f6glicht. Die durch den Cookie erzeugten Informationen \u00fcber Ihre Benutzung dieser Website (einschlie\u00dflich Ihrer IP-Adresse) wird an einen Server von Google in den USA \u00fcbertragen und dort gespeichert.<\/p>\n<p>Google wird diese Informationen benutzen, um Ihre Nutzung der Website auszuwerten, um Reports \u00fcber die Websiteaktivit\u00e4ten f\u00fcr die Websitebetreiber zusammenzustellen und um weitere mit der Websitenutzung und der Internetnutzung verbundene Dienstleistungen zu erbringen.<\/p>\n<p>Auch wird Google diese Informationen gegebenenfalls an Dritte \u00fcbertragen, sofern dies gesetzlich vorgeschrieben oder soweit Dritte diese Daten im Auftrag von Google verarbeiten. Google wird in keinem Fall Ihre IP-Adresse mit anderen Daten, die von Google gespeichert werden, in Verbindung bringen. Sie k\u00f6nnen die Installation der Cookies durch eine entsprechende Einstellung Ihrer Browser Software verhindern; wir weisen Sie jedoch darauf hin, dass Sie in diesem Fall gegebenenfalls nicht s\u00e4mtliche Funktionen dieser Website voll umf\u00e4nglich nutzen k\u00f6nnen.<\/p>\n<p>Durch die Nutzung dieser Website erkl\u00e4ren Sie sich mit der Bearbeitung der \u00fcber Sie erhobenen Daten durch Google in der zuvor beschriebenen Art und Weise und zu dem zuvor benannten Zweck einverstanden.<\/p>\n<p>[\/et_pb_text][et_pb_text _builder_version=&#8220;4.23.1&#8243; _module_preset=&#8220;default&#8220; global_colors_info=&#8220;{}&#8220;][\/et_pb_text][\/et_pb_column][\/et_pb_row][\/et_pb_section]<\/p>\n","protected":false},"excerpt":{"rendered":"<p>Impressum Verantwortlich f\u00fcr den Inhalt: GDT Gr\u00fcndach Technik GmbH S\u00fcdwestDammstr. 472669 Unterensingengdt@gruendachtechnik.de Gesch\u00e4ftsf\u00fchrer:Thomas H\u00f6vekampStefan Berger Handelsregister Stuttgart HRB 224272USt-IdNr. DE 812 228 100 &nbsp; GDT Gr\u00fcndach Pflege und Wartung GmbHDammstr. 472669 Unterensingengdt@gruendachtechnik.de Gesch\u00e4ftsf\u00fchrer:Thomas H\u00f6vekampStefan Berger Handelsregister Stuttgart HRB 14533USt-IdNr. DE 189 237 264 &nbsp; Rechtliche Hinweise Alle Inhalte dieser Seiten sind urheberrechtlich gesch\u00fctzt. Speicherung, Vervielf\u00e4ltigung, [&hellip;]<\/p>\n","protected":false},"author":1,"featured_media":0,"parent":0,"menu_order":6,"comment_status":"closed","ping_status":"closed","template":"","meta":{"_et_pb_use_builder":"on","_et_pb_old_content":"","_et_gb_content_width":"","footnotes":""},"class_list":["post-169","page","type-page","status-publish","hentry"],"yoast_head":"<!-- This site is optimized with the Yoast SEO Premium plugin v22.1 (Yoast SEO v22.1) - https:\/\/yoast.com\/wordpress\/plugins\/seo\/ -->\n<title>Impressum - GDT Gr\u00fcndachtechnik GmbH<\/title>\n<meta name=\"robots\" content=\"index, nofollow, max-snippet:-1, max-image-preview:large, max-video-preview:-1\" \/>\n<link rel=\"canonical\" href=\"https:\/\/www.gruendach-technik.de\/gdt\/impressum\/\" \/>\n<meta property=\"og:locale\" content=\"de_DE\" \/>\n<meta property=\"og:type\" content=\"article\" \/>\n<meta property=\"og:title\" content=\"Impressum\" \/>\n<meta property=\"og:description\" content=\"Impressum Verantwortlich f\u00fcr den Inhalt: GDT Gr\u00fcndach Technik GmbH S\u00fcdwestDammstr. 472669 Unterensingengdt@gruendachtechnik.de Gesch\u00e4ftsf\u00fchrer:Thomas H\u00f6vekampStefan Berger Handelsregister Stuttgart HRB 224272USt-IdNr. DE 812 228 100 &nbsp; GDT Gr\u00fcndach Pflege und Wartung GmbHDammstr. 472669 Unterensingengdt@gruendachtechnik.de Gesch\u00e4ftsf\u00fchrer:Thomas H\u00f6vekampStefan Berger Handelsregister Stuttgart HRB 14533USt-IdNr. DE 189 237 264 &nbsp; Rechtliche Hinweise Alle Inhalte dieser Seiten sind urheberrechtlich gesch\u00fctzt. Speicherung, Vervielf\u00e4ltigung, [&hellip;]\" \/>\n<meta property=\"og:url\" content=\"https:\/\/www.gruendach-technik.de\/gdt\/impressum\/\" \/>\n<meta property=\"og:site_name\" content=\"GDT Gr\u00fcndachtechnik GmbH\" \/>\n<meta property=\"article:modified_time\" content=\"2026-01-22T20:26:04+00:00\" \/>\n<meta property=\"og:image\" content=\"https:\/\/www.gruendach-technik.de\/gdt\/wp-content\/uploads\/2024\/03\/G_ppingen-LRA-2007-100621-800.jpg\" \/>\n\t<meta property=\"og:image:width\" content=\"1200\" \/>\n\t<meta property=\"og:image:height\" content=\"800\" \/>\n\t<meta property=\"og:image:type\" content=\"image\/jpeg\" \/>\n<meta name=\"twitter:card\" content=\"summary_large_image\" \/>\n<meta name=\"twitter:label1\" content=\"Gesch\u00e4tzte Lesezeit\" \/>\n\t<meta name=\"twitter:data1\" content=\"4\u00a0Minuten\" \/>\n<script type=\"application\/ld+json\" class=\"yoast-schema-graph\">{\"@context\":\"https:\/\/schema.org\",\"@graph\":[{\"@type\":\"WebPage\",\"@id\":\"https:\/\/www.gruendach-technik.de\/gdt\/impressum\/\",\"url\":\"https:\/\/www.gruendach-technik.de\/gdt\/impressum\/\",\"name\":\"Impressum - GDT Gr\u00fcndachtechnik GmbH\",\"isPartOf\":{\"@id\":\"https:\/\/www.gruendach-technik.de\/gdt\/#website\"},\"datePublished\":\"2015-06-12T00:00:19+00:00\",\"dateModified\":\"2026-01-22T20:26:04+00:00\",\"breadcrumb\":{\"@id\":\"https:\/\/www.gruendach-technik.de\/gdt\/impressum\/#breadcrumb\"},\"inLanguage\":\"de\",\"potentialAction\":[{\"@type\":\"ReadAction\",\"target\":[\"https:\/\/www.gruendach-technik.de\/gdt\/impressum\/\"]}]},{\"@type\":\"BreadcrumbList\",\"@id\":\"https:\/\/www.gruendach-technik.de\/gdt\/impressum\/#breadcrumb\",\"itemListElement\":[{\"@type\":\"ListItem\",\"position\":1,\"name\":\"Startseite\",\"item\":\"https:\/\/www.gruendach-technik.de\/gdt\/\"},{\"@type\":\"ListItem\",\"position\":2,\"name\":\"Impressum\"}]},{\"@type\":\"WebSite\",\"@id\":\"https:\/\/www.gruendach-technik.de\/gdt\/#website\",\"url\":\"https:\/\/www.gruendach-technik.de\/gdt\/\",\"name\":\"GDT Gr\u00fcndachtechnik GmbH\",\"description\":\"Dachbegr\u00fcnungen, Ihr Partner f\u00fcr gr\u00fcne D\u00e4cher\",\"publisher\":{\"@id\":\"https:\/\/www.gruendach-technik.de\/gdt\/#organization\"},\"alternateName\":\"GDT - Ihr Partner f\u00fcr gr\u00fcne D\u00e4cher\",\"potentialAction\":[{\"@type\":\"SearchAction\",\"target\":{\"@type\":\"EntryPoint\",\"urlTemplate\":\"https:\/\/www.gruendach-technik.de\/gdt\/?s={search_term_string}\"},\"query-input\":\"required name=search_term_string\"}],\"inLanguage\":\"de\"},{\"@type\":\"Organization\",\"@id\":\"https:\/\/www.gruendach-technik.de\/gdt\/#organization\",\"name\":\"GDT Gr\u00fcndachtechnik GmbH\",\"url\":\"https:\/\/www.gruendach-technik.de\/gdt\/\",\"logo\":{\"@type\":\"ImageObject\",\"inLanguage\":\"de\",\"@id\":\"https:\/\/www.gruendach-technik.de\/gdt\/#\/schema\/logo\/image\/\",\"url\":\"https:\/\/www.gruendach-technik.de\/gdt\/wp-content\/uploads\/2024\/01\/GDT-Gruendachtechnik-Ihr-Partner-fuer-gruene-Daecher_3.jpg\",\"contentUrl\":\"https:\/\/www.gruendach-technik.de\/gdt\/wp-content\/uploads\/2024\/01\/GDT-Gruendachtechnik-Ihr-Partner-fuer-gruene-Daecher_3.jpg\",\"width\":1230,\"height\":506,\"caption\":\"GDT Gr\u00fcndachtechnik GmbH\"},\"image\":{\"@id\":\"https:\/\/www.gruendach-technik.de\/gdt\/#\/schema\/logo\/image\/\"}}]}<\/script>\n<!-- \/ Yoast SEO Premium plugin. -->","yoast_head_json":{"title":"Impressum - GDT Gr\u00fcndachtechnik GmbH","robots":{"index":"index","follow":"nofollow","max-snippet":"max-snippet:-1","max-image-preview":"max-image-preview:large","max-video-preview":"max-video-preview:-1"},"canonical":"https:\/\/www.gruendach-technik.de\/gdt\/impressum\/","og_locale":"de_DE","og_type":"article","og_title":"Impressum","og_description":"Impressum Verantwortlich f\u00fcr den Inhalt: GDT Gr\u00fcndach Technik GmbH S\u00fcdwestDammstr. 472669 Unterensingengdt@gruendachtechnik.de Gesch\u00e4ftsf\u00fchrer:Thomas H\u00f6vekampStefan Berger Handelsregister Stuttgart HRB 224272USt-IdNr. DE 812 228 100 &nbsp; GDT Gr\u00fcndach Pflege und Wartung GmbHDammstr. 472669 Unterensingengdt@gruendachtechnik.de Gesch\u00e4ftsf\u00fchrer:Thomas H\u00f6vekampStefan Berger Handelsregister Stuttgart HRB 14533USt-IdNr. DE 189 237 264 &nbsp; Rechtliche Hinweise Alle Inhalte dieser Seiten sind urheberrechtlich gesch\u00fctzt. Speicherung, Vervielf\u00e4ltigung, [&hellip;]","og_url":"https:\/\/www.gruendach-technik.de\/gdt\/impressum\/","og_site_name":"GDT Gr\u00fcndachtechnik GmbH","article_modified_time":"2026-01-22T20:26:04+00:00","og_image":[{"width":1200,"height":800,"url":"https:\/\/www.gruendach-technik.de\/gdt\/wp-content\/uploads\/2024\/03\/G_ppingen-LRA-2007-100621-800.jpg","type":"image\/jpeg"}],"twitter_card":"summary_large_image","twitter_misc":{"Gesch\u00e4tzte Lesezeit":"4\u00a0Minuten"},"schema":{"@context":"https:\/\/schema.org","@graph":[{"@type":"WebPage","@id":"https:\/\/www.gruendach-technik.de\/gdt\/impressum\/","url":"https:\/\/www.gruendach-technik.de\/gdt\/impressum\/","name":"Impressum - GDT Gr\u00fcndachtechnik GmbH","isPartOf":{"@id":"https:\/\/www.gruendach-technik.de\/gdt\/#website"},"datePublished":"2015-06-12T00:00:19+00:00","dateModified":"2026-01-22T20:26:04+00:00","breadcrumb":{"@id":"https:\/\/www.gruendach-technik.de\/gdt\/impressum\/#breadcrumb"},"inLanguage":"de","potentialAction":[{"@type":"ReadAction","target":["https:\/\/www.gruendach-technik.de\/gdt\/impressum\/"]}]},{"@type":"BreadcrumbList","@id":"https:\/\/www.gruendach-technik.de\/gdt\/impressum\/#breadcrumb","itemListElement":[{"@type":"ListItem","position":1,"name":"Startseite","item":"https:\/\/www.gruendach-technik.de\/gdt\/"},{"@type":"ListItem","position":2,"name":"Impressum"}]},{"@type":"WebSite","@id":"https:\/\/www.gruendach-technik.de\/gdt\/#website","url":"https:\/\/www.gruendach-technik.de\/gdt\/","name":"GDT Gr\u00fcndachtechnik GmbH","description":"Dachbegr\u00fcnungen, Ihr Partner f\u00fcr gr\u00fcne D\u00e4cher","publisher":{"@id":"https:\/\/www.gruendach-technik.de\/gdt\/#organization"},"alternateName":"GDT - Ihr Partner f\u00fcr gr\u00fcne D\u00e4cher","potentialAction":[{"@type":"SearchAction","target":{"@type":"EntryPoint","urlTemplate":"https:\/\/www.gruendach-technik.de\/gdt\/?s={search_term_string}"},"query-input":"required name=search_term_string"}],"inLanguage":"de"},{"@type":"Organization","@id":"https:\/\/www.gruendach-technik.de\/gdt\/#organization","name":"GDT Gr\u00fcndachtechnik GmbH","url":"https:\/\/www.gruendach-technik.de\/gdt\/","logo":{"@type":"ImageObject","inLanguage":"de","@id":"https:\/\/www.gruendach-technik.de\/gdt\/#\/schema\/logo\/image\/","url":"https:\/\/www.gruendach-technik.de\/gdt\/wp-content\/uploads\/2024\/01\/GDT-Gruendachtechnik-Ihr-Partner-fuer-gruene-Daecher_3.jpg","contentUrl":"https:\/\/www.gruendach-technik.de\/gdt\/wp-content\/uploads\/2024\/01\/GDT-Gruendachtechnik-Ihr-Partner-fuer-gruene-Daecher_3.jpg","width":1230,"height":506,"caption":"GDT Gr\u00fcndachtechnik GmbH"},"image":{"@id":"https:\/\/www.gruendach-technik.de\/gdt\/#\/schema\/logo\/image\/"}}]}},"_links":{"self":[{"href":"https:\/\/www.gruendach-technik.de\/gdt\/wp-json\/wp\/v2\/pages\/169","targetHints":{"allow":["GET"]}}],"collection":[{"href":"https:\/\/www.gruendach-technik.de\/gdt\/wp-json\/wp\/v2\/pages"}],"about":[{"href":"https:\/\/www.gruendach-technik.de\/gdt\/wp-json\/wp\/v2\/types\/page"}],"author":[{"embeddable":true,"href":"https:\/\/www.gruendach-technik.de\/gdt\/wp-json\/wp\/v2\/users\/1"}],"replies":[{"embeddable":true,"href":"https:\/\/www.gruendach-technik.de\/gdt\/wp-json\/wp\/v2\/comments?post=169"}],"version-history":[{"count":5,"href":"https:\/\/www.gruendach-technik.de\/gdt\/wp-json\/wp\/v2\/pages\/169\/revisions"}],"predecessor-version":[{"id":3035,"href":"https:\/\/www.gruendach-technik.de\/gdt\/wp-json\/wp\/v2\/pages\/169\/revisions\/3035"}],"wp:attachment":[{"href":"https:\/\/www.gruendach-technik.de\/gdt\/wp-json\/wp\/v2\/media?parent=169"}],"curies":[{"name":"wp","href":"https:\/\/api.w.org\/{rel}","templated":true}]}}