{"id":1153,"date":"2015-06-12T00:00:01","date_gmt":"2015-06-12T00:00:01","guid":{"rendered":"https:\/\/www.gruendach-technik.de\/wp4\/?page_id=1153"},"modified":"2024-08-22T21:07:54","modified_gmt":"2024-08-22T19:07:54","slug":"weil-wir-ausschliesslich-dachbegruenungen-machen-wissen-wir-wie-qualitaet-umgesetzt-wird","status":"publish","type":"page","link":"https:\/\/www.gruendach-technik.de\/gdt\/","title":{"rendered":"Deutschlands Dachbegr\u00fcner Nr. 1"},"content":{"rendered":"\n[et_pb_section fb_built=&#8220;1&#8243; fullwidth=&#8220;on&#8220; _builder_version=&#8220;4.23.1&#8243; _module_preset=&#8220;default&#8220; min_height=&#8220;100%&#8220; height=&#8220;100%&#8220; max_height=&#8220;100%&#8220; global_colors_info=&#8220;{}&#8220;][et_pb_fullwidth_image src=&#8220;https:\/\/www.gruendach-technik.de\/gdt\/wp-content\/uploads\/2024\/03\/POZ-DSC02369-600.jpg&#8220; title_text=&#8220;POZ-DSC02369-600&#8243; _builder_version=&#8220;4.17.0&#8243; _module_preset=&#8220;default&#8220; hover_enabled=&#8220;0&#8243; box_shadow_style=&#8220;preset1&#8243; box_shadow_position=&#8220;inner&#8220; global_colors_info=&#8220;{}&#8220; sticky_enabled=&#8220;0&#8243;][\/et_pb_fullwidth_image][\/et_pb_section][et_pb_section fb_built=&#8220;1&#8243; _builder_version=&#8220;4.23.1&#8243; _module_preset=&#8220;default&#8220; width=&#8220;100%&#8220; max_width=&#8220;100%&#8220; min_height=&#8220;100%&#8220; height=&#8220;100%&#8220; max_height=&#8220;100%&#8220; custom_margin=&#8220;||||false|false&#8220; custom_padding=&#8220;||||false|false&#8220; border_color_all=&#8220;#FFFFFF&#8220; global_colors_info=&#8220;{}&#8220;][et_pb_row use_custom_gutter=&#8220;on&#8220; make_equal=&#8220;on&#8220; _builder_version=&#8220;4.23.1&#8243; _module_preset=&#8220;default&#8220; custom_margin=&#8220;0px||||false|false&#8220; global_colors_info=&#8220;{}&#8220;][et_pb_column type=&#8220;4_4&#8243; _builder_version=&#8220;4.23.1&#8243; _module_preset=&#8220;default&#8220; custom_padding=&#8220;||||false|false&#8220; global_colors_info=&#8220;{}&#8220;][et_pb_text _builder_version=&#8220;4.23.1&#8243; _module_preset=&#8220;default&#8220; header_font=&#8220;Arial||||||||&#8220; header_font_size=&#8220;40px&#8220; width=&#8220;100%&#8220; module_alignment=&#8220;left&#8220; min_height=&#8220;100%&#8220; height=&#8220;100%&#8220; max_height=&#8220;100%&#8220; custom_margin=&#8220;10px||-30px||false|false&#8220; custom_padding=&#8220;||0px||false|false&#8220; header_text_shadow_style=&#8220;preset3&#8243; header_text_shadow_horizontal_length=&#8220;0.08em&#8220; header_text_shadow_vertical_length=&#8220;0.06em&#8220; header_text_shadow_blur_strength=&#8220;0.22em&#8220; header_text_shadow_color=&#8220;rgba(0,0,0,0.25)&#8220; global_colors_info=&#8220;{}&#8220;]<div id=\"main_content\">\n<article class=\"entry post clearfix\">\n<h1 class=\"main_title\"><strong><span style=\"color: #009640;\">Ihr Partner f\u00fcr gr\u00fcne D\u00e4cher \u00b7 Deutschlands Dachbegr\u00fcner Nr. 1<\/span><\/strong><\/h1>\n<\/article>\n<\/div>[\/et_pb_text][\/et_pb_column][\/et_pb_row][et_pb_row column_structure=&#8220;1_3,1_3,1_3&#8243; _builder_version=&#8220;4.23.1&#8243; _module_preset=&#8220;default&#8220; global_colors_info=&#8220;{}&#8220;][et_pb_column type=&#8220;1_3&#8243; _builder_version=&#8220;4.23.1&#8243; _module_preset=&#8220;default&#8220; global_colors_info=&#8220;{}&#8220;][et_pb_image src=&#8220;https:\/\/www.gruendach-technik.de\/gdt\/wp-content\/uploads\/2024\/03\/20210604_101007-GDT-Firmendach-800.jpg&#8220; title_text=&#8220;20210604_101007-GDT-Firmendach-800&#8243; show_in_lightbox=&#8220;on&#8220; _builder_version=&#8220;4.17.0&#8243; _module_preset=&#8220;default&#8220; hover_enabled=&#8220;0&#8243; box_shadow_style=&#8220;preset1&#8243; global_colors_info=&#8220;{}&#8220; sticky_enabled=&#8220;0&#8243;][\/et_pb_image][\/et_pb_column][et_pb_column type=&#8220;1_3&#8243; _builder_version=&#8220;4.23.1&#8243; _module_preset=&#8220;default&#8220; global_colors_info=&#8220;{}&#8220;][et_pb_image src=&#8220;https:\/\/www.gruendach-technik.de\/gdt\/wp-content\/uploads\/2024\/03\/G_ppingen-LRA-2007-100621-800.jpg&#8220; title_text=&#8220;G_ppingen-LRA-2007-100621-800&#8243; show_in_lightbox=&#8220;on&#8220; _builder_version=&#8220;4.17.0&#8243; _module_preset=&#8220;default&#8220; hover_enabled=&#8220;0&#8243; box_shadow_style=&#8220;preset1&#8243; global_colors_info=&#8220;{}&#8220; sticky_enabled=&#8220;0&#8243;][\/et_pb_image][\/et_pb_column][et_pb_column type=&#8220;1_3&#8243; _builder_version=&#8220;4.23.1&#8243; _module_preset=&#8220;default&#8220; global_colors_info=&#8220;{}&#8220;][et_pb_image src=&#8220;https:\/\/www.gruendach-technik.de\/gdt\/wp-content\/uploads\/2024\/03\/Dachgarten-Dachbegruenung-800.jpg&#8220; title_text=&#8220;Dachgarten-Dachbegr\u00fcnung-800&#8243; show_in_lightbox=&#8220;on&#8220; _builder_version=&#8220;4.17.0&#8243; _module_preset=&#8220;default&#8220; hover_enabled=&#8220;0&#8243; box_shadow_style=&#8220;preset1&#8243; global_colors_info=&#8220;{}&#8220; sticky_enabled=&#8220;0&#8243;][\/et_pb_image][\/et_pb_column][\/et_pb_row][et_pb_row column_structure=&#8220;3_4,1_4&#8243; use_custom_gutter=&#8220;on&#8220; make_equal=&#8220;on&#8220; _builder_version=&#8220;4.23.1&#8243; _module_preset=&#8220;default&#8220; custom_margin=&#8220;0px||||false|false&#8220; global_colors_info=&#8220;{}&#8220;][et_pb_column type=&#8220;3_4&#8243; _builder_version=&#8220;4.23.1&#8243; _module_preset=&#8220;default&#8220; global_colors_info=&#8220;{}&#8220;][et_pb_text _builder_version=&#8220;4.17.0&#8243; _module_preset=&#8220;default&#8220; width=&#8220;100%&#8220; custom_padding=&#8220;0px||0px||false|false&#8220; hover_enabled=&#8220;0&#8243; global_colors_info=&#8220;{}&#8220; sticky_enabled=&#8220;0&#8243;]<div class=\"et_lb_module et_lb_text_block et_lb_first\">\n<h2 style=\"text-align: left;\"><span style=\"color: #009640;\"><strong>Weil wir ausschlie\u00dflich Dachbegr\u00fcnungen machen wissen wir, wie Qualit\u00e4t umgesetzt wird.<\/strong><\/span><\/h2>\n<\/div>\n<div class=\"et_lb_module et_lb_column et_lb_2_3 et_lb_first\">\n<div class=\"et_lb_module et_lb_text_block\">\n<p style=\"text-align: left;\"><span style=\"color: #000000;\">Mit ihrem Sitz in Unterensingen bei Stuttgart f\u00fchrt die GDT GmbH bundesweit j\u00e4hrlich rund 450 Objekte zur Zufriedenheit ihrer Kunden aus, <b>somit entsteht t\u00e4glich ein neues GDT-Gr\u00fcndach<\/b>. Die etwa 40 hochqualifizierten Mitarbeiter k\u00f6nnen dabei auf das geballte Know-How aus \u00fcber <b>30 Jahren Erfahrung mit Systemaufbauten jeglicher Art <\/b>zur\u00fcckgreifen.<\/span><\/p>\n<p><span style=\"color: #000000;\">Unsere Leistungen umfassen dabei die Ausf\u00fchrung von <b><a href=\"https:\/\/www.gruendach-technik.de\/gdt\/extensive-dachbegruenungen\/\">extensiven Dachfl\u00e4chen<\/a>, <a href=\"https:\/\/www.gruendach-technik.de\/gdt\/intensive-dachbegruenungen\/\">intensiven Dachg\u00e4rten<\/a>, <a href=\"https:\/\/www.gruendach-technik.de\/gdt\/retentions-dachbegruenungen\/\">Retentions-Dachbegr\u00fcnungen<\/a>\u00a0<\/b> als auch <a href=\"https:\/\/www.gruendach-technik.de\/gdt\/photovoltaik-dachbegruenungen\/\"><strong>gr\u00fcne D\u00e4cher in Kombination mit Photovoltaik-Anlagen<\/strong><\/a>. Dazu geh\u00f6ren selbstverst\u00e4ndlich auch<a href=\"https:\/\/www.gruendach-technik.de\/gdt\/platten-und-terrassenarbeiten\/\"> <b>Platten- und Terrassenarbeiten<\/b><\/a> sowie nach Fertigstellung die fachgerechte <a href=\"https:\/\/www.gruendach-technik.de\/gdt\/pflege-und-wartung\/\"><b>Pflege und Wartung<\/b> <\/a>der Objekte.<\/span><\/p>\n<\/div>\n<\/div>[\/et_pb_text][\/et_pb_column][et_pb_column type=&#8220;1_4&#8243; _builder_version=&#8220;4.23.1&#8243; _module_preset=&#8220;default&#8220; global_colors_info=&#8220;{}&#8220;][et_pb_text _builder_version=&#8220;4.17.0&#8243; _module_preset=&#8220;default&#8220; hover_enabled=&#8220;0&#8243; global_colors_info=&#8220;{}&#8220; sticky_enabled=&#8220;0&#8243;]<h5><strong><a href=\"https:\/\/www.gruendach-technik.de\/gdt\/gruendach-information\/\">Gr\u00fcndach-Informationen \u00bb<\/a><\/strong><\/h5>\n<h5><strong><\/strong><strong><span style=\"color: #009640;\"><a style=\"color: #009640;\" href=\"https:\/\/www.gruendach-technik.de\/gdt\/extensive-dachbegruenungen\/\">Extensive Dachbegr\u00fcnungen \u00bb<\/a><\/span><\/strong><strong><\/strong><\/h5>\n<h5><strong><a href=\"https:\/\/www.gruendach-technik.de\/gdt\/intensive-dachbegruenungen\/\" title=\"Intensive Dachlandschaften \u00bb\">Intensive Dachlandschaften \u00bb<\/a><\/strong><\/h5>\n<h5><strong><a href=\"https:\/\/www.gruendach-technik.de\/gdt\/retentions-dachbegruenungen\/\">Rententions-Dachbegr\u00fcnung \u00bb<\/a><\/strong><\/h5>\n<h5><strong><a href=\"https:\/\/www.gruendach-technik.de\/gdt\/photovoltaik-dachbegruenungen\/\">Photovoltaik-Dachgegr\u00fcnung \u00bb<\/a><br \/><\/strong><\/h5>\n<h5><strong><a href=\"https:\/\/www.gruendach-technik.de\/gdt\/platten-und-terrassenarbeiten\/\">Platten- und Terrassenarbeiten \u00bb<\/a><\/strong><strong><\/strong><\/h5>\n<h5><strong><a href=\"https:\/\/www.gruendach-technik.de\/gdt\/pflege-und-wartung\/\">Pflege und Wartung \u00bb<\/a><\/strong><\/h5>[\/et_pb_text][\/et_pb_column][\/et_pb_row][et_pb_row use_custom_gutter=&#8220;on&#8220; make_equal=&#8220;on&#8220; _builder_version=&#8220;4.23.1&#8243; _module_preset=&#8220;default&#8220; custom_margin=&#8220;0px||||false|false&#8220; global_colors_info=&#8220;{}&#8220;][et_pb_column type=&#8220;4_4&#8243; _builder_version=&#8220;4.23.1&#8243; _module_preset=&#8220;default&#8220; global_colors_info=&#8220;{}&#8220;][et_pb_text _builder_version=&#8220;4.17.0&#8243; _module_preset=&#8220;default&#8220; hover_enabled=&#8220;0&#8243; sticky_enabled=&#8220;0&#8243;]<h1><strong>Unsere Leistungen<\/strong><\/h1>[\/et_pb_text][\/et_pb_column][\/et_pb_row][et_pb_row column_structure=&#8220;1_3,1_3,1_3&#8243; use_custom_gutter=&#8220;on&#8220; make_equal=&#8220;on&#8220; _builder_version=&#8220;4.23.1&#8243; _module_preset=&#8220;default&#8220; custom_margin=&#8220;0px||||false|false&#8220; global_colors_info=&#8220;{}&#8220;][et_pb_column type=&#8220;1_3&#8243; _builder_version=&#8220;4.23.1&#8243; _module_preset=&#8220;default&#8220; global_colors_info=&#8220;{}&#8220;][et_pb_image src=&#8220;https:\/\/www.gruendach-technik.de\/gdt\/wp-content\/uploads\/2024\/03\/KFC-Muenchen_800.jpg&#8220; title_text=&#8220;KFC-M\u00fcnchen_800&#8243; show_in_lightbox=&#8220;on&#8220; _builder_version=&#8220;4.17.0&#8243; _module_preset=&#8220;default&#8220; hover_enabled=&#8220;0&#8243; box_shadow_style=&#8220;preset1&#8243; global_colors_info=&#8220;{}&#8220; sticky_enabled=&#8220;0&#8243;][\/et_pb_image][et_pb_text _builder_version=&#8220;4.17.0&#8243; _module_preset=&#8220;default&#8220; hover_enabled=&#8220;0&#8243; global_colors_info=&#8220;{}&#8220; sticky_enabled=&#8220;0&#8243;]<h2><strong><span style=\"color: #009640;\"><a style=\"color: #009640;\" href=\"https:\/\/www.gruendach-technik.de\/gdt\/extensive-dachbegruenungen\/\">Extensive Dachbegr\u00fcnungen \u00bb<\/a><\/span><\/strong><\/h2>\n<p><span style=\"text-decoration: underline;\"><a href=\"https:\/\/www.gruendach-technik.de\/wp4\/extensive-dachbegruenungen\/\"><span style=\"color: #000000; text-decoration: underline;\"><\/span><\/a><\/span><\/p>[\/et_pb_text][\/et_pb_column][et_pb_column type=&#8220;1_3&#8243; _builder_version=&#8220;4.23.1&#8243; _module_preset=&#8220;default&#8220; global_colors_info=&#8220;{}&#8220;][et_pb_image src=&#8220;https:\/\/www.gruendach-technik.de\/gdt\/wp-content\/uploads\/2024\/03\/Stuttgart-800.jpg&#8220; title_text=&#8220;Stuttgart-800&#8243; show_in_lightbox=&#8220;on&#8220; _builder_version=&#8220;4.17.0&#8243; _module_preset=&#8220;default&#8220; hover_enabled=&#8220;0&#8243; box_shadow_style=&#8220;preset1&#8243; global_colors_info=&#8220;{}&#8220; sticky_enabled=&#8220;0&#8243;][\/et_pb_image][et_pb_text _builder_version=&#8220;4.17.0&#8243; _module_preset=&#8220;default&#8220; hover_enabled=&#8220;0&#8243; global_colors_info=&#8220;{}&#8220; sticky_enabled=&#8220;0&#8243;]<h2><strong><a href=\"https:\/\/www.gruendach-technik.de\/gdt\/intensive-dachbegruenungen\/\">Intensive Dachbegr\u00fcnungen \u00bb<\/a><br \/><\/strong><\/h2>\n<p><span style=\"text-decoration: underline;\"><a href=\"https:\/\/www.gruendach-technik.de\/wp4\/intensive-dachbegruenungen\/\"><span style=\"color: #000000; text-decoration: underline;\"><\/span><\/a><\/span><\/p>[\/et_pb_text][\/et_pb_column][et_pb_column type=&#8220;1_3&#8243; _builder_version=&#8220;4.23.1&#8243; _module_preset=&#8220;default&#8220; global_colors_info=&#8220;{}&#8220;][et_pb_image src=&#8220;https:\/\/www.gruendach-technik.de\/gdt\/wp-content\/uploads\/2024\/03\/Landesmesse-Stuttgart-25_800.jpg&#8220; title_text=&#8220;Landesmesse-Stuttgart-25_800&#8243; show_in_lightbox=&#8220;on&#8220; _builder_version=&#8220;4.17.0&#8243; _module_preset=&#8220;default&#8220; hover_enabled=&#8220;0&#8243; box_shadow_style=&#8220;preset1&#8243; global_colors_info=&#8220;{}&#8220; sticky_enabled=&#8220;0&#8243;][\/et_pb_image][et_pb_text _builder_version=&#8220;4.17.0&#8243; _module_preset=&#8220;default&#8220; hover_enabled=&#8220;0&#8243; global_colors_info=&#8220;{}&#8220; sticky_enabled=&#8220;0&#8243;]<h2><strong><a href=\"https:\/\/www.gruendach-technik.de\/gdt\/retentions-dachbegruenungen\/\">Retentions Dachbegr\u00fcnung \u00bb<\/a><\/strong><\/h2>[\/et_pb_text][\/et_pb_column][\/et_pb_row][et_pb_row column_structure=&#8220;1_3,1_3,1_3&#8243; use_custom_gutter=&#8220;on&#8220; make_equal=&#8220;on&#8220; _builder_version=&#8220;4.23.1&#8243; _module_preset=&#8220;default&#8220; custom_margin=&#8220;0px||||false|false&#8220; global_colors_info=&#8220;{}&#8220;][et_pb_column type=&#8220;1_3&#8243; _builder_version=&#8220;4.23.1&#8243; _module_preset=&#8220;default&#8220; global_colors_info=&#8220;{}&#8220;][et_pb_image src=&#8220;https:\/\/www.gruendach-technik.de\/gdt\/wp-content\/uploads\/2024\/03\/Solardachbegruenung-IMG_1959_2-800.jpg&#8220; title_text=&#8220;Solardachbegr\u00fcnung-IMG_1959_2-800&#8243; show_in_lightbox=&#8220;on&#8220; _builder_version=&#8220;4.17.0&#8243; _module_preset=&#8220;default&#8220; hover_enabled=&#8220;0&#8243; box_shadow_style=&#8220;preset1&#8243; global_colors_info=&#8220;{}&#8220; sticky_enabled=&#8220;0&#8243;][\/et_pb_image][et_pb_text _builder_version=&#8220;4.17.0&#8243; _module_preset=&#8220;default&#8220; hover_enabled=&#8220;0&#8243; global_colors_info=&#8220;{}&#8220; sticky_enabled=&#8220;0&#8243;]<h2><span style=\"color: #009640;\"><a style=\"color: #009640;\" href=\"https:\/\/www.gruendach-technik.de\/gdt\/photovoltaik-dachbegruenungen\/\"><strong>Photovoltaik Dachbegr\u00fcnung<\/strong> \u00bb<\/a><\/span><a href=\"https:\/\/www.gruendach-technik.de\/wp4\/photovoltaik-dachbegruenungen\/\"><span style=\"color: #000000;\"><span style=\"text-decoration: underline;\"><\/span><\/span><\/a><\/h2>[\/et_pb_text][\/et_pb_column][et_pb_column type=&#8220;1_3&#8243; _builder_version=&#8220;4.23.1&#8243; _module_preset=&#8220;default&#8220; global_colors_info=&#8220;{}&#8220;][et_pb_image src=&#8220;https:\/\/www.gruendach-technik.de\/gdt\/wp-content\/uploads\/2024\/03\/Seelaender-Areal-Herrenberg-2022-027-800.jpg&#8220; title_text=&#8220;Seel\u00e4nder-Areal-Herrenberg-2022-027-800&#8243; show_in_lightbox=&#8220;on&#8220; _builder_version=&#8220;4.17.0&#8243; _module_preset=&#8220;default&#8220; hover_enabled=&#8220;0&#8243; box_shadow_style=&#8220;preset1&#8243; global_colors_info=&#8220;{}&#8220; sticky_enabled=&#8220;0&#8243;][\/et_pb_image][et_pb_text _builder_version=&#8220;4.17.0&#8243; _module_preset=&#8220;default&#8220; hover_enabled=&#8220;0&#8243; global_colors_info=&#8220;{}&#8220; sticky_enabled=&#8220;0&#8243;]<h2><strong><a href=\"https:\/\/www.gruendach-technik.de\/gdt\/platten-und-terrassenarbeiten\/\">Platten- und Terrassenarbeiten \u00bb<\/a><\/strong><a href=\"https:\/\/www.gruendach-technik.de\/wp4\/platten-und-terrassenarbeiten\/\"><span style=\"text-decoration: underline;\"><span style=\"color: #000000; text-decoration: underline;\"><\/span><\/span><\/a><\/h2>[\/et_pb_text][\/et_pb_column][et_pb_column type=&#8220;1_3&#8243; _builder_version=&#8220;4.23.1&#8243; _module_preset=&#8220;default&#8220; global_colors_info=&#8220;{}&#8220;][et_pb_image src=&#8220;https:\/\/www.gruendach-technik.de\/gdt\/wp-content\/uploads\/2024\/03\/Dachterrasse_01_17099-800.jpg&#8220; title_text=&#8220;Dachterrasse_01_17099-800&#8243; show_in_lightbox=&#8220;on&#8220; _builder_version=&#8220;4.17.0&#8243; _module_preset=&#8220;default&#8220; hover_enabled=&#8220;0&#8243; box_shadow_style=&#8220;preset1&#8243; global_colors_info=&#8220;{}&#8220; sticky_enabled=&#8220;0&#8243;][\/et_pb_image][et_pb_text _builder_version=&#8220;4.17.0&#8243; _module_preset=&#8220;default&#8220; hover_enabled=&#8220;0&#8243; global_colors_info=&#8220;{}&#8220; sticky_enabled=&#8220;0&#8243;]<h2><strong><a href=\"https:\/\/www.gruendach-technik.de\/gdt\/pflege-und-wartung\/\">Pflege und Wartung \u00bb<\/a><br \/><\/strong><\/h2>\n<p><span style=\"text-decoration: underline;\"><a href=\"https:\/\/www.gruendach-technik.de\/wp4\/pflege-und-wartung\/\"><span style=\"color: #000000; text-decoration: underline;\"><\/span><\/a><\/span><\/p>\n<p>&nbsp;<\/p>[\/et_pb_text][\/et_pb_column][\/et_pb_row][\/et_pb_section][et_pb_section fb_built=&#8220;1&#8243; fullwidth=&#8220;on&#8220; _builder_version=&#8220;4.23.1&#8243; _module_preset=&#8220;default&#8220; global_colors_info=&#8220;{}&#8220;][et_pb_fullwidth_image src=&#8220;https:\/\/www.gruendach-technik.de\/gdt\/wp-content\/uploads\/2024\/03\/Das-Team-von-GDT_2731-600.jpg&#8220; title_text=&#8220;Das-Team-von-GDT_2731-600&#8243; _builder_version=&#8220;4.17.0&#8243; _module_preset=&#8220;default&#8220; hover_enabled=&#8220;0&#8243; box_shadow_style=&#8220;preset6&#8243; global_colors_info=&#8220;{}&#8220; sticky_enabled=&#8220;0&#8243;][\/et_pb_fullwidth_image][\/et_pb_section]\n","protected":false},"excerpt":{"rendered":"<p>Ihr Partner f\u00fcr gr\u00fcne D\u00e4cher \u00b7 Deutschlands Dachbegr\u00fcner Nr. 1 Weil wir ausschlie\u00dflich Dachbegr\u00fcnungen machen wissen wir, wie Qualit\u00e4t umgesetzt wird. Mit ihrem Sitz in Unterensingen bei Stuttgart f\u00fchrt die GDT GmbH bundesweit j\u00e4hrlich rund 450 Objekte zur Zufriedenheit ihrer Kunden aus, somit entsteht t\u00e4glich ein neues GDT-Gr\u00fcndach. Die etwa 40 hochqualifizierten Mitarbeiter k\u00f6nnen dabei [&hellip;]<\/p>\n","protected":false},"author":1,"featured_media":2406,"parent":0,"menu_order":0,"comment_status":"closed","ping_status":"closed","template":"","meta":{"_et_pb_use_builder":"on","_et_pb_old_content":"","_et_gb_content_width":"","footnotes":""},"class_list":["post-1153","page","type-page","status-publish","has-post-thumbnail","hentry"],"yoast_head":"<!-- This site is optimized with the Yoast SEO Premium plugin v22.1 (Yoast SEO v22.1) - https:\/\/yoast.com\/wordpress\/plugins\/seo\/ -->\n<title>Deutschlands Dachbegr\u00fcner Nr. 1 - GDT Gr\u00fcndachtechnik GmbH<\/title>\n<meta name=\"description\" content=\"Unsere Leistungen umfassen die Ausf\u00fchrung von extensiven Dachfl\u00e4chen, intensiven Dachg\u00e4rten, Retentions-Dachbegr\u00fcnungen, Pflege und Wartung\" \/>\n<meta name=\"robots\" content=\"index, follow, max-snippet:-1, max-image-preview:large, max-video-preview:-1\" \/>\n<link rel=\"canonical\" href=\"https:\/\/www.gruendach-technik.de\/gdt\/\" \/>\n<meta property=\"og:locale\" content=\"de_DE\" \/>\n<meta property=\"og:type\" content=\"article\" \/>\n<meta property=\"og:title\" content=\"Deutschlands Dachbegr\u00fcner Nr. 1\" \/>\n<meta property=\"og:description\" content=\"Unsere Leistungen umfassen die Ausf\u00fchrung von extensiven Dachfl\u00e4chen, intensiven Dachg\u00e4rten, Retentions-Dachbegr\u00fcnungen, Pflege und Wartung\" \/>\n<meta property=\"og:url\" content=\"https:\/\/www.gruendach-technik.de\/gdt\/\" \/>\n<meta property=\"og:site_name\" content=\"GDT Gr\u00fcndachtechnik GmbH\" \/>\n<meta property=\"article:modified_time\" content=\"2024-08-22T19:07:54+00:00\" \/>\n<meta property=\"og:image\" content=\"https:\/\/www.gruendach-technik.de\/gdt\/wp-content\/uploads\/2024\/03\/POZ-DSC02369-600.jpg\" \/>\n\t<meta property=\"og:image:width\" content=\"1200\" \/>\n\t<meta property=\"og:image:height\" content=\"600\" \/>\n\t<meta property=\"og:image:type\" content=\"image\/jpeg\" \/>\n<meta name=\"twitter:card\" content=\"summary_large_image\" \/>\n<meta name=\"twitter:label1\" content=\"Gesch\u00e4tzte Lesezeit\" \/>\n\t<meta name=\"twitter:data1\" content=\"3\u00a0Minuten\" \/>\n<script type=\"application\/ld+json\" class=\"yoast-schema-graph\">{\"@context\":\"https:\/\/schema.org\",\"@graph\":[{\"@type\":\"WebPage\",\"@id\":\"https:\/\/www.gruendach-technik.de\/gdt\/\",\"url\":\"https:\/\/www.gruendach-technik.de\/gdt\/\",\"name\":\"Deutschlands Dachbegr\u00fcner Nr. 1 - GDT Gr\u00fcndachtechnik GmbH\",\"isPartOf\":{\"@id\":\"https:\/\/www.gruendach-technik.de\/gdt\/#website\"},\"datePublished\":\"2015-06-12T00:00:01+00:00\",\"dateModified\":\"2024-08-22T19:07:54+00:00\",\"description\":\"Unsere Leistungen umfassen die Ausf\u00fchrung von extensiven Dachfl\u00e4chen, intensiven Dachg\u00e4rten, Retentions-Dachbegr\u00fcnungen, Pflege und Wartung\",\"breadcrumb\":{\"@id\":\"https:\/\/www.gruendach-technik.de\/gdt\/#breadcrumb\"},\"inLanguage\":\"de\",\"potentialAction\":[{\"@type\":\"ReadAction\",\"target\":[\"https:\/\/www.gruendach-technik.de\/gdt\/\"]}]},{\"@type\":\"BreadcrumbList\",\"@id\":\"https:\/\/www.gruendach-technik.de\/gdt\/#breadcrumb\",\"itemListElement\":[{\"@type\":\"ListItem\",\"position\":1,\"name\":\"Startseite\",\"item\":\"https:\/\/www.gruendach-technik.de\/gdt\/\"},{\"@type\":\"ListItem\",\"position\":2,\"name\":\"Deutschlands Dachbegr\u00fcner Nr. 1\"}]},{\"@type\":\"WebSite\",\"@id\":\"https:\/\/www.gruendach-technik.de\/gdt\/#website\",\"url\":\"https:\/\/www.gruendach-technik.de\/gdt\/\",\"name\":\"GDT Gr\u00fcndachtechnik GmbH\",\"description\":\"Dachbegr\u00fcnungen, Ihr Partner f\u00fcr gr\u00fcne D\u00e4cher\",\"publisher\":{\"@id\":\"https:\/\/www.gruendach-technik.de\/gdt\/#organization\"},\"alternateName\":\"GDT - Ihr Partner f\u00fcr gr\u00fcne D\u00e4cher\",\"potentialAction\":[{\"@type\":\"SearchAction\",\"target\":{\"@type\":\"EntryPoint\",\"urlTemplate\":\"https:\/\/www.gruendach-technik.de\/gdt\/?s={search_term_string}\"},\"query-input\":\"required name=search_term_string\"}],\"inLanguage\":\"de\"},{\"@type\":\"Organization\",\"@id\":\"https:\/\/www.gruendach-technik.de\/gdt\/#organization\",\"name\":\"GDT Gr\u00fcndachtechnik GmbH\",\"url\":\"https:\/\/www.gruendach-technik.de\/gdt\/\",\"logo\":{\"@type\":\"ImageObject\",\"inLanguage\":\"de\",\"@id\":\"https:\/\/www.gruendach-technik.de\/gdt\/#\/schema\/logo\/image\/\",\"url\":\"https:\/\/www.gruendach-technik.de\/gdt\/wp-content\/uploads\/2024\/01\/GDT-Gruendachtechnik-Ihr-Partner-fuer-gruene-Daecher_3.jpg\",\"contentUrl\":\"https:\/\/www.gruendach-technik.de\/gdt\/wp-content\/uploads\/2024\/01\/GDT-Gruendachtechnik-Ihr-Partner-fuer-gruene-Daecher_3.jpg\",\"width\":1230,\"height\":506,\"caption\":\"GDT Gr\u00fcndachtechnik GmbH\"},\"image\":{\"@id\":\"https:\/\/www.gruendach-technik.de\/gdt\/#\/schema\/logo\/image\/\"}}]}<\/script>\n<!-- \/ Yoast SEO Premium plugin. -->","yoast_head_json":{"title":"Deutschlands Dachbegr\u00fcner Nr. 1 - GDT Gr\u00fcndachtechnik GmbH","description":"Unsere Leistungen umfassen die Ausf\u00fchrung von extensiven Dachfl\u00e4chen, intensiven Dachg\u00e4rten, Retentions-Dachbegr\u00fcnungen, Pflege und Wartung","robots":{"index":"index","follow":"follow","max-snippet":"max-snippet:-1","max-image-preview":"max-image-preview:large","max-video-preview":"max-video-preview:-1"},"canonical":"https:\/\/www.gruendach-technik.de\/gdt\/","og_locale":"de_DE","og_type":"article","og_title":"Deutschlands Dachbegr\u00fcner Nr. 1","og_description":"Unsere Leistungen umfassen die Ausf\u00fchrung von extensiven Dachfl\u00e4chen, intensiven Dachg\u00e4rten, Retentions-Dachbegr\u00fcnungen, Pflege und Wartung","og_url":"https:\/\/www.gruendach-technik.de\/gdt\/","og_site_name":"GDT Gr\u00fcndachtechnik GmbH","article_modified_time":"2024-08-22T19:07:54+00:00","og_image":[{"width":1200,"height":600,"url":"https:\/\/www.gruendach-technik.de\/gdt\/wp-content\/uploads\/2024\/03\/POZ-DSC02369-600.jpg","type":"image\/jpeg"}],"twitter_card":"summary_large_image","twitter_misc":{"Gesch\u00e4tzte Lesezeit":"3\u00a0Minuten"},"schema":{"@context":"https:\/\/schema.org","@graph":[{"@type":"WebPage","@id":"https:\/\/www.gruendach-technik.de\/gdt\/","url":"https:\/\/www.gruendach-technik.de\/gdt\/","name":"Deutschlands Dachbegr\u00fcner Nr. 1 - GDT Gr\u00fcndachtechnik GmbH","isPartOf":{"@id":"https:\/\/www.gruendach-technik.de\/gdt\/#website"},"datePublished":"2015-06-12T00:00:01+00:00","dateModified":"2024-08-22T19:07:54+00:00","description":"Unsere Leistungen umfassen die Ausf\u00fchrung von extensiven Dachfl\u00e4chen, intensiven Dachg\u00e4rten, Retentions-Dachbegr\u00fcnungen, Pflege und Wartung","breadcrumb":{"@id":"https:\/\/www.gruendach-technik.de\/gdt\/#breadcrumb"},"inLanguage":"de","potentialAction":[{"@type":"ReadAction","target":["https:\/\/www.gruendach-technik.de\/gdt\/"]}]},{"@type":"BreadcrumbList","@id":"https:\/\/www.gruendach-technik.de\/gdt\/#breadcrumb","itemListElement":[{"@type":"ListItem","position":1,"name":"Startseite","item":"https:\/\/www.gruendach-technik.de\/gdt\/"},{"@type":"ListItem","position":2,"name":"Deutschlands Dachbegr\u00fcner Nr. 1"}]},{"@type":"WebSite","@id":"https:\/\/www.gruendach-technik.de\/gdt\/#website","url":"https:\/\/www.gruendach-technik.de\/gdt\/","name":"GDT Gr\u00fcndachtechnik GmbH","description":"Dachbegr\u00fcnungen, Ihr Partner f\u00fcr gr\u00fcne D\u00e4cher","publisher":{"@id":"https:\/\/www.gruendach-technik.de\/gdt\/#organization"},"alternateName":"GDT - Ihr Partner f\u00fcr gr\u00fcne D\u00e4cher","potentialAction":[{"@type":"SearchAction","target":{"@type":"EntryPoint","urlTemplate":"https:\/\/www.gruendach-technik.de\/gdt\/?s={search_term_string}"},"query-input":"required name=search_term_string"}],"inLanguage":"de"},{"@type":"Organization","@id":"https:\/\/www.gruendach-technik.de\/gdt\/#organization","name":"GDT Gr\u00fcndachtechnik GmbH","url":"https:\/\/www.gruendach-technik.de\/gdt\/","logo":{"@type":"ImageObject","inLanguage":"de","@id":"https:\/\/www.gruendach-technik.de\/gdt\/#\/schema\/logo\/image\/","url":"https:\/\/www.gruendach-technik.de\/gdt\/wp-content\/uploads\/2024\/01\/GDT-Gruendachtechnik-Ihr-Partner-fuer-gruene-Daecher_3.jpg","contentUrl":"https:\/\/www.gruendach-technik.de\/gdt\/wp-content\/uploads\/2024\/01\/GDT-Gruendachtechnik-Ihr-Partner-fuer-gruene-Daecher_3.jpg","width":1230,"height":506,"caption":"GDT Gr\u00fcndachtechnik GmbH"},"image":{"@id":"https:\/\/www.gruendach-technik.de\/gdt\/#\/schema\/logo\/image\/"}}]}},"_links":{"self":[{"href":"https:\/\/www.gruendach-technik.de\/gdt\/wp-json\/wp\/v2\/pages\/1153","targetHints":{"allow":["GET"]}}],"collection":[{"href":"https:\/\/www.gruendach-technik.de\/gdt\/wp-json\/wp\/v2\/pages"}],"about":[{"href":"https:\/\/www.gruendach-technik.de\/gdt\/wp-json\/wp\/v2\/types\/page"}],"author":[{"embeddable":true,"href":"https:\/\/www.gruendach-technik.de\/gdt\/wp-json\/wp\/v2\/users\/1"}],"replies":[{"embeddable":true,"href":"https:\/\/www.gruendach-technik.de\/gdt\/wp-json\/wp\/v2\/comments?post=1153"}],"version-history":[{"count":4,"href":"https:\/\/www.gruendach-technik.de\/gdt\/wp-json\/wp\/v2\/pages\/1153\/revisions"}],"predecessor-version":[{"id":2966,"href":"https:\/\/www.gruendach-technik.de\/gdt\/wp-json\/wp\/v2\/pages\/1153\/revisions\/2966"}],"wp:featuredmedia":[{"embeddable":true,"href":"https:\/\/www.gruendach-technik.de\/gdt\/wp-json\/wp\/v2\/media\/2406"}],"wp:attachment":[{"href":"https:\/\/www.gruendach-technik.de\/gdt\/wp-json\/wp\/v2\/media?parent=1153"}],"curies":[{"name":"wp","href":"https:\/\/api.w.org\/{rel}","templated":true}]}}